{"id":15281,"date":"2017-06-07T09:38:27","date_gmt":"2017-06-07T07:38:27","guid":{"rendered":"http:\/\/enoguia.cat\/en\/listings\/vega-aixala\/"},"modified":"2023-09-26T10:28:00","modified_gmt":"2023-09-26T08:28:00","slug":"do-conca-de-barbera-wine-tourism-vega-aixala","status":"publish","type":"job_listing","link":"https:\/\/enoguia.cat\/en\/listings\/do-conca-de-barbera-wine-tourism-vega-aixala\/","title":{"rendered":"Vega Aixal\u00e0 winery"},"content":{"rendered":"<p>A small, family-owned winery with vineyards on slate terraces at an altitude of between 800 and 900 meters above sea level. The production process is traditional and farming is organic. You will enjoy a wine tasting session among the vines and surrounded by the Serra de Prades, Serra de Llena and Serra de Montsant mountains. This exceptional location lends Vega Aixal\u00e0 wines their extraordinary singularity. <span class=\"copyright_enoguia\">\u00a9Enoguia<\/span><\/p>\n<p><img id=\"this_one\" src=\"http:\/\/enoguia.cat\/img\/icon_bottle.png\" \/>\u00a0 27.000 ampolles\u00a0 \u00a0<img id=\"this_two\" src=\"http:\/\/enoguia.cat\/img\/icon_hect.png\" \/>\u00a0 10 hect<\/p>\n<p><iframe loading=\"lazy\" src=\"https:\/\/www.youtube.com\/embed\/tzBiM51ctSY\" width=\"560\" height=\"315\" frameborder=\"0\" allowfullscreen=\"allowfullscreen\"><\/iframe><\/p>\n<h2><strong>Visits and wine tourism at the Vega Aixal\u00e0 winery<\/strong><\/h2>\n<p><img src=\"http:\/\/enoguia.cat\/img\/icon_hora.png\" \/>\u00a0 To arrange visit<br \/>\n<img src=\"http:\/\/enoguia.cat\/img\/icon-euro.png\" \/>\u00a0\u00a012\u20ac \/ 1h 30&#8242;<br \/>\n<img src=\"http:\/\/enoguia.cat\/img\/icon_message.png\" \/>\u00a0 CA \/ ES \/ EN<br \/>\n<img src=\"http:\/\/enoguia.cat\/img\/icon_wine.png\" \/>\u00a0 \u00a03 Wines<br \/>\n<img src=\"http:\/\/enoguia.cat\/img\/icon_people.png\" \/>\u00a0 1 min &#8211; 15 max<br \/>\n<img src=\"http:\/\/enoguia.cat\/img\/icon-vinyes.png\" \/> \u00a0Visit vineyards<\/p>\n<h2><strong style=\"color: inherit; font-family: inherit; font-size: inherit;\">Wines from Vega Aixal\u00e0 winery<\/strong><\/h2>\n<p><span style=\"color: inherit; font-family: inherit; font-size: inherit;\">\u2022 Emma<br \/>\n<\/span><span style=\"color: inherit; font-family: inherit; font-size: inherit;\">\u2022 La Bauma<br \/>\n<\/span><span style=\"color: inherit; font-family: inherit; font-size: inherit;\">\u2022 Viern<br \/>\n<\/span><span style=\"color: inherit; font-family: inherit; font-size: inherit;\">\u2022 La Font dels Aubacs<br \/>\n<\/span><span style=\"color: inherit; font-family: inherit; font-size: inherit;\">\u2022 Caliu<br \/>\n<\/span><span style=\"color: inherit; font-family: inherit; font-size: inherit;\">\u2022 Syrah<br \/>\n<\/span><span style=\"color: inherit; font-family: inherit; font-size: inherit;\">\u2022 Sams\u00f3<\/span><\/p>\n<div id=\"produccio_titol\">\n<div id=\"informacio_celler\">\n<p>If you want a unique experience of wine tourism, travel to the <strong>Conca de Barber\u00e0<\/strong>\u00a0region and visit <strong>Vega Aixal\u00e0<\/strong>, a small <strong>family winery<\/strong> located in Vilanova de Prades, among <strong>high-altitude vines<\/strong> growing on <strong><em>licorella <\/em><\/strong>terraces. These conditions \u2013 the slate and the altitude of 800 to 900 meters \u2013 provide Vega Aixal\u00e0 wines with extraordinary, singular qualities.<\/p>\n<p>The winery was founded in 2003 and is the realization of a dream that goes back to the grandfather of the family, who planted the first vineyards. The family decided to recover the legacy of their forefathers and today have 10 hectares of vineyards. The sustained growth of the winery has helped them reach a production rate of 35,000 bottles per year.<\/p>\n<p>All the wines at Vega Aixal\u00e0 are <strong>produced organically<\/strong>, and no herbicides, pesticides or insecticides are used in their vineyards. This way, they maintain high biodiversity levels in all their estates and preserve their natural resources.<\/p>\n<p>The estates sit on the outskirts of<strong> Vilanova de Prades<\/strong>, among three encircling hill ranges: the Serra de la Llena, Serra de Prades and Serra del Montsant. This location creates a very special microclimate, as the hilly ranges block the thermal sea breezes that blow inwards from the coast. Along with the altitude and <em>llicorella<\/em> terrain, this continental climate and scarce rains give these wines their unique personality.<\/p>\n<p>A typical visit begins in the vineyards, protagonists of the winery. It is well worth strolling among the vines as you listen to the explanations of Eva Aixal\u00e0, owner and hostess. To be able to see the whole estate during your day of enotourism, part of the tour will be done in a 4\u00d74 all terrain vehicle. Along the route, you can take in fantastic panoramic views of the mountains and vineyards.<\/p>\n<p>The wine tasting takes place in a very special spot, the place where Eva\u2019s grandfather used to stop for breakfast before continuing his work in the field. There is a fountain here, which is the source of the name <strong><em>La Font dels Aubacs<\/em><\/strong>, given to one of their wines.<\/p>\n<p>The visit costs 12 euros, lasts an hour and a half, and includes three wines. It ends in the winery located in the village, a small and well-used space where, among other things, you will discover the peculiarities of vinification in cement tanks.<\/p>\n<p>In addition to the visit, there are other options and activities offered by the winery, such as eating in the vineyards under a wooden pergola, or what is called \u201c<strong>truffle-tourism\u201d<\/strong>. This is an option for those who visit during the black truffle season &#8211; from December to February \u2013 when <strong>Vega Aixal\u00e0<\/strong> gets together with <a href=\"http:\/\/tofonadelaconca.com\/\" target=\"_blank\" rel=\"noopener noreferrer\"><strong>T\u00f2fona de la Conca<\/strong><\/a> to offer you wine tasting on one hand and a chance to discover the secrets of the black truffle on the other. You can participate in the search for truffles accompanied by specialist dogs. This is a fun outdoor activity, and highly recommended for families with children.<\/p>\n<p>Come experience enotourism in <strong>Vega Aixal\u00e0<\/strong> and spend a wonderful day with your family surrounded by nature and in the company of good wine.<\/p>\n<p>&gt;&gt; Also Visit <a href=\"http:\/\/enoguia.cat\/en\/listings\/visit-conca-de-barbera-winery-cara-nord\/\" target=\"_blank\" rel=\"noopener noreferrer\"><strong>Cara Nord<\/strong><\/a><br \/>\n&gt;&gt; Discover <a href=\"https:\/\/enoguia.cat\/en\/visit-wineries-conca-barbera\/\" target=\"_blank\" rel=\"noopener noreferrer\"><strong>DO Conca de Barber\u00e0<\/strong><\/a><\/p>\n<\/div>\n<\/div>\n","protected":false},"featured_media":13088,"comment_status":"open","ping_status":"closed","template":"","meta":{"_company_tagline":"DO Conca de Barber\u00e0","_job_location":"de la Font, 11 43439 Vilanova de Prades","_company_website":"http:\/\/www.vegaaixala.com","_company_twitter":"","_filled":0,"_featured":0,"_joinchat":{"telephone":"+34619482121","message_text":"*Hello! I'm Oscar*\nDo you want to book a visit to {TITLE}?\nGive me a date\u2026"}},"job-categories":[413],"yoast_head":"<!-- This site is optimized with the Yoast SEO plugin v19.7.1 - https:\/\/yoast.com\/wordpress\/plugins\/seo\/ -->\n<title>DO Conca de Barber\u00e0 Wine Tourism DO Conca de Barber\u00e0 \u2022 Vega Aixal\u00e0<\/title>\n<meta name=\"description\" content=\"Make DO Conca de Barber\u00e0 wine tourism visiting the small Vega Aixal\u00e0 winery of traditional production and organic farming. Book now!\" \/>\n<meta name=\"robots\" content=\"index, follow, max-snippet:-1, max-image-preview:large, max-video-preview:-1\" \/>\n<link rel=\"canonical\" href=\"https:\/\/enoguia.cat\/en\/listings\/do-conca-de-barbera-wine-tourism-vega-aixala\/\" \/>\n<meta property=\"og:locale\" content=\"en_US\" \/>\n<meta property=\"og:type\" content=\"article\" \/>\n<meta property=\"og:title\" content=\"DO Conca de Barber\u00e0 Wine Tourism DO Conca de Barber\u00e0 \u2022 Vega Aixal\u00e0\" \/>\n<meta property=\"og:description\" content=\"Make DO Conca de Barber\u00e0 wine tourism visiting the small Vega Aixal\u00e0 winery of traditional production and organic farming. Book now!\" \/>\n<meta property=\"og:url\" content=\"https:\/\/enoguia.cat\/en\/listings\/do-conca-de-barbera-wine-tourism-vega-aixala\/\" \/>\n<meta property=\"og:site_name\" content=\"Descubre las bodegas que te rodean. Enoturismo y catas.\" \/>\n<meta property=\"article:publisher\" content=\"https:\/\/www.facebook.com\/enoguia\" \/>\n<meta property=\"article:modified_time\" content=\"2023-09-26T08:28:00+00:00\" \/>\n<meta property=\"og:image\" content=\"https:\/\/enoguia.cat\/wp-content\/uploads\/2017\/06\/Conca-de-Barbera-Vega-Aixala-Vilanova-de-Prades-0.jpg\" \/>\n\t<meta property=\"og:image:width\" content=\"960\" \/>\n\t<meta property=\"og:image:height\" content=\"400\" \/>\n\t<meta property=\"og:image:type\" content=\"image\/jpeg\" \/>\n<meta name=\"twitter:card\" content=\"summary_large_image\" \/>\n<meta name=\"twitter:label1\" content=\"Est. reading time\" \/>\n\t<meta name=\"twitter:data1\" content=\"6 minutes\" \/>\n<script type=\"application\/ld+json\" class=\"yoast-schema-graph\">{\"@context\":\"https:\/\/schema.org\",\"@graph\":[{\"@type\":\"WebPage\",\"@id\":\"https:\/\/enoguia.cat\/en\/listings\/do-conca-de-barbera-wine-tourism-vega-aixala\/\",\"url\":\"https:\/\/enoguia.cat\/en\/listings\/do-conca-de-barbera-wine-tourism-vega-aixala\/\",\"name\":\"DO Conca de Barber\u00e0 Wine Tourism DO Conca de Barber\u00e0 \u2022 Vega Aixal\u00e0\",\"isPartOf\":{\"@id\":\"https:\/\/enoguia.cat\/es\/#website\"},\"datePublished\":\"2017-06-07T07:38:27+00:00\",\"dateModified\":\"2023-09-26T08:28:00+00:00\",\"description\":\"Make DO Conca de Barber\u00e0 wine tourism visiting the small Vega Aixal\u00e0 winery of traditional production and organic farming. Book now!\",\"breadcrumb\":{\"@id\":\"https:\/\/enoguia.cat\/en\/listings\/do-conca-de-barbera-wine-tourism-vega-aixala\/#breadcrumb\"},\"inLanguage\":\"en-US\",\"potentialAction\":[{\"@type\":\"ReadAction\",\"target\":[\"https:\/\/enoguia.cat\/en\/listings\/do-conca-de-barbera-wine-tourism-vega-aixala\/\"]}]},{\"@type\":\"BreadcrumbList\",\"@id\":\"https:\/\/enoguia.cat\/en\/listings\/do-conca-de-barbera-wine-tourism-vega-aixala\/#breadcrumb\",\"itemListElement\":[{\"@type\":\"ListItem\",\"position\":1,\"name\":\"Inici\",\"item\":\"https:\/\/enoguia.cat\/en\/\"},{\"@type\":\"ListItem\",\"position\":2,\"name\":\"Bodegas\",\"item\":\"https:\/\/enoguia.cat\/es\/jobs\/\"},{\"@type\":\"ListItem\",\"position\":3,\"name\":\"Vega Aixal\u00e0 winery\"}]},{\"@type\":\"WebSite\",\"@id\":\"https:\/\/enoguia.cat\/es\/#website\",\"url\":\"https:\/\/enoguia.cat\/es\/\",\"name\":\"Descubre las bodegas que te rodean. Enoturismo y catas.\",\"description\":\"Enoturismo y visita a bodegas con cata de vinos\",\"publisher\":{\"@id\":\"https:\/\/enoguia.cat\/es\/#organization\"},\"potentialAction\":[{\"@type\":\"SearchAction\",\"target\":{\"@type\":\"EntryPoint\",\"urlTemplate\":\"https:\/\/enoguia.cat\/es\/?s={search_term_string}\"},\"query-input\":\"required name=search_term_string\"}],\"inLanguage\":\"en-US\"},{\"@type\":\"Organization\",\"@id\":\"https:\/\/enoguia.cat\/es\/#organization\",\"name\":\"Enoguia\",\"url\":\"https:\/\/enoguia.cat\/es\/\",\"sameAs\":[\"https:\/\/www.instagram.com\/enoguia_wine_tourism\/\",\"https:\/\/www.youtube.com\/channel\/UCf2tcJLd4dF_O4oxWZ_-kmg\",\"https:\/\/www.facebook.com\/enoguia\"],\"logo\":{\"@type\":\"ImageObject\",\"inLanguage\":\"en-US\",\"@id\":\"https:\/\/enoguia.cat\/es\/#\/schema\/logo\/image\/\",\"url\":\"http:\/\/enoguia.cat\/wp-content\/uploads\/2017\/05\/logo-enoguia.png\",\"contentUrl\":\"http:\/\/enoguia.cat\/wp-content\/uploads\/2017\/05\/logo-enoguia.png\",\"width\":298,\"height\":103,\"caption\":\"Enoguia\"},\"image\":{\"@id\":\"https:\/\/enoguia.cat\/es\/#\/schema\/logo\/image\/\"}}]}<\/script>\n<!-- \/ Yoast SEO plugin. -->","yoast_head_json":{"title":"DO Conca de Barber\u00e0 Wine Tourism DO Conca de Barber\u00e0 \u2022 Vega Aixal\u00e0","description":"Make DO Conca de Barber\u00e0 wine tourism visiting the small Vega Aixal\u00e0 winery of traditional production and organic farming. Book now!","robots":{"index":"index","follow":"follow","max-snippet":"max-snippet:-1","max-image-preview":"max-image-preview:large","max-video-preview":"max-video-preview:-1"},"canonical":"https:\/\/enoguia.cat\/en\/listings\/do-conca-de-barbera-wine-tourism-vega-aixala\/","og_locale":"en_US","og_type":"article","og_title":"DO Conca de Barber\u00e0 Wine Tourism DO Conca de Barber\u00e0 \u2022 Vega Aixal\u00e0","og_description":"Make DO Conca de Barber\u00e0 wine tourism visiting the small Vega Aixal\u00e0 winery of traditional production and organic farming. Book now!","og_url":"https:\/\/enoguia.cat\/en\/listings\/do-conca-de-barbera-wine-tourism-vega-aixala\/","og_site_name":"Descubre las bodegas que te rodean. Enoturismo y catas.","article_publisher":"https:\/\/www.facebook.com\/enoguia","article_modified_time":"2023-09-26T08:28:00+00:00","og_image":[{"width":960,"height":400,"url":"https:\/\/enoguia.cat\/wp-content\/uploads\/2017\/06\/Conca-de-Barbera-Vega-Aixala-Vilanova-de-Prades-0.jpg","type":"image\/jpeg"}],"twitter_card":"summary_large_image","twitter_misc":{"Est. reading time":"6 minutes"},"schema":{"@context":"https:\/\/schema.org","@graph":[{"@type":"WebPage","@id":"https:\/\/enoguia.cat\/en\/listings\/do-conca-de-barbera-wine-tourism-vega-aixala\/","url":"https:\/\/enoguia.cat\/en\/listings\/do-conca-de-barbera-wine-tourism-vega-aixala\/","name":"DO Conca de Barber\u00e0 Wine Tourism DO Conca de Barber\u00e0 \u2022 Vega Aixal\u00e0","isPartOf":{"@id":"https:\/\/enoguia.cat\/es\/#website"},"datePublished":"2017-06-07T07:38:27+00:00","dateModified":"2023-09-26T08:28:00+00:00","description":"Make DO Conca de Barber\u00e0 wine tourism visiting the small Vega Aixal\u00e0 winery of traditional production and organic farming. Book now!","breadcrumb":{"@id":"https:\/\/enoguia.cat\/en\/listings\/do-conca-de-barbera-wine-tourism-vega-aixala\/#breadcrumb"},"inLanguage":"en-US","potentialAction":[{"@type":"ReadAction","target":["https:\/\/enoguia.cat\/en\/listings\/do-conca-de-barbera-wine-tourism-vega-aixala\/"]}]},{"@type":"BreadcrumbList","@id":"https:\/\/enoguia.cat\/en\/listings\/do-conca-de-barbera-wine-tourism-vega-aixala\/#breadcrumb","itemListElement":[{"@type":"ListItem","position":1,"name":"Inici","item":"https:\/\/enoguia.cat\/en\/"},{"@type":"ListItem","position":2,"name":"Bodegas","item":"https:\/\/enoguia.cat\/es\/jobs\/"},{"@type":"ListItem","position":3,"name":"Vega Aixal\u00e0 winery"}]},{"@type":"WebSite","@id":"https:\/\/enoguia.cat\/es\/#website","url":"https:\/\/enoguia.cat\/es\/","name":"Descubre las bodegas que te rodean. Enoturismo y catas.","description":"Enoturismo y visita a bodegas con cata de vinos","publisher":{"@id":"https:\/\/enoguia.cat\/es\/#organization"},"potentialAction":[{"@type":"SearchAction","target":{"@type":"EntryPoint","urlTemplate":"https:\/\/enoguia.cat\/es\/?s={search_term_string}"},"query-input":"required name=search_term_string"}],"inLanguage":"en-US"},{"@type":"Organization","@id":"https:\/\/enoguia.cat\/es\/#organization","name":"Enoguia","url":"https:\/\/enoguia.cat\/es\/","sameAs":["https:\/\/www.instagram.com\/enoguia_wine_tourism\/","https:\/\/www.youtube.com\/channel\/UCf2tcJLd4dF_O4oxWZ_-kmg","https:\/\/www.facebook.com\/enoguia"],"logo":{"@type":"ImageObject","inLanguage":"en-US","@id":"https:\/\/enoguia.cat\/es\/#\/schema\/logo\/image\/","url":"http:\/\/enoguia.cat\/wp-content\/uploads\/2017\/05\/logo-enoguia.png","contentUrl":"http:\/\/enoguia.cat\/wp-content\/uploads\/2017\/05\/logo-enoguia.png","width":298,"height":103,"caption":"Enoguia"},"image":{"@id":"https:\/\/enoguia.cat\/es\/#\/schema\/logo\/image\/"}}]}},"_links":{"self":[{"href":"https:\/\/enoguia.cat\/en\/wp-json\/wp\/v2\/job-listings\/15281"}],"collection":[{"href":"https:\/\/enoguia.cat\/en\/wp-json\/wp\/v2\/job-listings"}],"about":[{"href":"https:\/\/enoguia.cat\/en\/wp-json\/wp\/v2\/types\/job_listing"}],"replies":[{"embeddable":true,"href":"https:\/\/enoguia.cat\/en\/wp-json\/wp\/v2\/comments?post=15281"}],"version-history":[{"count":6,"href":"https:\/\/enoguia.cat\/en\/wp-json\/wp\/v2\/job-listings\/15281\/revisions"}],"predecessor-version":[{"id":32302,"href":"https:\/\/enoguia.cat\/en\/wp-json\/wp\/v2\/job-listings\/15281\/revisions\/32302"}],"wp:featuredmedia":[{"embeddable":true,"href":"https:\/\/enoguia.cat\/en\/wp-json\/wp\/v2\/media\/13088"}],"wp:attachment":[{"href":"https:\/\/enoguia.cat\/en\/wp-json\/wp\/v2\/media?parent=15281"}],"wp:term":[{"taxonomy":"job_listing_category","embeddable":true,"href":"https:\/\/enoguia.cat\/en\/wp-json\/wp\/v2\/job-categories?post=15281"}],"curies":[{"name":"wp","href":"https:\/\/api.w.org\/{rel}","templated":true}]}}