{"id":14930,"date":"2017-06-07T09:38:27","date_gmt":"2017-06-07T07:38:27","guid":{"rendered":"http:\/\/enoguia.cat\/es\/listings\/vega-aixala\/"},"modified":"2023-09-26T10:27:02","modified_gmt":"2023-09-26T08:27:02","slug":"enoturismo-do-conca-de-barbera-vega-aixala","status":"publish","type":"job_listing","link":"https:\/\/enoguia.cat\/es\/listings\/enoturismo-do-conca-de-barbera-vega-aixala\/","title":{"rendered":"Bodega Vega Aixal\u00e0"},"content":{"rendered":"<p>Peque\u00f1a bodega familiar con vi\u00f1as entre 800 y 900 metros de altura en terrazas de <em>llicorella<\/em> (pizarra). La elaboraci\u00f3n es tradicional y la agricultura es ecol\u00f3gica. Disfrutar\u00e1s de una cata entre vi\u00f1as rodeado de la Sierra de Prades, Sierra de Llena y el Montsant. Esta localizaci\u00f3n excepcional confiere a los vinos de Vega Aixal\u00e0 una extraordinaria singularidad. <span class=\"copyright_enoguia\">\u00a9Enoguia<\/span><\/p>\n<p><img id=\"this_one\" src=\"http:\/\/enoguia.cat\/img\/icon_bottle.png\" \/>\u00a0 27.000 ampolles\u00a0 \u00a0<img id=\"this_two\" src=\"http:\/\/enoguia.cat\/img\/icon_hect.png\" \/>\u00a0 10 hect<\/p>\n<h2><strong>Visitas y enoturismo en bodega Vega Aixal\u00e0<\/strong><\/h2>\n<p><img src=\"http:\/\/enoguia.cat\/img\/icon_hora.png\" \/>\u00a0 Concertar visita<br \/>\n<img src=\"http:\/\/enoguia.cat\/img\/icon-euro.png\" \/>\u00a0\u00a012\u20ac \/ 1h 30&#8242;<br \/>\n<img src=\"http:\/\/enoguia.cat\/img\/icon_message.png\" \/>\u00a0 CA \/ ES \/ EN<br \/>\n<img src=\"http:\/\/enoguia.cat\/img\/icon_wine.png\" \/>\u00a0 \u00a03 Vinos<br \/>\n<img src=\"http:\/\/enoguia.cat\/img\/icon_people.png\" \/>\u00a0 1 min &#8211; 15 max<br \/>\n<img src=\"http:\/\/enoguia.cat\/img\/icon-vinyes.png\" \/>\u00a0\u00a0Visita vi\u00f1as<\/p>\n<div id=\"produccio_titol\">\n<div id=\"informacio_celler\">\n<h2><strong>Vinos de la bodega Vega Aixal\u00e0<\/strong><\/h2>\n<p>\u2022 Emma<br \/>\n\u2022 La Bauma<br \/>\n\u2022 Viern<br \/>\n\u2022 La Font dels Aubacs<br \/>\n\u2022 Caliu<br \/>\n\u2022 Syrah<br \/>\n\u2022 Sams\u00f3<\/p>\n<p><iframe loading=\"lazy\" src=\"https:\/\/www.youtube.com\/embed\/tzBiM51ctSY\" width=\"560\" height=\"315\" frameborder=\"0\" allowfullscreen=\"allowfullscreen\"><\/iframe><\/p>\n<p>Si quieres realizar un enoturismo \u00fanico y singular, viaja a la <strong>Conca de Barber\u00e0<\/strong> y visita la <strong>peque\u00f1a bodega familiar Vega Aixal\u00e0<\/strong>, una bodega de <strong>vi\u00f1as de altura<\/strong> y <strong><em>llicorella<\/em><\/strong>. La bodega, localizada en Vilanova de Prades, produce vinos de una extraordinaria singularidad proporcionada por unos terrenos de <em>llicorella<\/em> y por la altura de entre 800 y 900 metros de las vi\u00f1as plantadas.<\/p>\n<p>La bodega se fund\u00f3 en el a\u00f1o 2003 y forma parte de la recuperaci\u00f3n de un sue\u00f1o que empez\u00f3 el abuelo de la familia, plantando a\u00f1os atr\u00e1s las primeras vi\u00f1as. La familia quiso recuperar el legado de sus antepasados y hoy en d\u00eda cuentan con 10 hectareas de vi\u00f1a plantada y el crecimiento sostenido de la bodega les ha hecho llegar hasta las 35.000 botellas comercializadas.<\/p>\n<p>Todos los vinos de Vega Aixal\u00e0 son de <strong>producci\u00f3n ecol\u00f2gica<\/strong>, no se utilizan ni herbicidas, ni pesticidas, ni insecticidas. De esta forma consiguen mantener un elevado grado de biodiversidad en todas sus fincas y se preservan los recursos naturales.<\/p>\n<p>Las fincas est\u00e1n rodeadas de tres sierras: la Sierra de la Llena, la Sierra de Prades y la Sierra del Montsant en las afueras del pueblo de Vilanova de Prades. Esta localizaci\u00f3n hace que tengan un microclima muy especial, puesto que las sierras monta\u00f1osas hacen de barrera para las marinadas que suben de costa. Esta combinaci\u00f3n de altitud, los terrenos de llicorella y un clima continental con pocas lluvias hace que los vinos de las bodega tengan mucha personalidad.<\/p>\n<p>En cuanto a la visita, se empieza en las vi\u00f1as, que son las protagonistas en todo momento. Vale la pena disfrutar paseando y escuchando las explicaciones de nuestra anfitriona, Eva Aixal\u00e0. Para poder ver toda la finca durante nuestro d\u00eda de enoturismo, parte del recorrido lo realizaremos en 4&#215;4. De esta forma podremos disfrutar de unas vistas panor\u00e1micas fant\u00e1sticas de las sierras y de los vi\u00f1edos.<\/p>\n<p>La cata se puede realizar en un rinc\u00f3n muy especial, un lugar donde el abuelo de la familia paraba para desayunar antes de seguir con las labores del campo. Es un lugar con una fuente, de la cual surgi\u00f3 el nombre del vino <strong><em>La Font dels Aubacs<\/em><\/strong>.<\/p>\n<p>La visita tiene una duraci\u00f3n de una hora y media, se catan tres vinos y cuesta 12 euros. Acabaremos visitando la bodega que tienen en el pueblo, una bodega peque\u00f1a y muy bien aprovechada, donde entre otras cosas podremos descubrir la vinificaci\u00f3n en dep\u00f3sitos de cemento y sus particularidades.<\/p>\n<p>A parte de la visita, existen otras opciones para hacer enoturismo que nos ofrece la bodega, como por ejemplo comer en los vi\u00f1edos bajo una p\u00e9rgola de madera, o tambi\u00e9n realizar <strong>trufi-turismo<\/strong>. Esta \u00faltima actividad consiste en que cuando es la \u00e9poca de la trufa negra -de diciembre a febrero-, la bodega <strong>Vega Aixal\u00e0<\/strong> juntamente con la empresa <a href=\"http:\/\/tofonadelaconca.com\/\" target=\"_blank\" rel=\"noopener noreferrer\"><strong>T\u00f2fona de la Conca<\/strong><\/a> nos ofrecen descubrir por una parte los vinos de la bodega y por otra parte los secretos mejor guardados de la trufa. Podemos aprender a buscar trufas acompa\u00f1ados de perros especialistas. Es una actividad muy recomendable para hacer con ni\u00f1os y en familia.<\/p>\n<p>Ven a vivir una experiencia de enoturismo en la bodega <strong>Vega Aixal\u00e0<\/strong> y pasa un d\u00eda maravilloso en familia entre naturaleza y buenos vinos.<\/p>\n<p>&gt;&gt; Visita tambi\u00e9n <a href=\"http:\/\/enoguia.cat\/es\/listings\/visita-bodega-conca-de-barbera-cara-nord\/\" target=\"_blank\" rel=\"noopener noreferrer\"><strong>Cara Nord<\/strong><\/a><br \/>\n&gt;&gt; Conoce la <a href=\"https:\/\/enoguia.cat\/es\/visitar-bodegas-conca-barbera\/\" target=\"_blank\" rel=\"noopener noreferrer\"><strong>DO Conca de Barber\u00e0<\/strong><\/a><\/p>\n<p>&nbsp;<\/p>\n<\/div>\n<\/div>\n","protected":false},"featured_media":13088,"comment_status":"open","ping_status":"closed","template":"","meta":{"_company_tagline":"DO Conca de Barber\u00e0","_job_location":"de la Font, 11 43439 Vilanova de Prades","_company_website":"http:\/\/www.vegaaixala.com","_company_twitter":"","_filled":0,"_featured":0,"_joinchat":{"telephone":"+34619482121","message_text":"*\u00a1Hola! soy \u00d3scar...*\n\u00bfQuieres reservar en {TITLE}?\nDime para que d\u00eda."}},"job-categories":[273],"yoast_head":"<!-- This site is optimized with the Yoast SEO plugin v19.7.1 - https:\/\/yoast.com\/wordpress\/plugins\/seo\/ -->\n<title>Enoturismo DO Conca de Barber\u00e0 DO Conca de Barber\u00e0 \u2022 Vega Aixal\u00e0<\/title>\n<meta name=\"description\" content=\"Realiza enoturismo DO Conca de Barber\u00e0 visitando la peque\u00f1a bodega Vega Aixal\u00e0 de elaboraci\u00f3n tradicional y agricultura ecol\u00f3gica. \u00a1Reserva ahora!\" \/>\n<meta name=\"robots\" content=\"index, follow, max-snippet:-1, max-image-preview:large, max-video-preview:-1\" \/>\n<link rel=\"canonical\" href=\"https:\/\/enoguia.cat\/es\/listings\/enoturismo-do-conca-de-barbera-vega-aixala\/\" \/>\n<meta property=\"og:locale\" content=\"es_ES\" \/>\n<meta property=\"og:type\" content=\"article\" \/>\n<meta property=\"og:title\" content=\"Enoturismo DO Conca de Barber\u00e0 DO Conca de Barber\u00e0 \u2022 Vega Aixal\u00e0\" \/>\n<meta property=\"og:description\" content=\"Realiza enoturismo DO Conca de Barber\u00e0 visitando la peque\u00f1a bodega Vega Aixal\u00e0 de elaboraci\u00f3n tradicional y agricultura ecol\u00f3gica. \u00a1Reserva ahora!\" \/>\n<meta property=\"og:url\" content=\"https:\/\/enoguia.cat\/es\/listings\/enoturismo-do-conca-de-barbera-vega-aixala\/\" \/>\n<meta property=\"og:site_name\" content=\"Descubre las bodegas que te rodean. Enoturismo y catas.\" \/>\n<meta property=\"article:publisher\" content=\"https:\/\/www.facebook.com\/enoguia\" \/>\n<meta property=\"article:modified_time\" content=\"2023-09-26T08:27:02+00:00\" \/>\n<meta property=\"og:image\" content=\"https:\/\/enoguia.cat\/wp-content\/uploads\/2017\/06\/Conca-de-Barbera-Vega-Aixala-Vilanova-de-Prades-0.jpg\" \/>\n\t<meta property=\"og:image:width\" content=\"960\" \/>\n\t<meta property=\"og:image:height\" content=\"400\" \/>\n\t<meta property=\"og:image:type\" content=\"image\/jpeg\" \/>\n<meta name=\"twitter:card\" content=\"summary_large_image\" \/>\n<meta name=\"twitter:label1\" content=\"Tiempo de lectura\" \/>\n\t<meta name=\"twitter:data1\" content=\"6 minutos\" \/>\n<script type=\"application\/ld+json\" class=\"yoast-schema-graph\">{\"@context\":\"https:\/\/schema.org\",\"@graph\":[{\"@type\":\"WebPage\",\"@id\":\"https:\/\/enoguia.cat\/es\/listings\/enoturismo-do-conca-de-barbera-vega-aixala\/\",\"url\":\"https:\/\/enoguia.cat\/es\/listings\/enoturismo-do-conca-de-barbera-vega-aixala\/\",\"name\":\"Enoturismo DO Conca de Barber\u00e0 DO Conca de Barber\u00e0 \u2022 Vega Aixal\u00e0\",\"isPartOf\":{\"@id\":\"https:\/\/enoguia.cat\/es\/#website\"},\"datePublished\":\"2017-06-07T07:38:27+00:00\",\"dateModified\":\"2023-09-26T08:27:02+00:00\",\"description\":\"Realiza enoturismo DO Conca de Barber\u00e0 visitando la peque\u00f1a bodega Vega Aixal\u00e0 de elaboraci\u00f3n tradicional y agricultura ecol\u00f3gica. \u00a1Reserva ahora!\",\"breadcrumb\":{\"@id\":\"https:\/\/enoguia.cat\/es\/listings\/enoturismo-do-conca-de-barbera-vega-aixala\/#breadcrumb\"},\"inLanguage\":\"es\",\"potentialAction\":[{\"@type\":\"ReadAction\",\"target\":[\"https:\/\/enoguia.cat\/es\/listings\/enoturismo-do-conca-de-barbera-vega-aixala\/\"]}]},{\"@type\":\"BreadcrumbList\",\"@id\":\"https:\/\/enoguia.cat\/es\/listings\/enoturismo-do-conca-de-barbera-vega-aixala\/#breadcrumb\",\"itemListElement\":[{\"@type\":\"ListItem\",\"position\":1,\"name\":\"Inici\",\"item\":\"https:\/\/enoguia.cat\/es\/donde-conseguir-la-guia-en-papel\/descubre-las-bodegas-que-te-rodean\/\"},{\"@type\":\"ListItem\",\"position\":2,\"name\":\"Bodegas\",\"item\":\"https:\/\/enoguia.cat\/es\/jobs\/\"},{\"@type\":\"ListItem\",\"position\":3,\"name\":\"Bodega Vega Aixal\u00e0\"}]},{\"@type\":\"WebSite\",\"@id\":\"https:\/\/enoguia.cat\/es\/#website\",\"url\":\"https:\/\/enoguia.cat\/es\/\",\"name\":\"Descubre las bodegas que te rodean. Enoturismo y catas.\",\"description\":\"Enoturismo y visita a bodegas con cata de vinos\",\"publisher\":{\"@id\":\"https:\/\/enoguia.cat\/es\/#organization\"},\"potentialAction\":[{\"@type\":\"SearchAction\",\"target\":{\"@type\":\"EntryPoint\",\"urlTemplate\":\"https:\/\/enoguia.cat\/es\/?s={search_term_string}\"},\"query-input\":\"required name=search_term_string\"}],\"inLanguage\":\"es\"},{\"@type\":\"Organization\",\"@id\":\"https:\/\/enoguia.cat\/es\/#organization\",\"name\":\"Enoguia\",\"url\":\"https:\/\/enoguia.cat\/es\/\",\"sameAs\":[\"https:\/\/www.instagram.com\/enoguia_wine_tourism\/\",\"https:\/\/www.youtube.com\/channel\/UCf2tcJLd4dF_O4oxWZ_-kmg\",\"https:\/\/www.facebook.com\/enoguia\"],\"logo\":{\"@type\":\"ImageObject\",\"inLanguage\":\"es\",\"@id\":\"https:\/\/enoguia.cat\/es\/#\/schema\/logo\/image\/\",\"url\":\"http:\/\/enoguia.cat\/wp-content\/uploads\/2017\/05\/logo-enoguia.png\",\"contentUrl\":\"http:\/\/enoguia.cat\/wp-content\/uploads\/2017\/05\/logo-enoguia.png\",\"width\":298,\"height\":103,\"caption\":\"Enoguia\"},\"image\":{\"@id\":\"https:\/\/enoguia.cat\/es\/#\/schema\/logo\/image\/\"}}]}<\/script>\n<!-- \/ Yoast SEO plugin. -->","yoast_head_json":{"title":"Enoturismo DO Conca de Barber\u00e0 DO Conca de Barber\u00e0 \u2022 Vega Aixal\u00e0","description":"Realiza enoturismo DO Conca de Barber\u00e0 visitando la peque\u00f1a bodega Vega Aixal\u00e0 de elaboraci\u00f3n tradicional y agricultura ecol\u00f3gica. \u00a1Reserva ahora!","robots":{"index":"index","follow":"follow","max-snippet":"max-snippet:-1","max-image-preview":"max-image-preview:large","max-video-preview":"max-video-preview:-1"},"canonical":"https:\/\/enoguia.cat\/es\/listings\/enoturismo-do-conca-de-barbera-vega-aixala\/","og_locale":"es_ES","og_type":"article","og_title":"Enoturismo DO Conca de Barber\u00e0 DO Conca de Barber\u00e0 \u2022 Vega Aixal\u00e0","og_description":"Realiza enoturismo DO Conca de Barber\u00e0 visitando la peque\u00f1a bodega Vega Aixal\u00e0 de elaboraci\u00f3n tradicional y agricultura ecol\u00f3gica. \u00a1Reserva ahora!","og_url":"https:\/\/enoguia.cat\/es\/listings\/enoturismo-do-conca-de-barbera-vega-aixala\/","og_site_name":"Descubre las bodegas que te rodean. Enoturismo y catas.","article_publisher":"https:\/\/www.facebook.com\/enoguia","article_modified_time":"2023-09-26T08:27:02+00:00","og_image":[{"width":960,"height":400,"url":"https:\/\/enoguia.cat\/wp-content\/uploads\/2017\/06\/Conca-de-Barbera-Vega-Aixala-Vilanova-de-Prades-0.jpg","type":"image\/jpeg"}],"twitter_card":"summary_large_image","twitter_misc":{"Tiempo de lectura":"6 minutos"},"schema":{"@context":"https:\/\/schema.org","@graph":[{"@type":"WebPage","@id":"https:\/\/enoguia.cat\/es\/listings\/enoturismo-do-conca-de-barbera-vega-aixala\/","url":"https:\/\/enoguia.cat\/es\/listings\/enoturismo-do-conca-de-barbera-vega-aixala\/","name":"Enoturismo DO Conca de Barber\u00e0 DO Conca de Barber\u00e0 \u2022 Vega Aixal\u00e0","isPartOf":{"@id":"https:\/\/enoguia.cat\/es\/#website"},"datePublished":"2017-06-07T07:38:27+00:00","dateModified":"2023-09-26T08:27:02+00:00","description":"Realiza enoturismo DO Conca de Barber\u00e0 visitando la peque\u00f1a bodega Vega Aixal\u00e0 de elaboraci\u00f3n tradicional y agricultura ecol\u00f3gica. \u00a1Reserva ahora!","breadcrumb":{"@id":"https:\/\/enoguia.cat\/es\/listings\/enoturismo-do-conca-de-barbera-vega-aixala\/#breadcrumb"},"inLanguage":"es","potentialAction":[{"@type":"ReadAction","target":["https:\/\/enoguia.cat\/es\/listings\/enoturismo-do-conca-de-barbera-vega-aixala\/"]}]},{"@type":"BreadcrumbList","@id":"https:\/\/enoguia.cat\/es\/listings\/enoturismo-do-conca-de-barbera-vega-aixala\/#breadcrumb","itemListElement":[{"@type":"ListItem","position":1,"name":"Inici","item":"https:\/\/enoguia.cat\/es\/donde-conseguir-la-guia-en-papel\/descubre-las-bodegas-que-te-rodean\/"},{"@type":"ListItem","position":2,"name":"Bodegas","item":"https:\/\/enoguia.cat\/es\/jobs\/"},{"@type":"ListItem","position":3,"name":"Bodega Vega Aixal\u00e0"}]},{"@type":"WebSite","@id":"https:\/\/enoguia.cat\/es\/#website","url":"https:\/\/enoguia.cat\/es\/","name":"Descubre las bodegas que te rodean. Enoturismo y catas.","description":"Enoturismo y visita a bodegas con cata de vinos","publisher":{"@id":"https:\/\/enoguia.cat\/es\/#organization"},"potentialAction":[{"@type":"SearchAction","target":{"@type":"EntryPoint","urlTemplate":"https:\/\/enoguia.cat\/es\/?s={search_term_string}"},"query-input":"required name=search_term_string"}],"inLanguage":"es"},{"@type":"Organization","@id":"https:\/\/enoguia.cat\/es\/#organization","name":"Enoguia","url":"https:\/\/enoguia.cat\/es\/","sameAs":["https:\/\/www.instagram.com\/enoguia_wine_tourism\/","https:\/\/www.youtube.com\/channel\/UCf2tcJLd4dF_O4oxWZ_-kmg","https:\/\/www.facebook.com\/enoguia"],"logo":{"@type":"ImageObject","inLanguage":"es","@id":"https:\/\/enoguia.cat\/es\/#\/schema\/logo\/image\/","url":"http:\/\/enoguia.cat\/wp-content\/uploads\/2017\/05\/logo-enoguia.png","contentUrl":"http:\/\/enoguia.cat\/wp-content\/uploads\/2017\/05\/logo-enoguia.png","width":298,"height":103,"caption":"Enoguia"},"image":{"@id":"https:\/\/enoguia.cat\/es\/#\/schema\/logo\/image\/"}}]}},"_links":{"self":[{"href":"https:\/\/enoguia.cat\/es\/wp-json\/wp\/v2\/job-listings\/14930"}],"collection":[{"href":"https:\/\/enoguia.cat\/es\/wp-json\/wp\/v2\/job-listings"}],"about":[{"href":"https:\/\/enoguia.cat\/es\/wp-json\/wp\/v2\/types\/job_listing"}],"replies":[{"embeddable":true,"href":"https:\/\/enoguia.cat\/es\/wp-json\/wp\/v2\/comments?post=14930"}],"version-history":[{"count":7,"href":"https:\/\/enoguia.cat\/es\/wp-json\/wp\/v2\/job-listings\/14930\/revisions"}],"predecessor-version":[{"id":32301,"href":"https:\/\/enoguia.cat\/es\/wp-json\/wp\/v2\/job-listings\/14930\/revisions\/32301"}],"wp:featuredmedia":[{"embeddable":true,"href":"https:\/\/enoguia.cat\/es\/wp-json\/wp\/v2\/media\/13088"}],"wp:attachment":[{"href":"https:\/\/enoguia.cat\/es\/wp-json\/wp\/v2\/media?parent=14930"}],"wp:term":[{"taxonomy":"job_listing_category","embeddable":true,"href":"https:\/\/enoguia.cat\/es\/wp-json\/wp\/v2\/job-categories?post=14930"}],"curies":[{"name":"wp","href":"https:\/\/api.w.org\/{rel}","templated":true}]}}