{"id":15037,"date":"2017-06-08T09:22:46","date_gmt":"2017-06-08T07:22:46","guid":{"rendered":"http:\/\/enoguia.cat\/es\/listings\/marco-abella\/"},"modified":"2024-03-17T22:54:31","modified_gmt":"2024-03-17T20:54:31","slug":"marco-abella-enoturismo-priorat","status":"publish","type":"job_listing","link":"https:\/\/enoguia.cat\/es\/listings\/marco-abella-enoturismo-priorat\/","title":{"rendered":"Bodega Marco Abella"},"content":{"rendered":"<p>La familia Marco se dedica a la viticultura desde el siglo XV. En 2005 construye una bodega moderna en medio de los vi\u00f1edos y muy cerca de Porrera. La bodega practica un cultivo respetuoso con el entorno. El edificio, semis\u00f3tano, aprovecha al m\u00e1ximo los recursos naturales. Dispone de sala de catas especialmente habilitada.<\/p>\n<p><img id=\"this_one\" src=\"http:\/\/enoguia.cat\/img\/icon_bottle.png\" \/> \u00a095.000\u00a0 \u00a0<img id=\"this_two\" src=\"http:\/\/enoguia.cat\/img\/icon_hect.png\" \/> \u00a040 ha<\/p>\n<h2><strong>Visitas y enoturismo en bodega Marco Abella<\/strong><\/h2>\n<p><img src=\"http:\/\/enoguia.cat\/img\/icon_hora.png\" \/><br \/>\n<span style=\"color: inherit; font-family: inherit; font-size: inherit;\">\u2022 <\/span>Concertar Visita<br \/>\n<span style=\"color: inherit; font-family: inherit; font-size: inherit;\">\u2022 <\/span><span style=\"color: inherit; font-family: inherit; font-size: inherit;\">V<\/span><span style=\"color: inherit; font-family: inherit; font-size: inherit;\">isita bodega + cata vinos (incluye gama alta): <strong>25\u20ac<\/strong><br \/>\n\u2022 <\/span><span style=\"color: inherit; font-family: inherit; font-size: inherit;\">Visita Premium: visita vi\u00f1a + visita bodega + cata vinos (incluye gama alta): <\/span><strong><span style=\"color: inherit; font-family: inherit; font-size: inherit;\">36\u20ac<\/span><\/strong><\/p>\n<p><img src=\"http:\/\/enoguia.cat\/img\/icon_message.png\" \/>\u00a0 CA \/ ES \/ EN \/ FR<br \/>\n<img src=\"http:\/\/enoguia.cat\/img\/icon_wine.png\" \/>\u00a0 \u00a04 Vinos<br \/>\n<img src=\"http:\/\/enoguia.cat\/img\/icon_people.png\" \/>\u00a0\u00a02 min &#8211; 30 max<br \/>\n<img src=\"http:\/\/enoguia.cat\/img\/icon-vinyes.png\" \/> \u00a0Visita vi\u00f1as<\/p>\n<h2><b style=\"color: inherit; font-family: inherit; font-size: inherit;\">Vinos de la bodega Marco Abella<br \/>\n<\/b><\/h2>\n<p><span style=\"color: inherit; font-family: inherit; font-size: inherit;\">\u2022 Clos Abella<br \/>\n<\/span><span style=\"color: inherit; font-family: inherit; font-size: inherit;\">\u2022 Mas Mallola<br \/>\n<\/span><span style=\"color: inherit; font-family: inherit; font-size: inherit;\">\u2022 Loidana<br \/>\n<\/span><span style=\"color: inherit; font-family: inherit; font-size: inherit;\">\u2022 \u00d2lbia<br \/>\n<\/span><span style=\"color: inherit; font-family: inherit; font-size: inherit;\">\u2022 Roca Roja<br \/>\n<\/span><span style=\"color: inherit; font-family: inherit; font-size: inherit;\">\u2022 Roca Grisa<br \/>\n<\/span><span style=\"color: inherit; font-family: inherit; font-size: inherit;\">\u2022 El Perer<\/span><\/p>\n<div id=\"produccio_titol\">\n<div id=\"informacio_celler\">\n<p>La bodega\u00a0<strong>Marco Abella<\/strong>, situada en el pueblo de <strong>Porrera<\/strong>, en la\u00a0<strong>DOC Priorat<\/strong>, es considerada una de las bodegas de referencia de la comarca. La ubicaci\u00f3n privilegiada de la bodega, la altura, el suelo y el clima mediterr\u00e1neo determinan la esencia de sus vinos, que se caracterizan por ser vinos frescos, elegantes y sofisticados, vinos que tienen en com\u00fan la facilidad de beberlos y disfrutarlos.<\/p>\n<p>En el siglo XV existe constancia de que la familia de viticultores Marco estaba afincada en la villa de Porrera. La localidad recibi\u00f3 el influjo directo de los monjes cartujos y la familia supo sacar todo el provecho de las variedades que tan bien se han adaptado a la zona del Priorat: cari\u00f1ena y garnacha.<\/p>\n<p>La bodega\u00a0<strong>Marco Abella<\/strong>\u00a0que conocemos hoy en d\u00eda se fund\u00f3 en el a\u00f1o 2005, incorporando la m\u00e1s avanzada tecnolog\u00eda pero sin dejar de producir vinos que expresan la autenticidad del territorio, la historia y la esencia del pueblo de Porrera.<\/p>\n<p>El edificio es una bodega totalmente<strong> integrada en el entorno<\/strong>, que apuesta por una agricultura que respeta el medio ambiente, y permite un cultivo tradicional y respetuoso de la vi\u00f1a. De esta forma se busca producir vinos de gran calidad que respeten el entorno. Los trabajos se realizan siguiendo las fases lunares. La <strong>agricultura ecol\u00f3gica<\/strong> -tambi\u00e9n conocida como org\u00e1nica o biol\u00f3gica- no permite la utilizaci\u00f3n de herbicidas ni insecticidas. La fertilidad de la tierra se logra siempre a trav\u00e9s de m\u00e9todos naturales, de base mineral, org\u00e1nica o vegetal.<\/p>\n<p>La bodega consta de tres niveles y <strong>vinifica por gravedad<\/strong>. Dos de los tres niveles se encuentran bajo tierra. La sala de crianza est\u00e1 a 7 metros bajo el nivel del suelo. As\u00ed, la temperatura y la humedad son las adecuadas para el correcto envejecimiento de los vinos. El edificio es de concepci\u00f3n y arquitectura moderna, de l\u00edneas claras, y se encuentra perfectamente integrado en el paisaje que le rodea. Despu\u00e9s de la visita, la cata se realiza en una fant\u00e1stica sala especialmente habilitada y con excelentes vistas a las colinas ondulantes de los alrededores. Practicar enoturismo es f\u00e1cil en unas instalaciones amplias y di\u00e1fanas.<\/p>\n<p>La altura, suelo y orientaci\u00f3n de las fincas de <strong>Marco Abella<\/strong> proporcionan a cada vino una identidad propia. El suelo aporta una alta mineralizaci\u00f3n, \u00fanica en el mundo y que tan s\u00f3lo tienen los vinos de la zona del Priorat. Se trata de un suelo \u00e1rido y seco, con abundancia de licorella. El vi\u00f1edo se cultiva en terrazas que se encuentran a una altura de entre 200 y 700 metros.<\/p>\n<p><strong>Marco Abella<\/strong> cuenta con 40 hect\u00e1reas de vi\u00f1edo plantado, repartidas en siete fincas diferentes: El Perer, que contiene cari\u00f1ena, garnacha y cabernet sauvignon, a una altitud de entre 450 y 550 metros; La Mallola, con garnacha y cari\u00f1ena plantada, a unos 530 y 680 metros de altitud; La Mina, con cari\u00f1ena y cabernet sauvignon, entre 450 y 500 metros de altitud; Mas\u00edas de Ferran, que tiene m\u00e1s tipos de variedades plantadas: cari\u00f1ena, garnacha, garnacha blanca, macabeo, viognier y pedro xim\u00e9nez, a unos 500 y 650 metros de altitud; las Solanas \u201cEl Coster\u201d de cari\u00f1ena, a una altitud de entre 500 y 650 metros; La Creu, con cari\u00f1ena, garnacha, merlot y cabernet sauvignon, a unos 450 y 550 metros de altitud; y finalmente Terracuques, que tambi\u00e9n tiene plantadas las variedades locales, garnacha y cari\u00f1ena.<\/p>\n<p>Visita\u00a0<strong>Marco Abella<\/strong>, una bodega familiar que nace de la pasi\u00f3n y de la entrega de querer volver a las ra\u00edces, de querer reencontrarse con el pasado mirando hacia el futuro.<\/p>\n<\/div>\n<div id=\"informacio_celler\">\n<p>&gt;&gt; Visita tambi\u00e9n <strong><a href=\"http:\/\/enoguia.cat\/es\/listings\/turismo-del-vino-priorat-celler-joan-simo\/\" target=\"_blank\" rel=\"noopener noreferrer\">Celler Joan Sim\u00f3<\/a><\/strong><br \/>\n&gt;&gt; Conoce la <a href=\"https:\/\/www.doqpriorat.org\/es\" target=\"_blank\" rel=\"noopener noreferrer\"><strong>DOC Priorat<\/strong><\/a><\/p>\n<\/div>\n<\/div>\n","protected":false},"featured_media":35915,"comment_status":"open","ping_status":"closed","template":"","meta":{"_company_tagline":"DO Priorat","_job_location":"Ctra Porrera a Cornudella, km 0,7 43739 Porrera","_company_website":"http:\/\/www.marcoabella.com","_company_twitter":"","_filled":0,"_featured":0,"_joinchat":{"telephone":"+34619482121","message_text":"*\u00a1Hola! soy \u00d3scar...*\n\u00bfQuieres reservar en {TITLE}?\nDime para que d\u00eda."}},"job-categories":[300],"yoast_head":"<!-- This site is optimized with the Yoast SEO plugin v19.7.1 - https:\/\/yoast.com\/wordpress\/plugins\/seo\/ -->\n<title>Vinos de altura \u2022 DOC priorat \u2022 Marco Abella Porrera<\/title>\n<meta name=\"description\" content=\"Vinos de altura en Porrera, en el Priorat. Bodega familiar que realiza un cultivo respetuoso con el medio ambiente. Enoturismo de altura.\" \/>\n<meta name=\"robots\" content=\"index, follow, max-snippet:-1, max-image-preview:large, max-video-preview:-1\" \/>\n<link rel=\"canonical\" href=\"https:\/\/enoguia.cat\/es\/listings\/marco-abella-enoturismo-priorat\/\" \/>\n<meta property=\"og:locale\" content=\"es_ES\" \/>\n<meta property=\"og:type\" content=\"article\" \/>\n<meta property=\"og:title\" content=\"Vinos de altura \u2022 DOC priorat \u2022 Marco Abella Porrera\" \/>\n<meta property=\"og:description\" content=\"Vinos de altura en Porrera, en el Priorat. Bodega familiar que realiza un cultivo respetuoso con el medio ambiente. Enoturismo de altura.\" \/>\n<meta property=\"og:url\" content=\"https:\/\/enoguia.cat\/es\/listings\/marco-abella-enoturismo-priorat\/\" \/>\n<meta property=\"og:site_name\" content=\"Descubre las bodegas que te rodean. Enoturismo y catas.\" \/>\n<meta property=\"article:publisher\" content=\"https:\/\/www.facebook.com\/enoguia\" \/>\n<meta property=\"article:modified_time\" content=\"2024-03-17T20:54:31+00:00\" \/>\n<meta property=\"og:image\" content=\"https:\/\/enoguia.cat\/wp-content\/uploads\/2024\/03\/DO-Priorat-bodega-Marco-Abella-Porrera-30-1.jpg\" \/>\n\t<meta property=\"og:image:width\" content=\"1000\" \/>\n\t<meta property=\"og:image:height\" content=\"667\" \/>\n\t<meta property=\"og:image:type\" content=\"image\/jpeg\" \/>\n<meta name=\"twitter:card\" content=\"summary_large_image\" \/>\n<meta name=\"twitter:label1\" content=\"Tiempo de lectura\" \/>\n\t<meta name=\"twitter:data1\" content=\"6 minutos\" \/>\n<script type=\"application\/ld+json\" class=\"yoast-schema-graph\">{\"@context\":\"https:\/\/schema.org\",\"@graph\":[{\"@type\":\"WebPage\",\"@id\":\"https:\/\/enoguia.cat\/es\/listings\/marco-abella-enoturismo-priorat\/\",\"url\":\"https:\/\/enoguia.cat\/es\/listings\/marco-abella-enoturismo-priorat\/\",\"name\":\"Vinos de altura \u2022 DOC priorat \u2022 Marco Abella Porrera\",\"isPartOf\":{\"@id\":\"https:\/\/enoguia.cat\/es\/#website\"},\"datePublished\":\"2017-06-08T07:22:46+00:00\",\"dateModified\":\"2024-03-17T20:54:31+00:00\",\"description\":\"Vinos de altura en Porrera, en el Priorat. Bodega familiar que realiza un cultivo respetuoso con el medio ambiente. Enoturismo de altura.\",\"breadcrumb\":{\"@id\":\"https:\/\/enoguia.cat\/es\/listings\/marco-abella-enoturismo-priorat\/#breadcrumb\"},\"inLanguage\":\"es\",\"potentialAction\":[{\"@type\":\"ReadAction\",\"target\":[\"https:\/\/enoguia.cat\/es\/listings\/marco-abella-enoturismo-priorat\/\"]}]},{\"@type\":\"BreadcrumbList\",\"@id\":\"https:\/\/enoguia.cat\/es\/listings\/marco-abella-enoturismo-priorat\/#breadcrumb\",\"itemListElement\":[{\"@type\":\"ListItem\",\"position\":1,\"name\":\"Inici\",\"item\":\"https:\/\/enoguia.cat\/es\/donde-conseguir-la-guia-en-papel\/descubre-las-bodegas-que-te-rodean\/\"},{\"@type\":\"ListItem\",\"position\":2,\"name\":\"Bodegas\",\"item\":\"https:\/\/enoguia.cat\/es\/jobs\/\"},{\"@type\":\"ListItem\",\"position\":3,\"name\":\"Bodega Marco Abella\"}]},{\"@type\":\"WebSite\",\"@id\":\"https:\/\/enoguia.cat\/es\/#website\",\"url\":\"https:\/\/enoguia.cat\/es\/\",\"name\":\"Descubre las bodegas que te rodean. Enoturismo y catas.\",\"description\":\"Enoturismo y visita a bodegas con cata de vinos\",\"publisher\":{\"@id\":\"https:\/\/enoguia.cat\/es\/#organization\"},\"potentialAction\":[{\"@type\":\"SearchAction\",\"target\":{\"@type\":\"EntryPoint\",\"urlTemplate\":\"https:\/\/enoguia.cat\/es\/?s={search_term_string}\"},\"query-input\":\"required name=search_term_string\"}],\"inLanguage\":\"es\"},{\"@type\":\"Organization\",\"@id\":\"https:\/\/enoguia.cat\/es\/#organization\",\"name\":\"Enoguia\",\"url\":\"https:\/\/enoguia.cat\/es\/\",\"sameAs\":[\"https:\/\/www.instagram.com\/enoguia_wine_tourism\/\",\"https:\/\/www.youtube.com\/channel\/UCf2tcJLd4dF_O4oxWZ_-kmg\",\"https:\/\/www.facebook.com\/enoguia\"],\"logo\":{\"@type\":\"ImageObject\",\"inLanguage\":\"es\",\"@id\":\"https:\/\/enoguia.cat\/es\/#\/schema\/logo\/image\/\",\"url\":\"http:\/\/enoguia.cat\/wp-content\/uploads\/2017\/05\/logo-enoguia.png\",\"contentUrl\":\"http:\/\/enoguia.cat\/wp-content\/uploads\/2017\/05\/logo-enoguia.png\",\"width\":298,\"height\":103,\"caption\":\"Enoguia\"},\"image\":{\"@id\":\"https:\/\/enoguia.cat\/es\/#\/schema\/logo\/image\/\"}}]}<\/script>\n<!-- \/ Yoast SEO plugin. -->","yoast_head_json":{"title":"Vinos de altura \u2022 DOC priorat \u2022 Marco Abella Porrera","description":"Vinos de altura en Porrera, en el Priorat. Bodega familiar que realiza un cultivo respetuoso con el medio ambiente. Enoturismo de altura.","robots":{"index":"index","follow":"follow","max-snippet":"max-snippet:-1","max-image-preview":"max-image-preview:large","max-video-preview":"max-video-preview:-1"},"canonical":"https:\/\/enoguia.cat\/es\/listings\/marco-abella-enoturismo-priorat\/","og_locale":"es_ES","og_type":"article","og_title":"Vinos de altura \u2022 DOC priorat \u2022 Marco Abella Porrera","og_description":"Vinos de altura en Porrera, en el Priorat. Bodega familiar que realiza un cultivo respetuoso con el medio ambiente. Enoturismo de altura.","og_url":"https:\/\/enoguia.cat\/es\/listings\/marco-abella-enoturismo-priorat\/","og_site_name":"Descubre las bodegas que te rodean. Enoturismo y catas.","article_publisher":"https:\/\/www.facebook.com\/enoguia","article_modified_time":"2024-03-17T20:54:31+00:00","og_image":[{"width":1000,"height":667,"url":"https:\/\/enoguia.cat\/wp-content\/uploads\/2024\/03\/DO-Priorat-bodega-Marco-Abella-Porrera-30-1.jpg","type":"image\/jpeg"}],"twitter_card":"summary_large_image","twitter_misc":{"Tiempo de lectura":"6 minutos"},"schema":{"@context":"https:\/\/schema.org","@graph":[{"@type":"WebPage","@id":"https:\/\/enoguia.cat\/es\/listings\/marco-abella-enoturismo-priorat\/","url":"https:\/\/enoguia.cat\/es\/listings\/marco-abella-enoturismo-priorat\/","name":"Vinos de altura \u2022 DOC priorat \u2022 Marco Abella Porrera","isPartOf":{"@id":"https:\/\/enoguia.cat\/es\/#website"},"datePublished":"2017-06-08T07:22:46+00:00","dateModified":"2024-03-17T20:54:31+00:00","description":"Vinos de altura en Porrera, en el Priorat. Bodega familiar que realiza un cultivo respetuoso con el medio ambiente. Enoturismo de altura.","breadcrumb":{"@id":"https:\/\/enoguia.cat\/es\/listings\/marco-abella-enoturismo-priorat\/#breadcrumb"},"inLanguage":"es","potentialAction":[{"@type":"ReadAction","target":["https:\/\/enoguia.cat\/es\/listings\/marco-abella-enoturismo-priorat\/"]}]},{"@type":"BreadcrumbList","@id":"https:\/\/enoguia.cat\/es\/listings\/marco-abella-enoturismo-priorat\/#breadcrumb","itemListElement":[{"@type":"ListItem","position":1,"name":"Inici","item":"https:\/\/enoguia.cat\/es\/donde-conseguir-la-guia-en-papel\/descubre-las-bodegas-que-te-rodean\/"},{"@type":"ListItem","position":2,"name":"Bodegas","item":"https:\/\/enoguia.cat\/es\/jobs\/"},{"@type":"ListItem","position":3,"name":"Bodega Marco Abella"}]},{"@type":"WebSite","@id":"https:\/\/enoguia.cat\/es\/#website","url":"https:\/\/enoguia.cat\/es\/","name":"Descubre las bodegas que te rodean. Enoturismo y catas.","description":"Enoturismo y visita a bodegas con cata de vinos","publisher":{"@id":"https:\/\/enoguia.cat\/es\/#organization"},"potentialAction":[{"@type":"SearchAction","target":{"@type":"EntryPoint","urlTemplate":"https:\/\/enoguia.cat\/es\/?s={search_term_string}"},"query-input":"required name=search_term_string"}],"inLanguage":"es"},{"@type":"Organization","@id":"https:\/\/enoguia.cat\/es\/#organization","name":"Enoguia","url":"https:\/\/enoguia.cat\/es\/","sameAs":["https:\/\/www.instagram.com\/enoguia_wine_tourism\/","https:\/\/www.youtube.com\/channel\/UCf2tcJLd4dF_O4oxWZ_-kmg","https:\/\/www.facebook.com\/enoguia"],"logo":{"@type":"ImageObject","inLanguage":"es","@id":"https:\/\/enoguia.cat\/es\/#\/schema\/logo\/image\/","url":"http:\/\/enoguia.cat\/wp-content\/uploads\/2017\/05\/logo-enoguia.png","contentUrl":"http:\/\/enoguia.cat\/wp-content\/uploads\/2017\/05\/logo-enoguia.png","width":298,"height":103,"caption":"Enoguia"},"image":{"@id":"https:\/\/enoguia.cat\/es\/#\/schema\/logo\/image\/"}}]}},"_links":{"self":[{"href":"https:\/\/enoguia.cat\/es\/wp-json\/wp\/v2\/job-listings\/15037"}],"collection":[{"href":"https:\/\/enoguia.cat\/es\/wp-json\/wp\/v2\/job-listings"}],"about":[{"href":"https:\/\/enoguia.cat\/es\/wp-json\/wp\/v2\/types\/job_listing"}],"replies":[{"embeddable":true,"href":"https:\/\/enoguia.cat\/es\/wp-json\/wp\/v2\/comments?post=15037"}],"version-history":[{"count":7,"href":"https:\/\/enoguia.cat\/es\/wp-json\/wp\/v2\/job-listings\/15037\/revisions"}],"predecessor-version":[{"id":35921,"href":"https:\/\/enoguia.cat\/es\/wp-json\/wp\/v2\/job-listings\/15037\/revisions\/35921"}],"wp:featuredmedia":[{"embeddable":true,"href":"https:\/\/enoguia.cat\/es\/wp-json\/wp\/v2\/media\/35915"}],"wp:attachment":[{"href":"https:\/\/enoguia.cat\/es\/wp-json\/wp\/v2\/media?parent=15037"}],"wp:term":[{"taxonomy":"job_listing_category","embeddable":true,"href":"https:\/\/enoguia.cat\/es\/wp-json\/wp\/v2\/job-categories?post=15037"}],"curies":[{"name":"wp","href":"https:\/\/api.w.org\/{rel}","templated":true}]}}