{"id":15059,"date":"2017-06-07T12:45:58","date_gmt":"2017-06-07T10:45:58","guid":{"rendered":"http:\/\/enoguia.cat\/es\/listings\/celler-joan-ametller\/"},"modified":"2023-12-12T00:24:06","modified_gmt":"2023-12-11T22:24:06","slug":"celler-joan-ametller-escapada-priorat","status":"publish","type":"job_listing","link":"https:\/\/enoguia.cat\/es\/listings\/celler-joan-ametller-escapada-priorat\/","title":{"rendered":"Bodega Celler Joan Ametller"},"content":{"rendered":"<p>Bodega localizada entre vi\u00f1edos en un entorno singular al abrigo de la <strong>Sierra de Montsant<\/strong>. Un lugar ideal para realizar una escapada al Priorat y disfrutar de la tierra y el vino alejado de ruidos y prisas. Realizan visitas guiadas a medida, talleres de introducci\u00f3n a la cata, eno-astronomia, vendimia activa&#8230; y para los m\u00e1s peque\u00f1os de la casa: el Laboratorio de los Sentidos. <span class=\"copyright_enoguia\">\u00a9Enoguia<\/span><\/p>\n<p><img id=\"this_one\" src=\"http:\/\/enoguia.cat\/img\/icon_bottle.png\" \/> 85.000\u00a0 \u00a0 <img id=\"this_two\" src=\"http:\/\/enoguia.cat\/img\/icon_hect.png\" \/> 42 ha<\/p>\n<h2><strong>Visitas y enoturismo en bodega Celler Joan Ametller<\/strong><\/h2>\n<p><img src=\"http:\/\/enoguia.cat\/img\/icon_hora.png\" \/>\u00a0 Concertar Visita<br \/>\n<strong>\u2022 <\/strong>Cata: 6\u20ac &#8211; 9\u20ac &#8211; 12\u20ac \/ 1h<br \/>\n\u2022 Visita b\u00e1sica: 10\u20ac \/ 1h<br \/>\n\u2022 Visita a fondo + cata: 24\u20ac \/ 2h<\/p>\n<p><img src=\"http:\/\/enoguia.cat\/img\/icon_message.png\" \/>\u00a0 CA \/ ES \/ EN \/ FR \/ AL \/ NL<br \/>\n<img src=\"http:\/\/enoguia.cat\/img\/icon_wine.png\" \/>\u00a0 \u00a03 vinos<br \/>\n<img src=\"http:\/\/enoguia.cat\/img\/icon_people.png\" \/>\u00a0 2 min &#8211; 30 max<br \/>\n<img src=\"http:\/\/enoguia.cat\/img\/icon-vinyes.png\" \/>\u00a0\u00a0Visita vi\u00f1as<\/p>\n<div id=\"produccio_titol\">\n<div id=\"informacio_celler\">\n<h2><strong>Vinos de la bodega Celler Joan Ametller<\/strong><\/h2>\n<p>\u2022 Clos Corriol Tinto Selecci\u00f3n<br \/>\n\u2022 Clos Corriol Blanco<br \/>\n\u2022 Clos Corriol Rosado<br \/>\n\u2022 Clos Mustard\u00f3 Tinto<br \/>\n\u2022 Clos Mustard\u00f3 Blanco<br \/>\n\u2022 Els Igols<br \/>\n\u2022 Clos Socarrat<\/p>\n<p>El negocio vin\u00edcola de la familia Ametller empez\u00f3 en el a\u00f1o 1824, cuando compraron una peque\u00f1a finca en Sant Mart\u00ed Sarroca, en el Pened\u00e9s. Siete generaciones m\u00e1s tarde, la familia vuelve a sus or\u00edgenes y viendo el potencial del Priorato compran sus primeras tierras en Porrera.<\/p>\n<p>El <strong>Celler Joan Ametller<\/strong> se fund\u00f3 en el a\u00f1o 2003 dentro del t\u00e9rmino municipal de <strong>La Morera de Montsant<\/strong>, dentro de la <strong>DOC Priorat<\/strong>.<\/p>\n<p>La familia cuenta con dos grandes fincas, ambas a unos 700 metros de altura. La mayor parte de las vi\u00f1as viejas se encuentran en la finca que poseen en la localidad de Porrera, sobre terreno de llicorella.<\/p>\n<p>En la conocida como <strong>Finca Mas Mustard\u00f3<\/strong> es donde se encuentra la bodega y donde se puede realizar enoturismo y es ideal para una escapada al Priorat. Se empez\u00f3 a construir en el a\u00f1o 2005 y se localiza a los pies de la Sierra del Montsant, rodeada de un mar de vi\u00f1as.<\/p>\n<\/div>\n<p>La visita empieza a pie de vi\u00f1a conociendo las variedades plantadas como la garnacha blanca, garnacha tinta, cabernet sauvignon y merlot, para acceder seguidamente a la moderna bodega de tres plantas.<\/p>\n<\/div>\n<p>Conoceremos la zona de recepci\u00f3n, elaboraci\u00f3n y fermentaci\u00f3n, situada en la planta principal, para seguidamente descender a la planta subterr\u00e1nea donde se encuentra la sala de embotellado y donde se realiza la crianza en barricas.<\/p>\n<p>Finalmente subiremos al piso superior, donde se encuentra la sala de catas, perfectamente habilitada y que destaca por las fant\u00e1sticas vistas que existen de la parte sur del <strong>Parque Natural de la Sierra del Montsant<\/strong>.<\/p>\n<p>La zona nos ofrece una gran diversidad biol\u00f3gica y tal y como indica el nombre de la sierra, fue un lugar de retiro de ermita\u00f1os medievales que buscaban tranquilidad entre los grandes riscos y barrancos, huyendo de los placeres mundanos y terrenales.<\/p>\n<p>Adem\u00e1s por la finca del Mustard\u00f3 atraviesa el antiguo camino de los cartujanos, que un\u00eda el cercano monasterio de <strong>Santa Mar\u00eda de Scala Dei<\/strong> con el camino de Prades y Lleida (Camino de Santiago).<\/p>\n<p>Para tu visita de enoturismo la bodega <strong>Joan Ametller<\/strong>, te ofrece diversas posibilidades para descubrir sus vinos y su entorno. Desde una visita esencial conociendo de forma b\u00e1sica todos los procesos de vinificaci\u00f3n y realizando una cata de los vinos que elijas. Hasta realizar una visita premium para aquella gente que ya cuenta con experiencia en el mundo del vino.<\/p>\n<div id=\"produccio_titol\">\n<div id=\"informacio_celler\">\n<p>Ven a hacer enoturismo al <strong>Celler Joan Ametller<\/strong>,\u00a0 realiza una escapada al Priorat y conoce la historia de una familia que volvi\u00f3 a sus or\u00edgenes.<\/p>\n<p>&gt;&gt; Visita tambi\u00e9n <a href=\"http:\/\/enoguia.cat\/es\/listings\/celler-pasanau\/\" target=\"_blank\" rel=\"noopener noreferrer\"><strong>Celler Pasanau<\/strong><\/a><br \/>\n&gt;&gt; Conoce la <a href=\"http:\/\/doqpriorat.org\/es\/\" target=\"_blank\" rel=\"noopener noreferrer\"><strong>DOC Priorat<\/strong><\/a><\/p>\n<\/div>\n<\/div>\n","protected":false},"featured_media":13622,"comment_status":"open","ping_status":"closed","template":"","meta":{"_company_tagline":"DO Priorat","_job_location":"Ctra de Morera a Cornudella, km 3,2 43361 La Morera del Montsant","_company_website":"http:\/\/www.familiaametller.com","_company_twitter":"","_filled":0,"_featured":0,"_joinchat":{"telephone":"+34619482121","message_text":"*\u00a1Hola! soy \u00d3scar...*\n\u00bfQuieres reservar en {TITLE}?\nDime para que d\u00eda."}},"job-categories":[300],"yoast_head":"<!-- This site is optimized with the Yoast SEO plugin v19.7.1 - https:\/\/yoast.com\/wordpress\/plugins\/seo\/ -->\n<title>Escapada Priorat \u2022 Celler Joan Ametller \u2022 DO Priorat Porrera<\/title>\n<meta name=\"description\" content=\"Celler Joan Ametller situado en un entorno singular al abrigo de la Sierra de Montsant. Ideal para una escapada al Priorat. \u00a1Reserva ya!\" \/>\n<meta name=\"robots\" content=\"index, follow, max-snippet:-1, max-image-preview:large, max-video-preview:-1\" \/>\n<link rel=\"canonical\" href=\"https:\/\/enoguia.cat\/es\/listings\/celler-joan-ametller-escapada-priorat\/\" \/>\n<meta property=\"og:locale\" content=\"es_ES\" \/>\n<meta property=\"og:type\" content=\"article\" \/>\n<meta property=\"og:title\" content=\"Escapada Priorat \u2022 Celler Joan Ametller \u2022 DO Priorat Porrera\" \/>\n<meta property=\"og:description\" content=\"Celler Joan Ametller situado en un entorno singular al abrigo de la Sierra de Montsant. Ideal para una escapada al Priorat. \u00a1Reserva ya!\" \/>\n<meta property=\"og:url\" content=\"https:\/\/enoguia.cat\/es\/listings\/celler-joan-ametller-escapada-priorat\/\" \/>\n<meta property=\"og:site_name\" content=\"Descubre las bodegas que te rodean. Enoturismo y catas.\" \/>\n<meta property=\"article:publisher\" content=\"https:\/\/www.facebook.com\/enoguia\" \/>\n<meta property=\"article:modified_time\" content=\"2023-12-11T22:24:06+00:00\" \/>\n<meta property=\"og:image\" content=\"https:\/\/enoguia.cat\/wp-content\/uploads\/2017\/06\/Celler-Joan-Ametller-02-e1504209687222.jpg\" \/>\n\t<meta property=\"og:image:width\" content=\"888\" \/>\n\t<meta property=\"og:image:height\" content=\"400\" \/>\n\t<meta property=\"og:image:type\" content=\"image\/jpeg\" \/>\n<meta name=\"twitter:card\" content=\"summary_large_image\" \/>\n<meta name=\"twitter:label1\" content=\"Tiempo de lectura\" \/>\n\t<meta name=\"twitter:data1\" content=\"5 minutos\" \/>\n<script type=\"application\/ld+json\" class=\"yoast-schema-graph\">{\"@context\":\"https:\/\/schema.org\",\"@graph\":[{\"@type\":\"WebPage\",\"@id\":\"https:\/\/enoguia.cat\/es\/listings\/celler-joan-ametller-escapada-priorat\/\",\"url\":\"https:\/\/enoguia.cat\/es\/listings\/celler-joan-ametller-escapada-priorat\/\",\"name\":\"Escapada Priorat \u2022 Celler Joan Ametller \u2022 DO Priorat Porrera\",\"isPartOf\":{\"@id\":\"https:\/\/enoguia.cat\/es\/#website\"},\"datePublished\":\"2017-06-07T10:45:58+00:00\",\"dateModified\":\"2023-12-11T22:24:06+00:00\",\"description\":\"Celler Joan Ametller situado en un entorno singular al abrigo de la Sierra de Montsant. Ideal para una escapada al Priorat. \u00a1Reserva ya!\",\"breadcrumb\":{\"@id\":\"https:\/\/enoguia.cat\/es\/listings\/celler-joan-ametller-escapada-priorat\/#breadcrumb\"},\"inLanguage\":\"es\",\"potentialAction\":[{\"@type\":\"ReadAction\",\"target\":[\"https:\/\/enoguia.cat\/es\/listings\/celler-joan-ametller-escapada-priorat\/\"]}]},{\"@type\":\"BreadcrumbList\",\"@id\":\"https:\/\/enoguia.cat\/es\/listings\/celler-joan-ametller-escapada-priorat\/#breadcrumb\",\"itemListElement\":[{\"@type\":\"ListItem\",\"position\":1,\"name\":\"Inici\",\"item\":\"https:\/\/enoguia.cat\/es\/donde-conseguir-la-guia-en-papel\/descubre-las-bodegas-que-te-rodean\/\"},{\"@type\":\"ListItem\",\"position\":2,\"name\":\"Bodegas\",\"item\":\"https:\/\/enoguia.cat\/es\/jobs\/\"},{\"@type\":\"ListItem\",\"position\":3,\"name\":\"Bodega Celler Joan Ametller\"}]},{\"@type\":\"WebSite\",\"@id\":\"https:\/\/enoguia.cat\/es\/#website\",\"url\":\"https:\/\/enoguia.cat\/es\/\",\"name\":\"Descubre las bodegas que te rodean. Enoturismo y catas.\",\"description\":\"Enoturismo y visita a bodegas con cata de vinos\",\"publisher\":{\"@id\":\"https:\/\/enoguia.cat\/es\/#organization\"},\"potentialAction\":[{\"@type\":\"SearchAction\",\"target\":{\"@type\":\"EntryPoint\",\"urlTemplate\":\"https:\/\/enoguia.cat\/es\/?s={search_term_string}\"},\"query-input\":\"required name=search_term_string\"}],\"inLanguage\":\"es\"},{\"@type\":\"Organization\",\"@id\":\"https:\/\/enoguia.cat\/es\/#organization\",\"name\":\"Enoguia\",\"url\":\"https:\/\/enoguia.cat\/es\/\",\"sameAs\":[\"https:\/\/www.instagram.com\/enoguia_wine_tourism\/\",\"https:\/\/www.youtube.com\/channel\/UCf2tcJLd4dF_O4oxWZ_-kmg\",\"https:\/\/www.facebook.com\/enoguia\"],\"logo\":{\"@type\":\"ImageObject\",\"inLanguage\":\"es\",\"@id\":\"https:\/\/enoguia.cat\/es\/#\/schema\/logo\/image\/\",\"url\":\"http:\/\/enoguia.cat\/wp-content\/uploads\/2017\/05\/logo-enoguia.png\",\"contentUrl\":\"http:\/\/enoguia.cat\/wp-content\/uploads\/2017\/05\/logo-enoguia.png\",\"width\":298,\"height\":103,\"caption\":\"Enoguia\"},\"image\":{\"@id\":\"https:\/\/enoguia.cat\/es\/#\/schema\/logo\/image\/\"}}]}<\/script>\n<!-- \/ Yoast SEO plugin. -->","yoast_head_json":{"title":"Escapada Priorat \u2022 Celler Joan Ametller \u2022 DO Priorat Porrera","description":"Celler Joan Ametller situado en un entorno singular al abrigo de la Sierra de Montsant. Ideal para una escapada al Priorat. \u00a1Reserva ya!","robots":{"index":"index","follow":"follow","max-snippet":"max-snippet:-1","max-image-preview":"max-image-preview:large","max-video-preview":"max-video-preview:-1"},"canonical":"https:\/\/enoguia.cat\/es\/listings\/celler-joan-ametller-escapada-priorat\/","og_locale":"es_ES","og_type":"article","og_title":"Escapada Priorat \u2022 Celler Joan Ametller \u2022 DO Priorat Porrera","og_description":"Celler Joan Ametller situado en un entorno singular al abrigo de la Sierra de Montsant. Ideal para una escapada al Priorat. \u00a1Reserva ya!","og_url":"https:\/\/enoguia.cat\/es\/listings\/celler-joan-ametller-escapada-priorat\/","og_site_name":"Descubre las bodegas que te rodean. Enoturismo y catas.","article_publisher":"https:\/\/www.facebook.com\/enoguia","article_modified_time":"2023-12-11T22:24:06+00:00","og_image":[{"width":888,"height":400,"url":"https:\/\/enoguia.cat\/wp-content\/uploads\/2017\/06\/Celler-Joan-Ametller-02-e1504209687222.jpg","type":"image\/jpeg"}],"twitter_card":"summary_large_image","twitter_misc":{"Tiempo de lectura":"5 minutos"},"schema":{"@context":"https:\/\/schema.org","@graph":[{"@type":"WebPage","@id":"https:\/\/enoguia.cat\/es\/listings\/celler-joan-ametller-escapada-priorat\/","url":"https:\/\/enoguia.cat\/es\/listings\/celler-joan-ametller-escapada-priorat\/","name":"Escapada Priorat \u2022 Celler Joan Ametller \u2022 DO Priorat Porrera","isPartOf":{"@id":"https:\/\/enoguia.cat\/es\/#website"},"datePublished":"2017-06-07T10:45:58+00:00","dateModified":"2023-12-11T22:24:06+00:00","description":"Celler Joan Ametller situado en un entorno singular al abrigo de la Sierra de Montsant. Ideal para una escapada al Priorat. \u00a1Reserva ya!","breadcrumb":{"@id":"https:\/\/enoguia.cat\/es\/listings\/celler-joan-ametller-escapada-priorat\/#breadcrumb"},"inLanguage":"es","potentialAction":[{"@type":"ReadAction","target":["https:\/\/enoguia.cat\/es\/listings\/celler-joan-ametller-escapada-priorat\/"]}]},{"@type":"BreadcrumbList","@id":"https:\/\/enoguia.cat\/es\/listings\/celler-joan-ametller-escapada-priorat\/#breadcrumb","itemListElement":[{"@type":"ListItem","position":1,"name":"Inici","item":"https:\/\/enoguia.cat\/es\/donde-conseguir-la-guia-en-papel\/descubre-las-bodegas-que-te-rodean\/"},{"@type":"ListItem","position":2,"name":"Bodegas","item":"https:\/\/enoguia.cat\/es\/jobs\/"},{"@type":"ListItem","position":3,"name":"Bodega Celler Joan Ametller"}]},{"@type":"WebSite","@id":"https:\/\/enoguia.cat\/es\/#website","url":"https:\/\/enoguia.cat\/es\/","name":"Descubre las bodegas que te rodean. Enoturismo y catas.","description":"Enoturismo y visita a bodegas con cata de vinos","publisher":{"@id":"https:\/\/enoguia.cat\/es\/#organization"},"potentialAction":[{"@type":"SearchAction","target":{"@type":"EntryPoint","urlTemplate":"https:\/\/enoguia.cat\/es\/?s={search_term_string}"},"query-input":"required name=search_term_string"}],"inLanguage":"es"},{"@type":"Organization","@id":"https:\/\/enoguia.cat\/es\/#organization","name":"Enoguia","url":"https:\/\/enoguia.cat\/es\/","sameAs":["https:\/\/www.instagram.com\/enoguia_wine_tourism\/","https:\/\/www.youtube.com\/channel\/UCf2tcJLd4dF_O4oxWZ_-kmg","https:\/\/www.facebook.com\/enoguia"],"logo":{"@type":"ImageObject","inLanguage":"es","@id":"https:\/\/enoguia.cat\/es\/#\/schema\/logo\/image\/","url":"http:\/\/enoguia.cat\/wp-content\/uploads\/2017\/05\/logo-enoguia.png","contentUrl":"http:\/\/enoguia.cat\/wp-content\/uploads\/2017\/05\/logo-enoguia.png","width":298,"height":103,"caption":"Enoguia"},"image":{"@id":"https:\/\/enoguia.cat\/es\/#\/schema\/logo\/image\/"}}]}},"_links":{"self":[{"href":"https:\/\/enoguia.cat\/es\/wp-json\/wp\/v2\/job-listings\/15059"}],"collection":[{"href":"https:\/\/enoguia.cat\/es\/wp-json\/wp\/v2\/job-listings"}],"about":[{"href":"https:\/\/enoguia.cat\/es\/wp-json\/wp\/v2\/types\/job_listing"}],"replies":[{"embeddable":true,"href":"https:\/\/enoguia.cat\/es\/wp-json\/wp\/v2\/comments?post=15059"}],"version-history":[{"count":4,"href":"https:\/\/enoguia.cat\/es\/wp-json\/wp\/v2\/job-listings\/15059\/revisions"}],"predecessor-version":[{"id":32698,"href":"https:\/\/enoguia.cat\/es\/wp-json\/wp\/v2\/job-listings\/15059\/revisions\/32698"}],"wp:featuredmedia":[{"embeddable":true,"href":"https:\/\/enoguia.cat\/es\/wp-json\/wp\/v2\/media\/13622"}],"wp:attachment":[{"href":"https:\/\/enoguia.cat\/es\/wp-json\/wp\/v2\/media?parent=15059"}],"wp:term":[{"taxonomy":"job_listing_category","embeddable":true,"href":"https:\/\/enoguia.cat\/es\/wp-json\/wp\/v2\/job-categories?post=15059"}],"curies":[{"name":"wp","href":"https:\/\/api.w.org\/{rel}","templated":true}]}}