{"id":15095,"date":"2017-06-01T13:01:57","date_gmt":"2017-06-01T11:01:57","guid":{"rendered":"http:\/\/enoguia.cat\/es\/listings\/sangenis-vaque\/"},"modified":"2025-04-11T10:26:23","modified_gmt":"2025-04-11T08:26:23","slug":"ruta-del-vino-do-priorat-sangenis-vaque","status":"publish","type":"job_listing","link":"https:\/\/enoguia.cat\/es\/listings\/ruta-del-vino-do-priorat-sangenis-vaque\/","title":{"rendered":"Bodega Sangen\u00eds i Vaqu\u00e9"},"content":{"rendered":"<p>Bodega familiar donde la cultura vitivin\u00edcola se remonta al siglo XVIII. Mantienen un perfecto equilibrio entre las nuevas tendencias vin\u00edcolas y la tradici\u00f3n, realizando vendimia manual, producciones limitadas y cuidando todos los peque\u00f1os detalles del proceso de vinificaci\u00f3n. En la visita descubriremos la historia viva de esta denominaci\u00f3n. \u00a9Enoguia<\/p>\n<p><img id=\"this_one\" src=\"http:\/\/enoguia.cat\/img\/icon_bottle.png\" \/>\u00a0 30.000\u00a0 \u00a0<img id=\"this_two\" src=\"http:\/\/enoguia.cat\/img\/icon_hect.png\" \/>\u00a0 15 ha<\/p>\n<h2><strong>Visitas y enoturismo en bodega Sangen\u00eds i Vaqu\u00e9<\/strong><\/h2>\n<p><img src=\"http:\/\/enoguia.cat\/img\/icon_hora.png\" \/><br \/>\n\u2022 Lunes a viernes: 10 a 13:30h &#8211; 15 a 17h<br \/>\n\u2022 S\u00e1bado, domingos y festivos: 10 a 13:30h<\/p>\n<p><img style=\"color: inherit; font-family: inherit; font-size: inherit;\" src=\"http:\/\/enoguia.cat\/img\/icon-euro.png\" \/><span style=\"color: inherit; font-family: inherit; font-size: inherit;\"><br \/>\n\u2022 Visita celler + tast vins: 10\u20ac \/ 1h30&#8242;<br \/>\n\u2022 Visita celler + tast a la vinya: 30\u20ac \/ 2h30&#8242;<\/span><\/p>\n<p><img style=\"color: inherit; font-family: inherit; font-size: inherit;\" src=\"http:\/\/enoguia.cat\/img\/icon_message.png\" \/><span style=\"color: inherit; font-family: inherit; font-size: inherit;\">\u00a0 CA \/ ES \/ EN \/ FR<br \/>\n<\/span><img style=\"color: inherit; font-family: inherit; font-size: inherit;\" src=\"http:\/\/enoguia.cat\/img\/icon_wine.png\" \/><span style=\"color: inherit; font-family: inherit; font-size: inherit;\">\u00a0 \u00a05 Vinos<br \/>\n<\/span><img style=\"color: inherit; font-family: inherit; font-size: inherit;\" src=\"http:\/\/enoguia.cat\/img\/icon_people.png\" \/><span style=\"color: inherit; font-family: inherit; font-size: inherit;\"> 1 m\u00edn. &#8211; 30 m\u00e1x.<\/span><\/p>\n<h2><strong style=\"color: inherit; font-family: inherit; font-size: inherit;\">Vinos de la bodega Sangen\u00eds i Vaqu\u00e9<br \/>\n<\/strong><\/h2>\n<p><span style=\"color: inherit; font-family: inherit; font-size: inherit;\">\u2022 Lo Coster Blanc<br \/>\n<\/span><span style=\"color: inherit; font-family: inherit; font-size: inherit;\">\u2022 Lo Bancal de Granatxa<br \/>\n<\/span><span style=\"color: inherit; font-family: inherit; font-size: inherit;\">\u2022 Dara<br \/>\n<\/span><span style=\"color: inherit; font-family: inherit; font-size: inherit;\">\u2022 Garbinada<br \/>\n<\/span><span style=\"color: inherit; font-family: inherit; font-size: inherit;\">\u2022 Vall Por<br \/>\n<\/span><span style=\"color: inherit; font-family: inherit; font-size: inherit;\">\u2022 Coranya<br \/>\n<\/span><span style=\"color: inherit; font-family: inherit; font-size: inherit;\">\u2022 Clos Monlle\u00f3<br \/>\n\u2022 Garbinada<br \/>\n<\/span><span style=\"color: inherit; font-family: inherit; font-size: inherit;\">\u2022 Simfonia en Dol\u00e7<\/span><\/p>\n<div id=\"produccio_titol\">\n<div id=\"informacio_celler\">\n<p><iframe loading=\"lazy\" src=\"https:\/\/www.youtube.com\/embed\/IsW-9WfPBUs\" width=\"560\" height=\"315\" frameborder=\"0\" allowfullscreen=\"allowfullscreen\"><\/iframe><\/p>\n<p><span style=\"color: inherit; font-family: inherit; font-size: inherit;\">En esta bodega podremos realizar un enoturismo familiar que combina tradici\u00f3n y modernidad. La bodega <\/span><strong style=\"color: inherit; font-family: inherit; font-size: inherit;\">Sangen\u00eds i Vaqu\u00e9<\/strong><span style=\"color: inherit; font-family: inherit; font-size: inherit;\"> se fund\u00f3 en el a\u00f1o 1978 cuando Pere Sangen\u00eds y Conxita Vaqu\u00e9 empezaron a plantar vi\u00f1a en las fincas de la familia Monlle\u00f3, pertenecientes a los antepasados de Sangen\u00eds desde antes del 1700. En el a\u00f1o 1979 empezaron a elaborar vino en la bodega situada en el pueblo de Porrera, dentro de la <\/span><strong style=\"color: inherit; font-family: inherit; font-size: inherit;\">DOC Priorat<\/strong><span style=\"color: inherit; font-family: inherit; font-size: inherit;\">.<\/span><\/p>\n<p><span style=\"color: inherit; font-family: inherit; font-size: inherit;\">La familia cuenta con 13 hect\u00e1reas de terrazas y laderas de pizarra <\/span><strong style=\"color: inherit; font-family: inherit; font-size: inherit;\"><em>llicorella<\/em><\/strong><span style=\"color: inherit; font-family: inherit; font-size: inherit;\">, t\u00edpica de la zona del Priorato. Realizan una producci\u00f3n de 30.000 botellas al a\u00f1o. La tierra pobre orientada al sur y el clima seco influenciado por la brisa marina, la cual suaviza el calor del verano, provoca una baja producci\u00f3n de la vi\u00f1a, pero tambi\u00e9n una alta calidad de su uva, ya que puede realizar la fotos\u00edntesis con elevada efectividad. Mantener la vi\u00f1a con abonos naturales tambi\u00e9n contribuye a la calidad de la misma, ya que estos ayudan a retener mejor la escasa humedad, en especial en verano.<\/span><\/p>\n<p><span style=\"color: inherit; font-family: inherit; font-size: inherit;\">Durante la visita conoceremos en profundidad todo el proceso de vinificaci\u00f3n, desde la fermentaci\u00f3n hasta la crianza y descubriremos conceptos como el de la maceraci\u00f3n.<\/span><\/p>\n<p><span style=\"color: inherit; font-family: inherit; font-size: inherit;\">Disfrutaremos de la fant\u00e1stica sala de barricas de roble franc\u00e9s y americano donde duermen durante meses los vinos antes de su embotellado.<\/span><\/p>\n<p><span style=\"color: inherit; font-family: inherit; font-size: inherit;\">Tambi\u00e9n tendremos tiempo para conocer a fondo la historia de la comarca del Priorat y finalizaremos la visita en la sala de catas, donde de forma relajada podremos degustar sin prisas cinco vinos de la bodega familiar:<\/span><strong style=\"color: inherit; font-family: inherit; font-size: inherit;\"><em> Clos Monlle\u00f3<\/em><\/strong><span style=\"color: inherit; font-family: inherit; font-size: inherit;\">, <\/span><strong style=\"color: inherit; font-family: inherit; font-size: inherit;\"><em>Coranya<\/em><\/strong><span style=\"color: inherit; font-family: inherit; font-size: inherit;\">, <\/span><strong style=\"color: inherit; font-family: inherit; font-size: inherit;\"><em>Vall Por<\/em><\/strong><span style=\"color: inherit; font-family: inherit; font-size: inherit;\">, <\/span><strong style=\"color: inherit; font-family: inherit; font-size: inherit;\"><em>Dara<\/em><\/strong><span style=\"color: inherit; font-family: inherit; font-size: inherit;\"> y <\/span><strong style=\"color: inherit; font-family: inherit; font-size: inherit;\"><em>Sangen\u00eds i Vaqu\u00e9<\/em><\/strong><span style=\"color: inherit; font-family: inherit; font-size: inherit;\">, siempre acompa\u00f1ados de un miembro de la familia Sangen\u00eds i Vaqu\u00e9.<\/span><\/p>\n<p><span style=\"color: inherit; font-family: inherit; font-size: inherit;\">La cata tiene un coste de 6 euros por persona y normalmente la visita tiene una duraci\u00f3n de una hora y media, siempre con reserva previa.<br \/>\n<\/span><\/p>\n<p><span style=\"color: inherit; font-family: inherit; font-size: inherit;\">&gt;&gt; Visita tambi\u00e9n <\/span><strong style=\"font-family: inherit; font-size: inherit;\"><a style=\"font-family: inherit; font-size: inherit;\" href=\"http:\/\/enoguia.cat\/es\/listings\/enoturismo-porrera-alvarez-duran-priorat\/\" target=\"_blank\" rel=\"noopener noreferrer\">\u00c1lvarez Duran Priorat<\/a><br \/>\n<\/strong><span style=\"color: inherit; font-family: inherit; font-size: inherit;\">&gt;&gt; Conoce la <\/span><a style=\"font-family: inherit; font-size: inherit;\" href=\"https:\/\/www.doqpriorat.org\/es\/\" target=\"_blank\" rel=\"noopener noreferrer\"><strong>DOC Priorat<\/strong><\/a><\/p>\n<\/div>\n<\/div>\n","protected":false},"featured_media":13990,"comment_status":"open","ping_status":"closed","template":"","meta":{"_company_tagline":"DOQ Priorat","_job_location":"Pla\u00e7a Catalunya, 3 43739 Porrera","_company_website":"http:\/\/www.sangenisivaque.com\/es\/","_company_twitter":"","_filled":0,"_featured":0,"_joinchat":{"telephone":"+34619482121","message_text":"*\u00a1Hola! soy \u00d3scar...*\n\u00bfQuieres reservar en {TITLE}?\nDime para que d\u00eda."}},"job-categories":[300],"yoast_head":"<!-- This site is optimized with the Yoast SEO plugin v19.7.1 - https:\/\/yoast.com\/wordpress\/plugins\/seo\/ -->\n<title>Ruta del vino DO Priorat \u2022 Sangen\u00eds i Vaqu\u00e9 \u2022 DOQ Priorat<\/title>\n<meta name=\"description\" content=\"Ruta del vino DO Priorat. Sangen\u00eds i Vaqu\u00e9. Mantienen un perfecto equilibrio entre las nuevas tendencias vin\u00edcolas. \u00a1Reserva ahora!\" \/>\n<meta name=\"robots\" content=\"index, follow, max-snippet:-1, max-image-preview:large, max-video-preview:-1\" \/>\n<link rel=\"canonical\" href=\"https:\/\/enoguia.cat\/es\/listings\/ruta-del-vino-do-priorat-sangenis-vaque\/\" \/>\n<meta property=\"og:locale\" content=\"es_ES\" \/>\n<meta property=\"og:type\" content=\"article\" \/>\n<meta property=\"og:title\" content=\"Ruta del vino DO Priorat \u2022 Sangen\u00eds i Vaqu\u00e9 \u2022 DOQ Priorat\" \/>\n<meta property=\"og:description\" content=\"Ruta del vino DO Priorat. Sangen\u00eds i Vaqu\u00e9. Mantienen un perfecto equilibrio entre las nuevas tendencias vin\u00edcolas. \u00a1Reserva ahora!\" \/>\n<meta property=\"og:url\" content=\"https:\/\/enoguia.cat\/es\/listings\/ruta-del-vino-do-priorat-sangenis-vaque\/\" \/>\n<meta property=\"og:site_name\" content=\"Descubre las bodegas que te rodean. Enoturismo y catas.\" \/>\n<meta property=\"article:publisher\" content=\"https:\/\/www.facebook.com\/enoguia\" \/>\n<meta property=\"article:modified_time\" content=\"2025-04-11T08:26:23+00:00\" \/>\n<meta property=\"og:image\" content=\"https:\/\/enoguia.cat\/wp-content\/uploads\/2017\/07\/Priorat-Sangenis-Vaque-Porrera-6-2-e1505416168361.jpg\" \/>\n\t<meta property=\"og:image:width\" content=\"1905\" \/>\n\t<meta property=\"og:image:height\" content=\"926\" \/>\n\t<meta property=\"og:image:type\" content=\"image\/jpeg\" \/>\n<meta name=\"twitter:card\" content=\"summary_large_image\" \/>\n<meta name=\"twitter:label1\" content=\"Tiempo de lectura\" \/>\n\t<meta name=\"twitter:data1\" content=\"4 minutos\" \/>\n<script type=\"application\/ld+json\" class=\"yoast-schema-graph\">{\"@context\":\"https:\/\/schema.org\",\"@graph\":[{\"@type\":\"WebPage\",\"@id\":\"https:\/\/enoguia.cat\/es\/listings\/ruta-del-vino-do-priorat-sangenis-vaque\/\",\"url\":\"https:\/\/enoguia.cat\/es\/listings\/ruta-del-vino-do-priorat-sangenis-vaque\/\",\"name\":\"Ruta del vino DO Priorat \u2022 Sangen\u00eds i Vaqu\u00e9 \u2022 DOQ Priorat\",\"isPartOf\":{\"@id\":\"https:\/\/enoguia.cat\/es\/#website\"},\"datePublished\":\"2017-06-01T11:01:57+00:00\",\"dateModified\":\"2025-04-11T08:26:23+00:00\",\"description\":\"Ruta del vino DO Priorat. Sangen\u00eds i Vaqu\u00e9. Mantienen un perfecto equilibrio entre las nuevas tendencias vin\u00edcolas. \u00a1Reserva ahora!\",\"breadcrumb\":{\"@id\":\"https:\/\/enoguia.cat\/es\/listings\/ruta-del-vino-do-priorat-sangenis-vaque\/#breadcrumb\"},\"inLanguage\":\"es\",\"potentialAction\":[{\"@type\":\"ReadAction\",\"target\":[\"https:\/\/enoguia.cat\/es\/listings\/ruta-del-vino-do-priorat-sangenis-vaque\/\"]}]},{\"@type\":\"BreadcrumbList\",\"@id\":\"https:\/\/enoguia.cat\/es\/listings\/ruta-del-vino-do-priorat-sangenis-vaque\/#breadcrumb\",\"itemListElement\":[{\"@type\":\"ListItem\",\"position\":1,\"name\":\"Inici\",\"item\":\"https:\/\/enoguia.cat\/es\/donde-conseguir-la-guia-en-papel\/descubre-las-bodegas-que-te-rodean\/\"},{\"@type\":\"ListItem\",\"position\":2,\"name\":\"Bodegas\",\"item\":\"https:\/\/enoguia.cat\/es\/jobs\/\"},{\"@type\":\"ListItem\",\"position\":3,\"name\":\"Bodega Sangen\u00eds i Vaqu\u00e9\"}]},{\"@type\":\"WebSite\",\"@id\":\"https:\/\/enoguia.cat\/es\/#website\",\"url\":\"https:\/\/enoguia.cat\/es\/\",\"name\":\"Descubre las bodegas que te rodean. Enoturismo y catas.\",\"description\":\"Enoturismo y visita a bodegas con cata de vinos\",\"publisher\":{\"@id\":\"https:\/\/enoguia.cat\/es\/#organization\"},\"potentialAction\":[{\"@type\":\"SearchAction\",\"target\":{\"@type\":\"EntryPoint\",\"urlTemplate\":\"https:\/\/enoguia.cat\/es\/?s={search_term_string}\"},\"query-input\":\"required name=search_term_string\"}],\"inLanguage\":\"es\"},{\"@type\":\"Organization\",\"@id\":\"https:\/\/enoguia.cat\/es\/#organization\",\"name\":\"Enoguia\",\"url\":\"https:\/\/enoguia.cat\/es\/\",\"sameAs\":[\"https:\/\/www.instagram.com\/enoguia_wine_tourism\/\",\"https:\/\/www.youtube.com\/channel\/UCf2tcJLd4dF_O4oxWZ_-kmg\",\"https:\/\/www.facebook.com\/enoguia\"],\"logo\":{\"@type\":\"ImageObject\",\"inLanguage\":\"es\",\"@id\":\"https:\/\/enoguia.cat\/es\/#\/schema\/logo\/image\/\",\"url\":\"http:\/\/enoguia.cat\/wp-content\/uploads\/2017\/05\/logo-enoguia.png\",\"contentUrl\":\"http:\/\/enoguia.cat\/wp-content\/uploads\/2017\/05\/logo-enoguia.png\",\"width\":298,\"height\":103,\"caption\":\"Enoguia\"},\"image\":{\"@id\":\"https:\/\/enoguia.cat\/es\/#\/schema\/logo\/image\/\"}}]}<\/script>\n<!-- \/ Yoast SEO plugin. -->","yoast_head_json":{"title":"Ruta del vino DO Priorat \u2022 Sangen\u00eds i Vaqu\u00e9 \u2022 DOQ Priorat","description":"Ruta del vino DO Priorat. Sangen\u00eds i Vaqu\u00e9. Mantienen un perfecto equilibrio entre las nuevas tendencias vin\u00edcolas. \u00a1Reserva ahora!","robots":{"index":"index","follow":"follow","max-snippet":"max-snippet:-1","max-image-preview":"max-image-preview:large","max-video-preview":"max-video-preview:-1"},"canonical":"https:\/\/enoguia.cat\/es\/listings\/ruta-del-vino-do-priorat-sangenis-vaque\/","og_locale":"es_ES","og_type":"article","og_title":"Ruta del vino DO Priorat \u2022 Sangen\u00eds i Vaqu\u00e9 \u2022 DOQ Priorat","og_description":"Ruta del vino DO Priorat. Sangen\u00eds i Vaqu\u00e9. Mantienen un perfecto equilibrio entre las nuevas tendencias vin\u00edcolas. \u00a1Reserva ahora!","og_url":"https:\/\/enoguia.cat\/es\/listings\/ruta-del-vino-do-priorat-sangenis-vaque\/","og_site_name":"Descubre las bodegas que te rodean. Enoturismo y catas.","article_publisher":"https:\/\/www.facebook.com\/enoguia","article_modified_time":"2025-04-11T08:26:23+00:00","og_image":[{"width":1905,"height":926,"url":"https:\/\/enoguia.cat\/wp-content\/uploads\/2017\/07\/Priorat-Sangenis-Vaque-Porrera-6-2-e1505416168361.jpg","type":"image\/jpeg"}],"twitter_card":"summary_large_image","twitter_misc":{"Tiempo de lectura":"4 minutos"},"schema":{"@context":"https:\/\/schema.org","@graph":[{"@type":"WebPage","@id":"https:\/\/enoguia.cat\/es\/listings\/ruta-del-vino-do-priorat-sangenis-vaque\/","url":"https:\/\/enoguia.cat\/es\/listings\/ruta-del-vino-do-priorat-sangenis-vaque\/","name":"Ruta del vino DO Priorat \u2022 Sangen\u00eds i Vaqu\u00e9 \u2022 DOQ Priorat","isPartOf":{"@id":"https:\/\/enoguia.cat\/es\/#website"},"datePublished":"2017-06-01T11:01:57+00:00","dateModified":"2025-04-11T08:26:23+00:00","description":"Ruta del vino DO Priorat. Sangen\u00eds i Vaqu\u00e9. Mantienen un perfecto equilibrio entre las nuevas tendencias vin\u00edcolas. \u00a1Reserva ahora!","breadcrumb":{"@id":"https:\/\/enoguia.cat\/es\/listings\/ruta-del-vino-do-priorat-sangenis-vaque\/#breadcrumb"},"inLanguage":"es","potentialAction":[{"@type":"ReadAction","target":["https:\/\/enoguia.cat\/es\/listings\/ruta-del-vino-do-priorat-sangenis-vaque\/"]}]},{"@type":"BreadcrumbList","@id":"https:\/\/enoguia.cat\/es\/listings\/ruta-del-vino-do-priorat-sangenis-vaque\/#breadcrumb","itemListElement":[{"@type":"ListItem","position":1,"name":"Inici","item":"https:\/\/enoguia.cat\/es\/donde-conseguir-la-guia-en-papel\/descubre-las-bodegas-que-te-rodean\/"},{"@type":"ListItem","position":2,"name":"Bodegas","item":"https:\/\/enoguia.cat\/es\/jobs\/"},{"@type":"ListItem","position":3,"name":"Bodega Sangen\u00eds i Vaqu\u00e9"}]},{"@type":"WebSite","@id":"https:\/\/enoguia.cat\/es\/#website","url":"https:\/\/enoguia.cat\/es\/","name":"Descubre las bodegas que te rodean. Enoturismo y catas.","description":"Enoturismo y visita a bodegas con cata de vinos","publisher":{"@id":"https:\/\/enoguia.cat\/es\/#organization"},"potentialAction":[{"@type":"SearchAction","target":{"@type":"EntryPoint","urlTemplate":"https:\/\/enoguia.cat\/es\/?s={search_term_string}"},"query-input":"required name=search_term_string"}],"inLanguage":"es"},{"@type":"Organization","@id":"https:\/\/enoguia.cat\/es\/#organization","name":"Enoguia","url":"https:\/\/enoguia.cat\/es\/","sameAs":["https:\/\/www.instagram.com\/enoguia_wine_tourism\/","https:\/\/www.youtube.com\/channel\/UCf2tcJLd4dF_O4oxWZ_-kmg","https:\/\/www.facebook.com\/enoguia"],"logo":{"@type":"ImageObject","inLanguage":"es","@id":"https:\/\/enoguia.cat\/es\/#\/schema\/logo\/image\/","url":"http:\/\/enoguia.cat\/wp-content\/uploads\/2017\/05\/logo-enoguia.png","contentUrl":"http:\/\/enoguia.cat\/wp-content\/uploads\/2017\/05\/logo-enoguia.png","width":298,"height":103,"caption":"Enoguia"},"image":{"@id":"https:\/\/enoguia.cat\/es\/#\/schema\/logo\/image\/"}}]}},"_links":{"self":[{"href":"https:\/\/enoguia.cat\/es\/wp-json\/wp\/v2\/job-listings\/15095"}],"collection":[{"href":"https:\/\/enoguia.cat\/es\/wp-json\/wp\/v2\/job-listings"}],"about":[{"href":"https:\/\/enoguia.cat\/es\/wp-json\/wp\/v2\/types\/job_listing"}],"replies":[{"embeddable":true,"href":"https:\/\/enoguia.cat\/es\/wp-json\/wp\/v2\/comments?post=15095"}],"version-history":[{"count":6,"href":"https:\/\/enoguia.cat\/es\/wp-json\/wp\/v2\/job-listings\/15095\/revisions"}],"predecessor-version":[{"id":25969,"href":"https:\/\/enoguia.cat\/es\/wp-json\/wp\/v2\/job-listings\/15095\/revisions\/25969"}],"wp:featuredmedia":[{"embeddable":true,"href":"https:\/\/enoguia.cat\/es\/wp-json\/wp\/v2\/media\/13990"}],"wp:attachment":[{"href":"https:\/\/enoguia.cat\/es\/wp-json\/wp\/v2\/media?parent=15095"}],"wp:term":[{"taxonomy":"job_listing_category","embeddable":true,"href":"https:\/\/enoguia.cat\/es\/wp-json\/wp\/v2\/job-categories?post=15095"}],"curies":[{"name":"wp","href":"https:\/\/api.w.org\/{rel}","templated":true}]}}