{"id":15663,"date":"2017-12-01T22:12:41","date_gmt":"2017-12-01T20:12:41","guid":{"rendered":"http:\/\/enoguia.cat\/es\/?post_type=job_listing&#038;p=15663"},"modified":"2020-09-23T23:23:02","modified_gmt":"2020-09-23T21:23:02","slug":"sierra-major-montsant-priorat-enoturisme","status":"publish","type":"job_listing","link":"https:\/\/enoguia.cat\/es\/listings\/sierra-major-montsant-priorat-enoturisme\/","title":{"rendered":"La Serra Major del Montsant"},"content":{"rendered":"<div class=\"ficha-ruta\">\n<div class=\"fila-ficha-ruta\"><strong class=\"subtitulo1\"><img src=\"http:\/\/enoguia.cat\/img\/tiempo.png\" \/>\u00a0<span style=\"color: #993300;\">Duraci\u00f3n:<\/span><\/strong><span class=\"subtitulo2\">\u00a04:30h + 1:30h (visita y cata)<br \/>\n<\/span><\/div>\n<div class=\"fila-ficha-ruta\"><strong class=\"subtitulo1\"><img src=\"http:\/\/enoguia.cat\/img\/distancia.png\" \/>\u00a0<\/strong><span style=\"color: #993300;\"><strong>Distancia:<\/strong><\/span><span class=\"subtitulo2\">\u00a010,5 km<\/span><\/div>\n<div class=\"fila-ficha-ruta\"><strong class=\"subtitulo1\"><img src=\"http:\/\/enoguia.cat\/img\/facil.png\" \/>\u00a0<\/strong><strong><span style=\"color: #993300;\">Dificultad:<\/span>\u00a0<\/strong><span class=\"subtitulo2\">Media<\/span><\/div>\n<div class=\"fila-ficha-ruta\"><strong class=\"subtitulo1\"><img src=\"http:\/\/enoguia.cat\/img\/desnivell.png\" \/>\u00a0<span style=\"color: #993300;\">Desnivel<\/span><\/strong><strong><span style=\"color: #993300;\">:<\/span>\u00a0<\/strong><span class=\"subtitulo2\">650 m<\/span><\/div>\n<\/div>\n<p><!-- .ficha-ruta --><br \/>\n<span class=\"alignnone\"><img loading=\"lazy\" class=\"alignnone size-full wp-image-15745\" src=\"http:\/\/enoguia.cat\/wp-content\/uploads\/2018\/03\/Plano-enoguia-e1520866788632.png\" alt=\"Plano-enoguia\" width=\"65\" height=\"54\" \/><\/span> <a href=\"https:\/\/es.wikiloc.com\/wikiloc\/view.do?id=6121843\" target=\"_blank\" rel=\"noopener noreferrer\" class=\"broken_link\"><strong><span class=\"subtitulo2\">Ver ruta y track GPS<\/span><\/strong><\/a><\/p>\n<p><span style=\"color: #808080;\"><em><span class=\"cuerpo-resumen\">La Morera de Montsant <span style=\"color: #333333;\"><i class=\"fa fa-arrow-circle-right fa- \" ><\/i><\/span> Grau de l&#8217;Agnet <span style=\"color: #333333;\"><i class=\"fa fa-arrow-circle-right fa- \" ><\/i><\/span> Serra Major <span style=\"color: #333333;\"><i class=\"fa fa-arrow-circle-right fa- \" ><\/i><\/span> Clot del Cirer <span style=\"color: #333333;\"><i class=\"fa fa-arrow-circle-right fa- \" ><\/i><\/span> Rac\u00f3 de Misa <span style=\"color: #333333;\"><i class=\"fa fa-arrow-circle-right fa- \" ><\/i><\/span> La Morera de Montsant <span style=\"color: #333333;\"><i class=\"fa fa-arrow-circle-right fa- \" ><\/i><\/span> Celler Pasanau (visita y cata)<\/span><\/em><\/span><\/p>\n<div class=\"contenido-ruta\">\n<p><strong><span style=\"color: #993300;\">Ruta<\/span><br \/>\n<\/strong>Empezamos a caminar des de lo alto del pueblo de\u00a0<strong>La Morera de Montsant<\/strong>\u00a0(743 m), vamos siguiendo las marcas del\u00a0<strong>GR-171<\/strong>\u00a0en direcci\u00f3n Norte. A los pocos metros dejamos a la derecha el sendero que nos llevar\u00eda a la\u00a0<strong>Serra Major<\/strong>\u00a0por el camino dels Fareus, por el Grau del Carrasclet y el Grau de Barrots, estos dos \u00faltimos equipados con clavijas y grapas para progresar.<\/p>\n<p>Nosotros seguiremos las marcas rojas y blancas del GR en c\u00f3moda progresi\u00f3n.<\/p>\n<p>Al poco dejamos una nueva bifurcaci\u00f3n, que ahora por nuestra izquierda se dirige al Grau de la Grallera. Seguimos avanzando hasta llegar a una zona donde ser\u00e1 necesario usar las manos para progresar. El camino se encajona. Estamos en el\u00a0<strong>Grau de l\u2019Agnet<\/strong>, que ser\u00e1 nuestro paso natural para superar la verticalidad de esta zona.<\/p>\n<p>Superados los \u00faltimos pasos notamos como el viento empieza a arreciar y es necesario buscar un lugar resguardado para desayunar. Lo hacemos en el fondo de un peque\u00f1o valle.<\/p>\n<p>Nuevamente en marcha, continuamos las marcas del\u00a0<strong>GR-171<\/strong>\u00a0hasta llegar a la\u00a0<strong>Serra Major<\/strong>\u00a0(1.132 m), ahora iremos direcci\u00f3n Cabac\u00e9s (Oeste). Continua el fuerte viento habitual de esta zona. Mirando hacia el Norte disfrutamos de unas espl\u00e9ndidas vistas de todo el Pirineo nevado, desde Navarra a Girona.<\/p>\n<p>Llegamos al\u00a0<strong>Pil\u00f3 de Senyalets<\/strong>, un enorme punto geod\u00e9sico y en breve lo hacemos al torcido\u00a0<strong>pino del Cugat<\/strong>. Aqu\u00ed dejamos la senda principal y bajamos en direcci\u00f3n al\u00a0<strong>Comellar de l\u2019Obac dels Frares<\/strong>. Tenemos un \u00faltimo paso antes de entrar el en fant\u00e1stico\u00a0<strong>Clot del Cirer<\/strong>, un lugar de espectacular belleza y tranquilidad. Cuenta con una fuente de agua. Aqu\u00ed es donde comeremos tranquilamente. Antiguamente en medio del Clot (agujero) exist\u00eda un cerezo, este muri\u00f3 y en su lugar plantaron otro tipo de \u00e1rbol.<\/p>\n<p>Despu\u00e9s de una peque\u00f1a siesta abandonamos el Clot por su parte inferior para subir fuerte y de forma continuada. Tenemos que ir a buscar de nuevo la\u00a0<strong>Serra Major del Montsant<\/strong>\u00a0y una vez all\u00ed cruzamos el sendero principal e iniciamos la bajada por el\u00a0<strong>barranco del Mir\u00f3<\/strong>.<\/p>\n<p>Llegaremos a la espectacular zona del\u00a0<strong>Rac\u00f3 de Misa<\/strong>\u00a0y posteriormente iniciaremos la bajada por el\u00a0<strong>Grau de Salfores<\/strong>, en algunas ocasiones necesitaremos ayudarnos de las manos y hay que estar atentos a la multitud de cantos rodados que hay en la senda puesto que es muy f\u00e1cil resbalar.<\/p>\n<p>Al fondo vemos nuestro destino final, el pueblo de La Morera al que llegaremos de forma c\u00f3moda. Justo en la entrada del pueblo tenemos la bodega\u00a0<a href=\"http:\/\/enoguia.cat\/listings\/celler-pasanau\/\" target=\"_blank\" rel=\"noopener noreferrer\"><strong>Pasanau<\/strong><\/a>\u00a0perteneciente a la DOC Priorat, que visitaremos de manos de Ricard Pasanau que nos descubrir\u00e1 unos vinos que adquieren la personalidad de esta zona tan agreste y particular.<\/p>\n<p>Nos alojaremos en el\u00a0<strong>Hotel Balc\u00f3 del Priorat<\/strong>. A la ma\u00f1ana siguiente dejaremos el pueblo para seguir ruta hacia el monasterio de\u00a0<strong>La Cartuja de Scala Dei<\/strong>. (\u00a0<a href=\"https:\/\/oscarmanrique.wordpress.com\/2014\/02\/25\/la-morera-de-montsant-a-escaladei-ciclo-vinos-y-caminos\/\">&gt;&gt; Ver ruta hacia Scala Dei<\/a>).<\/p>\n<p><em><span style=\"color: #993300;\"><strong>Nota:<\/strong><\/span> los tiempos siempre son aproximados. Realizar la salida solo o con un grupo numeroso puede alterar mucho los tiempos parciales y el total final.<\/em><\/p>\n<div class=\"contenido-ruta\">\n<hr \/>\n<p style=\"text-align: center;\"><img loading=\"lazy\" class=\"wp-image-15723\" src=\"http:\/\/enoguia.cat\/wp-content\/uploads\/2018\/03\/Vins-i-camins-enoguia.png\" alt=\"Vins-i-camins-enoguia\" width=\"260\" height=\"135\" srcset=\"https:\/\/enoguia.cat\/wp-content\/uploads\/2018\/03\/Vins-i-camins-enoguia.png 381w, https:\/\/enoguia.cat\/wp-content\/uploads\/2018\/03\/Vins-i-camins-enoguia-300x156.png 300w\" sizes=\"(max-width: 260px) 100vw, 260px\" \/><span style=\"color: inherit; font-family: inherit; font-size: inherit;\"><br \/>\nSi quieres\u00a0<strong>disfrutar <\/strong>de la\u00a0<strong>naturaleza<\/strong> y conocer nuestras\u00a0<strong>bodegas<\/strong><\/span><span style=\"color: inherit; font-family: inherit; font-size: inherit;\">&#8230;<br \/>\n<\/span><strong style=\"color: inherit; font-family: inherit; font-size: inherit;\">\u00a1Este es el camino!<\/strong><\/p>\n<\/div>\n<p style=\"text-align: center;\"><i class=\"fa fa-envelope fa- \" ><\/i>\u00a0<a href=\"https:\/\/vins-i-camins.enoguia.cat\/vins_i_camins_apuntat.php\" target=\"_blank\" rel=\"noopener noreferrer\" class=\"broken_link\"><strong>Ap\u00fantate al pr\u00f3ximo Vinos y Caminos<\/strong><\/a><\/p>\n<\/div>\n","protected":false},"featured_media":15670,"comment_status":"open","ping_status":"closed","template":"","meta":{"_company_tagline":"por el maravilloso Clot del Cirer","_job_location":"La Morera de Montsant","_company_website":"","_company_twitter":"","_filled":1,"_featured":0,"_joinchat":[]},"job-categories":[300,424],"yoast_head":"<!-- This site is optimized with the Yoast SEO plugin v19.7.1 - https:\/\/yoast.com\/wordpress\/plugins\/seo\/ -->\n<title>\u25b7 Serra Major Montsant \u2022 DO Montsant \u2022 La Morera de Montsant<\/title>\n<meta name=\"description\" content=\"\u2705 La Serra Major del Montsant y el Clot del Cirer son lugares emblem\u00e1ticos de esta sierra. \u2665\ufe0f Descubre el Priorat aut\u00e9ntico.\" \/>\n<meta name=\"robots\" content=\"index, follow, max-snippet:-1, max-image-preview:large, max-video-preview:-1\" \/>\n<link rel=\"canonical\" href=\"https:\/\/enoguia.cat\/es\/listings\/sierra-major-montsant-priorat-enoturisme\/\" \/>\n<meta property=\"og:locale\" content=\"es_ES\" \/>\n<meta property=\"og:type\" content=\"article\" \/>\n<meta property=\"og:title\" content=\"\u25b7 Serra Major Montsant \u2022 DO Montsant \u2022 La Morera de Montsant\" \/>\n<meta property=\"og:description\" content=\"\u2705 La Serra Major del Montsant y el Clot del Cirer son lugares emblem\u00e1ticos de esta sierra. \u2665\ufe0f Descubre el Priorat aut\u00e9ntico.\" \/>\n<meta property=\"og:url\" content=\"https:\/\/enoguia.cat\/es\/listings\/sierra-major-montsant-priorat-enoturisme\/\" \/>\n<meta property=\"og:site_name\" content=\"Descubre las bodegas que te rodean. Enoturismo y catas.\" \/>\n<meta property=\"article:publisher\" content=\"https:\/\/www.facebook.com\/enoguia\" \/>\n<meta property=\"article:modified_time\" content=\"2020-09-23T21:23:02+00:00\" \/>\n<meta property=\"og:image\" content=\"https:\/\/enoguia.cat\/wp-content\/uploads\/2017\/12\/Enoguia-morera-montsant-priorat-pasanau-celler-01.jpg\" \/>\n\t<meta property=\"og:image:width\" content=\"1000\" \/>\n\t<meta property=\"og:image:height\" content=\"559\" \/>\n\t<meta property=\"og:image:type\" content=\"image\/jpeg\" \/>\n<meta name=\"twitter:card\" content=\"summary_large_image\" \/>\n<meta name=\"twitter:label1\" content=\"Tiempo de lectura\" \/>\n\t<meta name=\"twitter:data1\" content=\"3 minutos\" \/>\n<script type=\"application\/ld+json\" class=\"yoast-schema-graph\">{\"@context\":\"https:\/\/schema.org\",\"@graph\":[{\"@type\":\"WebPage\",\"@id\":\"https:\/\/enoguia.cat\/es\/listings\/sierra-major-montsant-priorat-enoturisme\/\",\"url\":\"https:\/\/enoguia.cat\/es\/listings\/sierra-major-montsant-priorat-enoturisme\/\",\"name\":\"\u25b7 Serra Major Montsant \u2022 DO Montsant \u2022 La Morera de Montsant\",\"isPartOf\":{\"@id\":\"https:\/\/enoguia.cat\/es\/#website\"},\"datePublished\":\"2017-12-01T20:12:41+00:00\",\"dateModified\":\"2020-09-23T21:23:02+00:00\",\"description\":\"\u2705 La Serra Major del Montsant y el Clot del Cirer son lugares emblem\u00e1ticos de esta sierra. \u2665\ufe0f Descubre el Priorat aut\u00e9ntico.\",\"breadcrumb\":{\"@id\":\"https:\/\/enoguia.cat\/es\/listings\/sierra-major-montsant-priorat-enoturisme\/#breadcrumb\"},\"inLanguage\":\"es\",\"potentialAction\":[{\"@type\":\"ReadAction\",\"target\":[\"https:\/\/enoguia.cat\/es\/listings\/sierra-major-montsant-priorat-enoturisme\/\"]}]},{\"@type\":\"BreadcrumbList\",\"@id\":\"https:\/\/enoguia.cat\/es\/listings\/sierra-major-montsant-priorat-enoturisme\/#breadcrumb\",\"itemListElement\":[{\"@type\":\"ListItem\",\"position\":1,\"name\":\"Inici\",\"item\":\"https:\/\/enoguia.cat\/es\/donde-conseguir-la-guia-en-papel\/descubre-las-bodegas-que-te-rodean\/\"},{\"@type\":\"ListItem\",\"position\":2,\"name\":\"Bodegas\",\"item\":\"https:\/\/enoguia.cat\/es\/jobs\/\"},{\"@type\":\"ListItem\",\"position\":3,\"name\":\"La Serra Major del Montsant\"}]},{\"@type\":\"WebSite\",\"@id\":\"https:\/\/enoguia.cat\/es\/#website\",\"url\":\"https:\/\/enoguia.cat\/es\/\",\"name\":\"Descubre las bodegas que te rodean. Enoturismo y catas.\",\"description\":\"Enoturismo y visita a bodegas con cata de vinos\",\"publisher\":{\"@id\":\"https:\/\/enoguia.cat\/es\/#organization\"},\"potentialAction\":[{\"@type\":\"SearchAction\",\"target\":{\"@type\":\"EntryPoint\",\"urlTemplate\":\"https:\/\/enoguia.cat\/es\/?s={search_term_string}\"},\"query-input\":\"required name=search_term_string\"}],\"inLanguage\":\"es\"},{\"@type\":\"Organization\",\"@id\":\"https:\/\/enoguia.cat\/es\/#organization\",\"name\":\"Enoguia\",\"url\":\"https:\/\/enoguia.cat\/es\/\",\"sameAs\":[\"https:\/\/www.instagram.com\/enoguia_wine_tourism\/\",\"https:\/\/www.youtube.com\/channel\/UCf2tcJLd4dF_O4oxWZ_-kmg\",\"https:\/\/www.facebook.com\/enoguia\"],\"logo\":{\"@type\":\"ImageObject\",\"inLanguage\":\"es\",\"@id\":\"https:\/\/enoguia.cat\/es\/#\/schema\/logo\/image\/\",\"url\":\"http:\/\/enoguia.cat\/wp-content\/uploads\/2017\/05\/logo-enoguia.png\",\"contentUrl\":\"http:\/\/enoguia.cat\/wp-content\/uploads\/2017\/05\/logo-enoguia.png\",\"width\":298,\"height\":103,\"caption\":\"Enoguia\"},\"image\":{\"@id\":\"https:\/\/enoguia.cat\/es\/#\/schema\/logo\/image\/\"}}]}<\/script>\n<!-- \/ Yoast SEO plugin. -->","yoast_head_json":{"title":"\u25b7 Serra Major Montsant \u2022 DO Montsant \u2022 La Morera de Montsant","description":"\u2705 La Serra Major del Montsant y el Clot del Cirer son lugares emblem\u00e1ticos de esta sierra. \u2665\ufe0f Descubre el Priorat aut\u00e9ntico.","robots":{"index":"index","follow":"follow","max-snippet":"max-snippet:-1","max-image-preview":"max-image-preview:large","max-video-preview":"max-video-preview:-1"},"canonical":"https:\/\/enoguia.cat\/es\/listings\/sierra-major-montsant-priorat-enoturisme\/","og_locale":"es_ES","og_type":"article","og_title":"\u25b7 Serra Major Montsant \u2022 DO Montsant \u2022 La Morera de Montsant","og_description":"\u2705 La Serra Major del Montsant y el Clot del Cirer son lugares emblem\u00e1ticos de esta sierra. \u2665\ufe0f Descubre el Priorat aut\u00e9ntico.","og_url":"https:\/\/enoguia.cat\/es\/listings\/sierra-major-montsant-priorat-enoturisme\/","og_site_name":"Descubre las bodegas que te rodean. Enoturismo y catas.","article_publisher":"https:\/\/www.facebook.com\/enoguia","article_modified_time":"2020-09-23T21:23:02+00:00","og_image":[{"width":1000,"height":559,"url":"https:\/\/enoguia.cat\/wp-content\/uploads\/2017\/12\/Enoguia-morera-montsant-priorat-pasanau-celler-01.jpg","type":"image\/jpeg"}],"twitter_card":"summary_large_image","twitter_misc":{"Tiempo de lectura":"3 minutos"},"schema":{"@context":"https:\/\/schema.org","@graph":[{"@type":"WebPage","@id":"https:\/\/enoguia.cat\/es\/listings\/sierra-major-montsant-priorat-enoturisme\/","url":"https:\/\/enoguia.cat\/es\/listings\/sierra-major-montsant-priorat-enoturisme\/","name":"\u25b7 Serra Major Montsant \u2022 DO Montsant \u2022 La Morera de Montsant","isPartOf":{"@id":"https:\/\/enoguia.cat\/es\/#website"},"datePublished":"2017-12-01T20:12:41+00:00","dateModified":"2020-09-23T21:23:02+00:00","description":"\u2705 La Serra Major del Montsant y el Clot del Cirer son lugares emblem\u00e1ticos de esta sierra. \u2665\ufe0f Descubre el Priorat aut\u00e9ntico.","breadcrumb":{"@id":"https:\/\/enoguia.cat\/es\/listings\/sierra-major-montsant-priorat-enoturisme\/#breadcrumb"},"inLanguage":"es","potentialAction":[{"@type":"ReadAction","target":["https:\/\/enoguia.cat\/es\/listings\/sierra-major-montsant-priorat-enoturisme\/"]}]},{"@type":"BreadcrumbList","@id":"https:\/\/enoguia.cat\/es\/listings\/sierra-major-montsant-priorat-enoturisme\/#breadcrumb","itemListElement":[{"@type":"ListItem","position":1,"name":"Inici","item":"https:\/\/enoguia.cat\/es\/donde-conseguir-la-guia-en-papel\/descubre-las-bodegas-que-te-rodean\/"},{"@type":"ListItem","position":2,"name":"Bodegas","item":"https:\/\/enoguia.cat\/es\/jobs\/"},{"@type":"ListItem","position":3,"name":"La Serra Major del Montsant"}]},{"@type":"WebSite","@id":"https:\/\/enoguia.cat\/es\/#website","url":"https:\/\/enoguia.cat\/es\/","name":"Descubre las bodegas que te rodean. Enoturismo y catas.","description":"Enoturismo y visita a bodegas con cata de vinos","publisher":{"@id":"https:\/\/enoguia.cat\/es\/#organization"},"potentialAction":[{"@type":"SearchAction","target":{"@type":"EntryPoint","urlTemplate":"https:\/\/enoguia.cat\/es\/?s={search_term_string}"},"query-input":"required name=search_term_string"}],"inLanguage":"es"},{"@type":"Organization","@id":"https:\/\/enoguia.cat\/es\/#organization","name":"Enoguia","url":"https:\/\/enoguia.cat\/es\/","sameAs":["https:\/\/www.instagram.com\/enoguia_wine_tourism\/","https:\/\/www.youtube.com\/channel\/UCf2tcJLd4dF_O4oxWZ_-kmg","https:\/\/www.facebook.com\/enoguia"],"logo":{"@type":"ImageObject","inLanguage":"es","@id":"https:\/\/enoguia.cat\/es\/#\/schema\/logo\/image\/","url":"http:\/\/enoguia.cat\/wp-content\/uploads\/2017\/05\/logo-enoguia.png","contentUrl":"http:\/\/enoguia.cat\/wp-content\/uploads\/2017\/05\/logo-enoguia.png","width":298,"height":103,"caption":"Enoguia"},"image":{"@id":"https:\/\/enoguia.cat\/es\/#\/schema\/logo\/image\/"}}]}},"_links":{"self":[{"href":"https:\/\/enoguia.cat\/es\/wp-json\/wp\/v2\/job-listings\/15663"}],"collection":[{"href":"https:\/\/enoguia.cat\/es\/wp-json\/wp\/v2\/job-listings"}],"about":[{"href":"https:\/\/enoguia.cat\/es\/wp-json\/wp\/v2\/types\/job_listing"}],"replies":[{"embeddable":true,"href":"https:\/\/enoguia.cat\/es\/wp-json\/wp\/v2\/comments?post=15663"}],"version-history":[{"count":1,"href":"https:\/\/enoguia.cat\/es\/wp-json\/wp\/v2\/job-listings\/15663\/revisions"}],"predecessor-version":[{"id":15664,"href":"https:\/\/enoguia.cat\/es\/wp-json\/wp\/v2\/job-listings\/15663\/revisions\/15664"}],"wp:featuredmedia":[{"embeddable":true,"href":"https:\/\/enoguia.cat\/es\/wp-json\/wp\/v2\/media\/15670"}],"wp:attachment":[{"href":"https:\/\/enoguia.cat\/es\/wp-json\/wp\/v2\/media?parent=15663"}],"wp:term":[{"taxonomy":"job_listing_category","embeddable":true,"href":"https:\/\/enoguia.cat\/es\/wp-json\/wp\/v2\/job-categories?post=15663"}],"curies":[{"name":"wp","href":"https:\/\/api.w.org\/{rel}","templated":true}]}}