{"id":15837,"date":"2018-03-31T22:14:42","date_gmt":"2018-03-31T20:14:42","guid":{"rendered":"http:\/\/enoguia.cat\/?post_type=job_listing&#038;p=15837"},"modified":"2022-02-09T22:55:05","modified_gmt":"2022-02-09T20:55:05","slug":"viajes-y-enoturismo-celler-cecilio","status":"publish","type":"job_listing","link":"https:\/\/enoguia.cat\/es\/listings\/viajes-y-enoturismo-celler-cecilio\/","title":{"rendered":"Bodega Celler Cecilio"},"content":{"rendered":"<div class=\"page\" title=\"Page 57\">\n<div class=\"section\">\n<div class=\"layoutArea\">\n<div class=\"column\">\n<p class=\"p1\">La primera bodega inscrita en la DOC Priorat fue fundada por el padre del actual propietario y ha mantenido una actividad ininterrumpida desde el a\u00f1o de su fundaci\u00f3n en 1942, siempre con el mismo esp\u00edritu de superaci\u00f3n. Visitar sus instalaciones es hacer un viaje en el tiempo, es revivir el pasado y mirar al futuro. <span style=\"color: inherit; font-family: inherit; font-size: inherit;\">\u00a9Enoguia<\/span><\/p>\n<p><img id=\"this_one\" src=\"http:\/\/enoguia.cat\/img\/icon_bottle.png\" \/>\u00a0 50.000\u00a0 \u00a0<img id=\"this_two\" src=\"http:\/\/enoguia.cat\/img\/icon_hect.png\" \/>\u00a0 10 ha<\/p>\n<\/div>\n<\/div>\n<\/div>\n<\/div>\n<h2><strong>Visitas y enoturismo en bodega Celler Cecilio<\/strong><\/h2>\n<p><img src=\"http:\/\/enoguia.cat\/img\/icon_hora.png\" \/> Concertar visita<span style=\"color: inherit; font-family: inherit; font-size: inherit;\"><br \/>\n<\/span><img style=\"color: inherit; font-family: inherit; font-size: inherit;\" src=\"http:\/\/enoguia.cat\/img\/icon_message.png\" \/><span style=\"color: inherit; font-family: inherit; font-size: inherit;\">\u00a0 CA \/ ES<br \/>\n<\/span><img style=\"color: inherit; font-family: inherit; font-size: inherit;\" src=\"http:\/\/enoguia.cat\/img\/icon_wine.png\" \/><span style=\"color: inherit; font-family: inherit; font-size: inherit;\">\u00a0 \u00a04 Vinos<br \/>\n<\/span><img style=\"color: inherit; font-family: inherit; font-size: inherit;\" src=\"http:\/\/enoguia.cat\/img\/icon_people.png\" \/><span style=\"color: inherit; font-family: inherit; font-size: inherit;\">\u00a0 1 m\u00edn &#8211; 20 m\u00e1x<br \/>\n<img style=\"color: inherit; font-family: inherit; font-size: inherit;\" src=\"http:\/\/enoguia.cat\/img\/icon-vinyes.png\" \/>\u00a0\u00a0Visita vi\u00f1as<br \/>\n<\/span><\/p>\n<div id=\"produccio_titol\">\n<div id=\"informacio_celler\">\n<h2><strong>Vinos de la bodega Celler Cecilio<br \/>\n<\/strong><\/h2>\n<p>\u2022 Cecilio Negre<br \/>\n\u2022 L&#8217;Espill<br \/>\n\u2022 l&#8217;Udol<\/p>\n<p><b><span data-contrast=\"auto\">Celler<\/span><\/b><b><span data-contrast=\"auto\">\u00a0Cecilio<\/span><\/b><span data-contrast=\"auto\">\u00a0es una\u00a0<\/span><b><span data-contrast=\"auto\">bodega familiar<\/span><\/b><span data-contrast=\"auto\">\u00a0situada en el municipio de\u00a0<\/span><span data-contrast=\"auto\">Gratallops<\/span><span data-contrast=\"auto\">, en la\u00a0<\/span><b><span data-contrast=\"auto\">DOC Priorat<\/span><\/b><span data-contrast=\"auto\">. La bodega fue fundada en el a\u00f1o 1942 por Cecilio Vicent, procedente de Castell\u00f3n. La Guerra Civil Espa\u00f1ola lo trajo hasta este pueblo, donde conoci\u00f3 a su mujer, propietaria de muchas tierras en la comarca del Priorato. Vicent recuper\u00f3 estas tierras y las replant\u00f3. <\/span><\/p>\n<p><span data-contrast=\"auto\">Antes de abrir su propia bodega, fue socio de la Cooperativa Vin\u00edcola de <\/span><span data-contrast=\"auto\">Gratallops<\/span><span data-contrast=\"auto\">, pero como no pod\u00eda enviar el vino que produc\u00edan a Castell\u00f3n, decidi\u00f3 estudiar enolog\u00eda y fundar su propia bodega que le permitiera comercializar con su pueblo de origen. Desde 1942 la bodega no ha dejado de vinificar. <\/span><\/p>\n<p><span data-contrast=\"auto\">La historia de la bodega empez\u00f3 con un solo hombre, y ahora toda la familia rige la bodega, la cual trabaja las m\u00e1s de 10 hect\u00e1reas que poseen en propiedad. Durante el transcurso de los a\u00f1os la familia ha renovado, modernizado y ampliado la bodega sin perder la esencia familiar y tradicional, que se ve reflejada en sus vinos.<\/span><\/p>\n<p><strong>Celler<\/strong><span data-contrast=\"auto\"><strong>\u00a0Cecilio<\/strong> fue la primera bodega inscrita en el\u00a0<\/span><b><span data-contrast=\"auto\">Consejo Regulador de la Denominaci\u00f3n de Origen Calificada Priorat<\/span><\/b><span data-contrast=\"auto\">, siendo as\u00ed la primera bodega registrada con la DOC Priorat.<\/span><\/p>\n<p><span data-contrast=\"auto\">Actualmente, las instalaciones de la bodega cuentan con la \u00faltima tecnolog\u00eda, aunque la familia quiere conservar la tradici\u00f3n de la bodega, conservando la est\u00e9tica original. En la bodega interior se incorpor\u00f3 al cabo de los a\u00f1os una zona polivalente donde hacer la vendimia, la prensa, el embotellamiento, etc. La bodega tambi\u00e9n cuenta con una zona de ventas y atenci\u00f3n al cliente.<\/span><\/p>\n<p><span data-contrast=\"auto\">Los vi\u00f1edos, que ocupan m\u00e1s de 10 hect\u00e1reas, est\u00e1n plantados sobre un terreno rocoso de pizarra\u00a0<\/span><b><i><span data-contrast=\"auto\">llicorella<\/span><\/i><\/b><span data-contrast=\"auto\">, la cual hace que la vi\u00f1a tenga una escasa producci\u00f3n, pero tambi\u00e9n le otorga una calidad excepcional, caracter\u00edstica de la DOC Priorat. Estas 10 hect\u00e1reas de terreno est\u00e1n repartidas entre cinco fincas: <\/span><b><span data-contrast=\"auto\">Els <\/span><\/b><b><span data-contrast=\"auto\">Espills<\/span><\/b><span data-contrast=\"auto\">, recuperada despu\u00e9s de la filoxera es la \u00fanica finca donde las cepas son en forma de vaso, poseen m\u00e1s de 65 a\u00f1os y las ra\u00edces tienen m\u00e1s de 8 metros de profundidad. La finca ocupa casi tres hect\u00e1reas donde predominan las variedades de garnacha negra y cari\u00f1ena. <\/span><b><span data-contrast=\"auto\">La Plana<\/span><\/b><span data-contrast=\"auto\">, replantada durante los a\u00f1os ochenta, cuenta con poco m\u00e1s de una hect\u00e1rea y predominan las variedades de garnacha negra y garnacha blanca.\u00a0<\/span><b><span data-contrast=\"auto\">Mas\u00a0<\/span><\/b><b><span data-contrast=\"auto\">d\u2019en<\/span><\/b><b><span data-contrast=\"auto\">\u00a0Corral,\u00a0<\/span><\/b><span data-contrast=\"auto\">la \u00fanica finca que no se encuentra en el t\u00e9rmino municipal de <\/span><span data-contrast=\"auto\">Gratallops<\/span><span data-contrast=\"auto\">, sino en El\u00a0<\/span><span data-contrast=\"auto\">Lloar<\/span><span data-contrast=\"auto\">, cuenta con una extensi\u00f3n de tres hect\u00e1reas, y se plantan las variedades de garnacha blanca, garnacha negra y cari\u00f1ena.\u00a0<\/span><b><span data-contrast=\"auto\">La\u00a0<\/span><\/b><b><span data-contrast=\"auto\">Sort<\/span><\/b><span data-contrast=\"auto\">, la finca m\u00e1s cercana al pueblo, ocupa media hect\u00e1rea y se plantan cepas de garnacha negra.\u00a0<\/span><b><span data-contrast=\"auto\">L\u2019Aubada<\/span><\/b><span data-contrast=\"auto\">, la \u00fanica finca que no es heredada, sino comprada, antes produc\u00eda aceituna, pero la familia plant\u00f3 vi\u00f1a de las variedades garnacha negra y syrah.<\/span><\/p>\n<p><span data-contrast=\"auto\">No tienes ninguna excusa para perderte esta aut\u00e9ntica experiencia, ven a hacer enoturismo a la primera bodega registrada a la <strong>DOC Priorat<\/strong>, ven a conocer los <\/span><span data-contrast=\"auto\">or\u00edgenes<\/span><span data-contrast=\"auto\"> de esta Denominaci\u00f3n de Origen.<\/span><\/p>\n<p>&gt;&gt; Visita tambi\u00e9n <a href=\"http:\/\/enoguia.cat\/es\/listings\/turismo-vinos-enologicos-clos-mogador\/\" target=\"_blank\" rel=\"noopener noreferrer\"><strong>Clos Mogador<\/strong><\/a><br \/>\n&gt;&gt; Conoce la <a href=\"http:\/\/doqpriorat.org\/es\" target=\"_blank\" rel=\"noopener noreferrer\"><strong>DOC Priorat<\/strong><\/a><\/p>\n<\/div>\n<\/div>\n<div id=\"produccio_titol\"><\/div>\n<div id=\"produccio_titol\">\n<div id=\"informacio_celler\"><\/div>\n<\/div>\n<div id=\"produccio_titol\">\n<div id=\"informacio_celler\"><\/div>\n<\/div>\n","protected":false},"featured_media":15968,"comment_status":"open","ping_status":"closed","template":"","meta":{"_company_tagline":"DO Priorat","_job_location":"Pir\u00f3, 28 43737 Gratallops","_company_website":"","_company_twitter":"","_filled":0,"_featured":0,"_joinchat":{"telephone":"+34619482121","message_text":"*\u00a1Hola! soy \u00d3scar...*\n\u00bfQuieres reservar en {TITLE}?\nDime para que d\u00eda."}},"job-categories":[300],"yoast_head":"<!-- This site is optimized with the Yoast SEO plugin v19.7.1 - https:\/\/yoast.com\/wordpress\/plugins\/seo\/ -->\n<title>Viajes y enoturismo Priorat \u2022 Celler Cecilio \u2022 DOQ Priorat<\/title>\n<meta name=\"description\" content=\"Viajes y enoturismo. Celler Cecilio. Visitar sus instalaciones \u00e9s hacer un viaje en el tiempo, \u00e9s revivir el pasado. \u00a1Reserva ahora!\" \/>\n<meta name=\"robots\" content=\"index, follow, max-snippet:-1, max-image-preview:large, max-video-preview:-1\" \/>\n<link rel=\"canonical\" href=\"https:\/\/enoguia.cat\/es\/listings\/viajes-y-enoturismo-celler-cecilio\/\" \/>\n<meta property=\"og:locale\" content=\"es_ES\" \/>\n<meta property=\"og:type\" content=\"article\" \/>\n<meta property=\"og:title\" content=\"Viajes y enoturismo Priorat \u2022 Celler Cecilio \u2022 DOQ Priorat\" \/>\n<meta property=\"og:description\" content=\"Viajes y enoturismo. Celler Cecilio. Visitar sus instalaciones \u00e9s hacer un viaje en el tiempo, \u00e9s revivir el pasado. \u00a1Reserva ahora!\" \/>\n<meta property=\"og:url\" content=\"https:\/\/enoguia.cat\/es\/listings\/viajes-y-enoturismo-celler-cecilio\/\" \/>\n<meta property=\"og:site_name\" content=\"Descubre las bodegas que te rodean. Enoturismo y catas.\" \/>\n<meta property=\"article:publisher\" content=\"https:\/\/www.facebook.com\/enoguia\" \/>\n<meta property=\"article:modified_time\" content=\"2022-02-09T20:55:05+00:00\" \/>\n<meta property=\"og:image\" content=\"https:\/\/enoguia.cat\/wp-content\/uploads\/2018\/04\/DO-Priorat-Celler-Cecilio-Gratallops-01.jpg\" \/>\n\t<meta property=\"og:image:width\" content=\"1000\" \/>\n\t<meta property=\"og:image:height\" content=\"500\" \/>\n\t<meta property=\"og:image:type\" content=\"image\/jpeg\" \/>\n<meta name=\"twitter:card\" content=\"summary_large_image\" \/>\n<meta name=\"twitter:label1\" content=\"Tiempo de lectura\" \/>\n\t<meta name=\"twitter:data1\" content=\"5 minutos\" \/>\n<script type=\"application\/ld+json\" class=\"yoast-schema-graph\">{\"@context\":\"https:\/\/schema.org\",\"@graph\":[{\"@type\":\"WebPage\",\"@id\":\"https:\/\/enoguia.cat\/es\/listings\/viajes-y-enoturismo-celler-cecilio\/\",\"url\":\"https:\/\/enoguia.cat\/es\/listings\/viajes-y-enoturismo-celler-cecilio\/\",\"name\":\"Viajes y enoturismo Priorat \u2022 Celler Cecilio \u2022 DOQ Priorat\",\"isPartOf\":{\"@id\":\"https:\/\/enoguia.cat\/es\/#website\"},\"datePublished\":\"2018-03-31T20:14:42+00:00\",\"dateModified\":\"2022-02-09T20:55:05+00:00\",\"description\":\"Viajes y enoturismo. Celler Cecilio. Visitar sus instalaciones \u00e9s hacer un viaje en el tiempo, \u00e9s revivir el pasado. \u00a1Reserva ahora!\",\"breadcrumb\":{\"@id\":\"https:\/\/enoguia.cat\/es\/listings\/viajes-y-enoturismo-celler-cecilio\/#breadcrumb\"},\"inLanguage\":\"es\",\"potentialAction\":[{\"@type\":\"ReadAction\",\"target\":[\"https:\/\/enoguia.cat\/es\/listings\/viajes-y-enoturismo-celler-cecilio\/\"]}]},{\"@type\":\"BreadcrumbList\",\"@id\":\"https:\/\/enoguia.cat\/es\/listings\/viajes-y-enoturismo-celler-cecilio\/#breadcrumb\",\"itemListElement\":[{\"@type\":\"ListItem\",\"position\":1,\"name\":\"Inici\",\"item\":\"https:\/\/enoguia.cat\/es\/donde-conseguir-la-guia-en-papel\/descubre-las-bodegas-que-te-rodean\/\"},{\"@type\":\"ListItem\",\"position\":2,\"name\":\"Bodegas\",\"item\":\"https:\/\/enoguia.cat\/es\/jobs\/\"},{\"@type\":\"ListItem\",\"position\":3,\"name\":\"Bodega Celler Cecilio\"}]},{\"@type\":\"WebSite\",\"@id\":\"https:\/\/enoguia.cat\/es\/#website\",\"url\":\"https:\/\/enoguia.cat\/es\/\",\"name\":\"Descubre las bodegas que te rodean. Enoturismo y catas.\",\"description\":\"Enoturismo y visita a bodegas con cata de vinos\",\"publisher\":{\"@id\":\"https:\/\/enoguia.cat\/es\/#organization\"},\"potentialAction\":[{\"@type\":\"SearchAction\",\"target\":{\"@type\":\"EntryPoint\",\"urlTemplate\":\"https:\/\/enoguia.cat\/es\/?s={search_term_string}\"},\"query-input\":\"required name=search_term_string\"}],\"inLanguage\":\"es\"},{\"@type\":\"Organization\",\"@id\":\"https:\/\/enoguia.cat\/es\/#organization\",\"name\":\"Enoguia\",\"url\":\"https:\/\/enoguia.cat\/es\/\",\"sameAs\":[\"https:\/\/www.instagram.com\/enoguia_wine_tourism\/\",\"https:\/\/www.youtube.com\/channel\/UCf2tcJLd4dF_O4oxWZ_-kmg\",\"https:\/\/www.facebook.com\/enoguia\"],\"logo\":{\"@type\":\"ImageObject\",\"inLanguage\":\"es\",\"@id\":\"https:\/\/enoguia.cat\/es\/#\/schema\/logo\/image\/\",\"url\":\"http:\/\/enoguia.cat\/wp-content\/uploads\/2017\/05\/logo-enoguia.png\",\"contentUrl\":\"http:\/\/enoguia.cat\/wp-content\/uploads\/2017\/05\/logo-enoguia.png\",\"width\":298,\"height\":103,\"caption\":\"Enoguia\"},\"image\":{\"@id\":\"https:\/\/enoguia.cat\/es\/#\/schema\/logo\/image\/\"}}]}<\/script>\n<!-- \/ Yoast SEO plugin. -->","yoast_head_json":{"title":"Viajes y enoturismo Priorat \u2022 Celler Cecilio \u2022 DOQ Priorat","description":"Viajes y enoturismo. Celler Cecilio. Visitar sus instalaciones \u00e9s hacer un viaje en el tiempo, \u00e9s revivir el pasado. \u00a1Reserva ahora!","robots":{"index":"index","follow":"follow","max-snippet":"max-snippet:-1","max-image-preview":"max-image-preview:large","max-video-preview":"max-video-preview:-1"},"canonical":"https:\/\/enoguia.cat\/es\/listings\/viajes-y-enoturismo-celler-cecilio\/","og_locale":"es_ES","og_type":"article","og_title":"Viajes y enoturismo Priorat \u2022 Celler Cecilio \u2022 DOQ Priorat","og_description":"Viajes y enoturismo. Celler Cecilio. Visitar sus instalaciones \u00e9s hacer un viaje en el tiempo, \u00e9s revivir el pasado. \u00a1Reserva ahora!","og_url":"https:\/\/enoguia.cat\/es\/listings\/viajes-y-enoturismo-celler-cecilio\/","og_site_name":"Descubre las bodegas que te rodean. Enoturismo y catas.","article_publisher":"https:\/\/www.facebook.com\/enoguia","article_modified_time":"2022-02-09T20:55:05+00:00","og_image":[{"width":1000,"height":500,"url":"https:\/\/enoguia.cat\/wp-content\/uploads\/2018\/04\/DO-Priorat-Celler-Cecilio-Gratallops-01.jpg","type":"image\/jpeg"}],"twitter_card":"summary_large_image","twitter_misc":{"Tiempo de lectura":"5 minutos"},"schema":{"@context":"https:\/\/schema.org","@graph":[{"@type":"WebPage","@id":"https:\/\/enoguia.cat\/es\/listings\/viajes-y-enoturismo-celler-cecilio\/","url":"https:\/\/enoguia.cat\/es\/listings\/viajes-y-enoturismo-celler-cecilio\/","name":"Viajes y enoturismo Priorat \u2022 Celler Cecilio \u2022 DOQ Priorat","isPartOf":{"@id":"https:\/\/enoguia.cat\/es\/#website"},"datePublished":"2018-03-31T20:14:42+00:00","dateModified":"2022-02-09T20:55:05+00:00","description":"Viajes y enoturismo. Celler Cecilio. Visitar sus instalaciones \u00e9s hacer un viaje en el tiempo, \u00e9s revivir el pasado. \u00a1Reserva ahora!","breadcrumb":{"@id":"https:\/\/enoguia.cat\/es\/listings\/viajes-y-enoturismo-celler-cecilio\/#breadcrumb"},"inLanguage":"es","potentialAction":[{"@type":"ReadAction","target":["https:\/\/enoguia.cat\/es\/listings\/viajes-y-enoturismo-celler-cecilio\/"]}]},{"@type":"BreadcrumbList","@id":"https:\/\/enoguia.cat\/es\/listings\/viajes-y-enoturismo-celler-cecilio\/#breadcrumb","itemListElement":[{"@type":"ListItem","position":1,"name":"Inici","item":"https:\/\/enoguia.cat\/es\/donde-conseguir-la-guia-en-papel\/descubre-las-bodegas-que-te-rodean\/"},{"@type":"ListItem","position":2,"name":"Bodegas","item":"https:\/\/enoguia.cat\/es\/jobs\/"},{"@type":"ListItem","position":3,"name":"Bodega Celler Cecilio"}]},{"@type":"WebSite","@id":"https:\/\/enoguia.cat\/es\/#website","url":"https:\/\/enoguia.cat\/es\/","name":"Descubre las bodegas que te rodean. Enoturismo y catas.","description":"Enoturismo y visita a bodegas con cata de vinos","publisher":{"@id":"https:\/\/enoguia.cat\/es\/#organization"},"potentialAction":[{"@type":"SearchAction","target":{"@type":"EntryPoint","urlTemplate":"https:\/\/enoguia.cat\/es\/?s={search_term_string}"},"query-input":"required name=search_term_string"}],"inLanguage":"es"},{"@type":"Organization","@id":"https:\/\/enoguia.cat\/es\/#organization","name":"Enoguia","url":"https:\/\/enoguia.cat\/es\/","sameAs":["https:\/\/www.instagram.com\/enoguia_wine_tourism\/","https:\/\/www.youtube.com\/channel\/UCf2tcJLd4dF_O4oxWZ_-kmg","https:\/\/www.facebook.com\/enoguia"],"logo":{"@type":"ImageObject","inLanguage":"es","@id":"https:\/\/enoguia.cat\/es\/#\/schema\/logo\/image\/","url":"http:\/\/enoguia.cat\/wp-content\/uploads\/2017\/05\/logo-enoguia.png","contentUrl":"http:\/\/enoguia.cat\/wp-content\/uploads\/2017\/05\/logo-enoguia.png","width":298,"height":103,"caption":"Enoguia"},"image":{"@id":"https:\/\/enoguia.cat\/es\/#\/schema\/logo\/image\/"}}]}},"_links":{"self":[{"href":"https:\/\/enoguia.cat\/es\/wp-json\/wp\/v2\/job-listings\/15837"}],"collection":[{"href":"https:\/\/enoguia.cat\/es\/wp-json\/wp\/v2\/job-listings"}],"about":[{"href":"https:\/\/enoguia.cat\/es\/wp-json\/wp\/v2\/types\/job_listing"}],"replies":[{"embeddable":true,"href":"https:\/\/enoguia.cat\/es\/wp-json\/wp\/v2\/comments?post=15837"}],"version-history":[{"count":4,"href":"https:\/\/enoguia.cat\/es\/wp-json\/wp\/v2\/job-listings\/15837\/revisions"}],"predecessor-version":[{"id":19068,"href":"https:\/\/enoguia.cat\/es\/wp-json\/wp\/v2\/job-listings\/15837\/revisions\/19068"}],"wp:featuredmedia":[{"embeddable":true,"href":"https:\/\/enoguia.cat\/es\/wp-json\/wp\/v2\/media\/15968"}],"wp:attachment":[{"href":"https:\/\/enoguia.cat\/es\/wp-json\/wp\/v2\/media?parent=15837"}],"wp:term":[{"taxonomy":"job_listing_category","embeddable":true,"href":"https:\/\/enoguia.cat\/es\/wp-json\/wp\/v2\/job-categories?post=15837"}],"curies":[{"name":"wp","href":"https:\/\/api.w.org\/{rel}","templated":true}]}}