{"id":15880,"date":"2018-04-01T23:22:33","date_gmt":"2018-04-01T21:22:33","guid":{"rendered":"http:\/\/enoguia.cat\/?post_type=job_listing&#038;p=15880"},"modified":"2022-01-28T13:47:58","modified_gmt":"2022-01-28T11:47:58","slug":"catar-vinos-meritxell-palleja","status":"publish","type":"job_listing","link":"https:\/\/enoguia.cat\/es\/listings\/catar-vinos-meritxell-palleja\/","title":{"rendered":"Bodega Meritxell Pallej\u00e0"},"content":{"rendered":"<div class=\"page\" title=\"Page 57\">\n<div class=\"section\">\n<div class=\"layoutArea\">\n<div class=\"column\">\n<p class=\"p1\">Peque\u00f1a bodega que vinifica la garnacha y la cari\u00f1ena con mucho mino y respeto por la planta, la tierra y el medio ambiente. Descubre con Meritxell unos vinos donde el calendario lunar juega un papel muy importante durante todo el proceso de elaboraci\u00f3n. Vinos: Nita, Magran, la Costa del Riu, Torrent y Ranci.<\/p>\n<p><img id=\"this_one\" src=\"http:\/\/enoguia.cat\/img\/icon_bottle.png\" \/>\u00a0 36.000\u00a0 \u00a0<img id=\"this_two\" src=\"http:\/\/enoguia.cat\/img\/icon_hect.png\" \/>\u00a0 5 ha<\/p>\n<\/div>\n<\/div>\n<\/div>\n<\/div>\n<h2><strong><br \/>\nVisitas y enoturismo en bodega Meritxell Pallej\u00e0<\/strong><\/h2>\n<p><span style=\"color: inherit; font-family: inherit; font-size: inherit;\"><img src=\"http:\/\/enoguia.cat\/img\/icon_hora.png\" \/>\u00a0 Concertar visita<br \/>\n<img style=\"color: inherit; font-family: inherit; font-size: inherit;\" src=\"http:\/\/enoguia.cat\/img\/icon-euro.png\" \/>\u00a0 10\u20ac \/ 1h<br \/>\n<img style=\"color: inherit; font-family: inherit; font-size: inherit;\" src=\"http:\/\/enoguia.cat\/img\/icon_message.png\" \/>\u00a0 CA \/ ES \/ EN<br \/>\n<img style=\"color: inherit; font-family: inherit; font-size: inherit;\" src=\"http:\/\/enoguia.cat\/img\/icon_wine.png\" \/>\u00a0 \u00a0 3 Vinos<br \/>\n<img style=\"color: inherit; font-family: inherit; font-size: inherit;\" src=\"http:\/\/enoguia.cat\/img\/icon_people.png\" \/>\u00a0 1 m\u00edn &#8211; 10 m\u00e1x<br \/>\n<\/span><\/p>\n<div id=\"produccio_titol\">\n<div id=\"informacio_celler\">\n<h2><strong><br \/>\nVinos de la bodega Meritxell Pallej\u00e0<\/strong><strong><br \/>\n<\/strong><\/h2>\n<p>\u2022 Nita<br \/>\n\u2022 Magran<br \/>\n\u2022 La Costa del Riu<br \/>\n\u2022 Torrent<br \/>\n\u2022 Ranci<\/p>\n<p>&nbsp;<\/p>\n<p><strong>Meritxell Pallej\u00e0<\/strong> es una bodega familiar que practica la agricultura <strong>biodin\u00e1mica<\/strong> localizado en <strong>Gratallops<\/strong>, en la comarca del <strong>Priorat<\/strong>, y que lleva el nombre de su en\u00f3loga y fundadora.<\/p>\n<p>La primera botella propia de Meritxell sali\u00f3 al mercado en el a\u00f1o 2004 con su primer vino <strong>Nita<\/strong>, en homenaje a su abuela. Meritxell recuper\u00f3 las antiguas vi\u00f1as de la familia para poder vinificar sus nuevos vinos. En el a\u00f1o 2015 naci\u00f3 la bodega como proyecto propio despu\u00e9s de 18 a\u00f1os de experiencia en el mundo del vino.<\/p>\n<p><strong>Meritxell Pallej\u00e0<\/strong> pertenece a una nueva generaci\u00f3n del Priorato que ha apostado por recuperar la tradici\u00f3n familiar y en aportar una t\u00e9cnica poco com\u00fan como es la agricultura biodin\u00e1mica, un tipo de agricultura que tiene en cuenta la energ\u00eda de los astros y el calendario lunar en todos los procesos de elaboraci\u00f3n, desde cuando se debe de hacer la vendimia, la vinificaci\u00f3n, el embotellamiento e incluso el momento ideal para consumir el vino. Gracias a los astros se puede saber en qu\u00e9 momento los vinos tienen una mayor o menor actividad, o de qu\u00e9 forma se ve afectada la vitalidad de la planta, que se traducir\u00e1 en futuros cambios en los aromas, sabores o propiedades de los vinos.<\/p>\n<p>La bodega cuenta con cinco hect\u00e1reas de vi\u00f1a plantada, repartidas entre cinco fincas y con una producci\u00f3n de 32.000 botellas al a\u00f1o. El terreno donde se encuentran las fincas se caracteriza por tener un suelo rocoso de <strong><em>llicorella<\/em><\/strong>, que retiene muy poca agua, un paisaje accidentado y un clima extremo con temperaturas muy altas durante el d\u00eda y muy bajas durante la noche. La producci\u00f3n de la vi\u00f1a es muy baja a causa de estas condiciones tan complicadas pero el producto resultante es un vino complejo, expresivo, con personalidad, de calidad excelente y con una gran concentraci\u00f3n de fruta, gracias a la resistencia que ha tenido que ganar la planta para sobrevivir a estas condiciones tan extremas.<\/p>\n<p>En <strong>Meritxell Pallej\u00e0<\/strong> se trabaja la tierra como la trabajaban los antepasados de la familia, siguiendo los <strong>ciclos lunares<\/strong>. Por eso, se poda cuando la luna es descendiente y menguante, la vendimia tambi\u00e9n se realiza en esta fase para as\u00ed mejorar el envejecimiento del vino. Los movimientos del vino y el embotellado de \u00e9ste se hace cuando la luna es ascendente y menguante.<\/p>\n<p>En cuanto a la uva de la casa, solo cultivan variedades aut\u00f3ctonas del Priorato. Estas variedades son la <strong>garnacha<\/strong> y la <strong>cari\u00f1ena<\/strong>. La vendimia se hace manual y se selecciona solo la vi\u00f1a madura y sana. <strong>Meritxell Pallej\u00e0<\/strong> vinifica por separado las diferentes fincas que posee y elabora vinos singulares con el nombre de la finca de donde proviene la uva.<\/p>\n<p>Visita la bodega y degusta los vinos de <strong>Meritxell Pallej\u00e0<\/strong>. Descubre el sabor \u00fanico y singular de los vinos biodin\u00e1micos que surgen del trabajo artesano guiado por los movimientos de los astros.<\/p>\n<p>&gt;&gt; Visita tambi\u00e9n <strong><a href=\"http:\/\/enoguia.cat\/es\/listings\/clos-figueras\/\" target=\"_blank\" rel=\"noopener noreferrer\">Clos Figueras<\/a><\/strong><br \/>\n&gt;&gt; Conoce la<a href=\"https:\/\/www.doqpriorat.org\/es\/\" target=\"_blank\" rel=\"noopener noreferrer\"><strong> DOC Priorat<\/strong><\/a><\/p>\n<\/div>\n<\/div>\n","protected":false},"featured_media":15945,"comment_status":"open","ping_status":"closed","template":"","meta":{"_company_tagline":"DO Priorat","_job_location":"Pir\u00f3,10 43737 Gratallops","_company_website":"","_company_twitter":"","_filled":0,"_featured":0,"_joinchat":{"telephone":"+34619482121","message_text":"*\u00a1Hola! soy \u00d3scar...*\n\u00bfQuieres reservar en {TITLE}?\nDime para que d\u00eda."}},"job-categories":[300],"yoast_head":"<!-- This site is optimized with the Yoast SEO plugin v19.7.1 - https:\/\/yoast.com\/wordpress\/plugins\/seo\/ -->\n<title>Catar vinos Priorat Gratallops \u2022 Meritxell Pallej\u00e0 \u2022 DOQ Priorat<\/title>\n<meta name=\"description\" content=\"Catar vinos Priorat. Meritxell Pallej\u00e0. La uva se cultiva tal como lo hacian nuestros antepasados, respetando el medio. \u00a1Reserva ahora!\" \/>\n<meta name=\"robots\" content=\"index, follow, max-snippet:-1, max-image-preview:large, max-video-preview:-1\" \/>\n<link rel=\"canonical\" href=\"https:\/\/enoguia.cat\/es\/listings\/catar-vinos-meritxell-palleja\/\" \/>\n<meta property=\"og:locale\" content=\"es_ES\" \/>\n<meta property=\"og:type\" content=\"article\" \/>\n<meta property=\"og:title\" content=\"Catar vinos Priorat Gratallops \u2022 Meritxell Pallej\u00e0 \u2022 DOQ Priorat\" \/>\n<meta property=\"og:description\" content=\"Catar vinos Priorat. Meritxell Pallej\u00e0. La uva se cultiva tal como lo hacian nuestros antepasados, respetando el medio. \u00a1Reserva ahora!\" \/>\n<meta property=\"og:url\" content=\"https:\/\/enoguia.cat\/es\/listings\/catar-vinos-meritxell-palleja\/\" \/>\n<meta property=\"og:site_name\" content=\"Descubre las bodegas que te rodean. Enoturismo y catas.\" \/>\n<meta property=\"article:publisher\" content=\"https:\/\/www.facebook.com\/enoguia\" \/>\n<meta property=\"article:modified_time\" content=\"2022-01-28T11:47:58+00:00\" \/>\n<meta property=\"og:image\" content=\"https:\/\/enoguia.cat\/wp-content\/uploads\/2018\/04\/DO-Priorat-Meritxell-Palleja-Gratallops-01.jpg\" \/>\n\t<meta property=\"og:image:width\" content=\"1000\" \/>\n\t<meta property=\"og:image:height\" content=\"500\" \/>\n\t<meta property=\"og:image:type\" content=\"image\/jpeg\" \/>\n<meta name=\"twitter:card\" content=\"summary_large_image\" \/>\n<meta name=\"twitter:label1\" content=\"Tiempo de lectura\" \/>\n\t<meta name=\"twitter:data1\" content=\"4 minutos\" \/>\n<script type=\"application\/ld+json\" class=\"yoast-schema-graph\">{\"@context\":\"https:\/\/schema.org\",\"@graph\":[{\"@type\":\"WebPage\",\"@id\":\"https:\/\/enoguia.cat\/es\/listings\/catar-vinos-meritxell-palleja\/\",\"url\":\"https:\/\/enoguia.cat\/es\/listings\/catar-vinos-meritxell-palleja\/\",\"name\":\"Catar vinos Priorat Gratallops \u2022 Meritxell Pallej\u00e0 \u2022 DOQ Priorat\",\"isPartOf\":{\"@id\":\"https:\/\/enoguia.cat\/es\/#website\"},\"datePublished\":\"2018-04-01T21:22:33+00:00\",\"dateModified\":\"2022-01-28T11:47:58+00:00\",\"description\":\"Catar vinos Priorat. Meritxell Pallej\u00e0. La uva se cultiva tal como lo hacian nuestros antepasados, respetando el medio. \u00a1Reserva ahora!\",\"breadcrumb\":{\"@id\":\"https:\/\/enoguia.cat\/es\/listings\/catar-vinos-meritxell-palleja\/#breadcrumb\"},\"inLanguage\":\"es\",\"potentialAction\":[{\"@type\":\"ReadAction\",\"target\":[\"https:\/\/enoguia.cat\/es\/listings\/catar-vinos-meritxell-palleja\/\"]}]},{\"@type\":\"BreadcrumbList\",\"@id\":\"https:\/\/enoguia.cat\/es\/listings\/catar-vinos-meritxell-palleja\/#breadcrumb\",\"itemListElement\":[{\"@type\":\"ListItem\",\"position\":1,\"name\":\"Inici\",\"item\":\"https:\/\/enoguia.cat\/es\/donde-conseguir-la-guia-en-papel\/descubre-las-bodegas-que-te-rodean\/\"},{\"@type\":\"ListItem\",\"position\":2,\"name\":\"Bodegas\",\"item\":\"https:\/\/enoguia.cat\/es\/jobs\/\"},{\"@type\":\"ListItem\",\"position\":3,\"name\":\"Bodega Meritxell Pallej\u00e0\"}]},{\"@type\":\"WebSite\",\"@id\":\"https:\/\/enoguia.cat\/es\/#website\",\"url\":\"https:\/\/enoguia.cat\/es\/\",\"name\":\"Descubre las bodegas que te rodean. Enoturismo y catas.\",\"description\":\"Enoturismo y visita a bodegas con cata de vinos\",\"publisher\":{\"@id\":\"https:\/\/enoguia.cat\/es\/#organization\"},\"potentialAction\":[{\"@type\":\"SearchAction\",\"target\":{\"@type\":\"EntryPoint\",\"urlTemplate\":\"https:\/\/enoguia.cat\/es\/?s={search_term_string}\"},\"query-input\":\"required name=search_term_string\"}],\"inLanguage\":\"es\"},{\"@type\":\"Organization\",\"@id\":\"https:\/\/enoguia.cat\/es\/#organization\",\"name\":\"Enoguia\",\"url\":\"https:\/\/enoguia.cat\/es\/\",\"sameAs\":[\"https:\/\/www.instagram.com\/enoguia_wine_tourism\/\",\"https:\/\/www.youtube.com\/channel\/UCf2tcJLd4dF_O4oxWZ_-kmg\",\"https:\/\/www.facebook.com\/enoguia\"],\"logo\":{\"@type\":\"ImageObject\",\"inLanguage\":\"es\",\"@id\":\"https:\/\/enoguia.cat\/es\/#\/schema\/logo\/image\/\",\"url\":\"http:\/\/enoguia.cat\/wp-content\/uploads\/2017\/05\/logo-enoguia.png\",\"contentUrl\":\"http:\/\/enoguia.cat\/wp-content\/uploads\/2017\/05\/logo-enoguia.png\",\"width\":298,\"height\":103,\"caption\":\"Enoguia\"},\"image\":{\"@id\":\"https:\/\/enoguia.cat\/es\/#\/schema\/logo\/image\/\"}}]}<\/script>\n<!-- \/ Yoast SEO plugin. -->","yoast_head_json":{"title":"Catar vinos Priorat Gratallops \u2022 Meritxell Pallej\u00e0 \u2022 DOQ Priorat","description":"Catar vinos Priorat. Meritxell Pallej\u00e0. La uva se cultiva tal como lo hacian nuestros antepasados, respetando el medio. \u00a1Reserva ahora!","robots":{"index":"index","follow":"follow","max-snippet":"max-snippet:-1","max-image-preview":"max-image-preview:large","max-video-preview":"max-video-preview:-1"},"canonical":"https:\/\/enoguia.cat\/es\/listings\/catar-vinos-meritxell-palleja\/","og_locale":"es_ES","og_type":"article","og_title":"Catar vinos Priorat Gratallops \u2022 Meritxell Pallej\u00e0 \u2022 DOQ Priorat","og_description":"Catar vinos Priorat. Meritxell Pallej\u00e0. La uva se cultiva tal como lo hacian nuestros antepasados, respetando el medio. \u00a1Reserva ahora!","og_url":"https:\/\/enoguia.cat\/es\/listings\/catar-vinos-meritxell-palleja\/","og_site_name":"Descubre las bodegas que te rodean. Enoturismo y catas.","article_publisher":"https:\/\/www.facebook.com\/enoguia","article_modified_time":"2022-01-28T11:47:58+00:00","og_image":[{"width":1000,"height":500,"url":"https:\/\/enoguia.cat\/wp-content\/uploads\/2018\/04\/DO-Priorat-Meritxell-Palleja-Gratallops-01.jpg","type":"image\/jpeg"}],"twitter_card":"summary_large_image","twitter_misc":{"Tiempo de lectura":"4 minutos"},"schema":{"@context":"https:\/\/schema.org","@graph":[{"@type":"WebPage","@id":"https:\/\/enoguia.cat\/es\/listings\/catar-vinos-meritxell-palleja\/","url":"https:\/\/enoguia.cat\/es\/listings\/catar-vinos-meritxell-palleja\/","name":"Catar vinos Priorat Gratallops \u2022 Meritxell Pallej\u00e0 \u2022 DOQ Priorat","isPartOf":{"@id":"https:\/\/enoguia.cat\/es\/#website"},"datePublished":"2018-04-01T21:22:33+00:00","dateModified":"2022-01-28T11:47:58+00:00","description":"Catar vinos Priorat. Meritxell Pallej\u00e0. La uva se cultiva tal como lo hacian nuestros antepasados, respetando el medio. \u00a1Reserva ahora!","breadcrumb":{"@id":"https:\/\/enoguia.cat\/es\/listings\/catar-vinos-meritxell-palleja\/#breadcrumb"},"inLanguage":"es","potentialAction":[{"@type":"ReadAction","target":["https:\/\/enoguia.cat\/es\/listings\/catar-vinos-meritxell-palleja\/"]}]},{"@type":"BreadcrumbList","@id":"https:\/\/enoguia.cat\/es\/listings\/catar-vinos-meritxell-palleja\/#breadcrumb","itemListElement":[{"@type":"ListItem","position":1,"name":"Inici","item":"https:\/\/enoguia.cat\/es\/donde-conseguir-la-guia-en-papel\/descubre-las-bodegas-que-te-rodean\/"},{"@type":"ListItem","position":2,"name":"Bodegas","item":"https:\/\/enoguia.cat\/es\/jobs\/"},{"@type":"ListItem","position":3,"name":"Bodega Meritxell Pallej\u00e0"}]},{"@type":"WebSite","@id":"https:\/\/enoguia.cat\/es\/#website","url":"https:\/\/enoguia.cat\/es\/","name":"Descubre las bodegas que te rodean. Enoturismo y catas.","description":"Enoturismo y visita a bodegas con cata de vinos","publisher":{"@id":"https:\/\/enoguia.cat\/es\/#organization"},"potentialAction":[{"@type":"SearchAction","target":{"@type":"EntryPoint","urlTemplate":"https:\/\/enoguia.cat\/es\/?s={search_term_string}"},"query-input":"required name=search_term_string"}],"inLanguage":"es"},{"@type":"Organization","@id":"https:\/\/enoguia.cat\/es\/#organization","name":"Enoguia","url":"https:\/\/enoguia.cat\/es\/","sameAs":["https:\/\/www.instagram.com\/enoguia_wine_tourism\/","https:\/\/www.youtube.com\/channel\/UCf2tcJLd4dF_O4oxWZ_-kmg","https:\/\/www.facebook.com\/enoguia"],"logo":{"@type":"ImageObject","inLanguage":"es","@id":"https:\/\/enoguia.cat\/es\/#\/schema\/logo\/image\/","url":"http:\/\/enoguia.cat\/wp-content\/uploads\/2017\/05\/logo-enoguia.png","contentUrl":"http:\/\/enoguia.cat\/wp-content\/uploads\/2017\/05\/logo-enoguia.png","width":298,"height":103,"caption":"Enoguia"},"image":{"@id":"https:\/\/enoguia.cat\/es\/#\/schema\/logo\/image\/"}}]}},"_links":{"self":[{"href":"https:\/\/enoguia.cat\/es\/wp-json\/wp\/v2\/job-listings\/15880"}],"collection":[{"href":"https:\/\/enoguia.cat\/es\/wp-json\/wp\/v2\/job-listings"}],"about":[{"href":"https:\/\/enoguia.cat\/es\/wp-json\/wp\/v2\/types\/job_listing"}],"replies":[{"embeddable":true,"href":"https:\/\/enoguia.cat\/es\/wp-json\/wp\/v2\/comments?post=15880"}],"version-history":[{"count":2,"href":"https:\/\/enoguia.cat\/es\/wp-json\/wp\/v2\/job-listings\/15880\/revisions"}],"predecessor-version":[{"id":18302,"href":"https:\/\/enoguia.cat\/es\/wp-json\/wp\/v2\/job-listings\/15880\/revisions\/18302"}],"wp:featuredmedia":[{"embeddable":true,"href":"https:\/\/enoguia.cat\/es\/wp-json\/wp\/v2\/media\/15945"}],"wp:attachment":[{"href":"https:\/\/enoguia.cat\/es\/wp-json\/wp\/v2\/media?parent=15880"}],"wp:term":[{"taxonomy":"job_listing_category","embeddable":true,"href":"https:\/\/enoguia.cat\/es\/wp-json\/wp\/v2\/job-categories?post=15880"}],"curies":[{"name":"wp","href":"https:\/\/api.w.org\/{rel}","templated":true}]}}