{"id":16428,"date":"2018-06-02T23:12:33","date_gmt":"2018-06-02T21:12:33","guid":{"rendered":"http:\/\/enoguia.cat\/?post_type=job_listing&#038;p=16428"},"modified":"2023-09-26T09:28:47","modified_gmt":"2023-09-26T07:28:47","slug":"escapada-enologica-conca-de-barbera-celler-vidbertus","status":"publish","type":"job_listing","link":"https:\/\/enoguia.cat\/es\/listings\/escapada-enologica-conca-de-barbera-celler-vidbertus\/","title":{"rendered":"Bodega Celler Vidbertus"},"content":{"rendered":"<p class=\"p1\"><strong>Celler Vidbertus<\/strong>, bodega familiar situada en una antigua bodega de L&#8217;Espluga de Francol\u00ed que practica desde sus or\u00edgenes el cultivo ecol\u00f3gico y elabora vinos de alta calidad y singularidad. Disponen de diversos packs de visitas enotur\u00edsticas para descubrir sus vinos en combinaci\u00f3n con rutas culturales y gastron\u00f3micas.\u00a0<span class=\"copyright_enoguia\">\u00a9Enoguia<\/span><\/p>\n<p><img id=\"this_one\" src=\"http:\/\/enoguia.cat\/img\/icon_bottle.png\" \/>\u00a0 25.000\u00a0 \u00a0<img id=\"this_two\" src=\"http:\/\/enoguia.cat\/img\/icon_hect.png\" \/>\u00a0 15 ha<\/p>\n<h2><strong>Visitas y enoturismo en bodega Celler Vidbertus<\/strong><\/h2>\n<p><strong><span style=\"color: inherit; font-family: inherit; font-size: inherit;\"><img style=\"color: inherit; font-family: inherit; font-size: inherit;\" src=\"http:\/\/enoguia.cat\/img\/icon_message.png\" \/><\/span><\/strong><span style=\"color: inherit; font-family: inherit; font-size: inherit;\">CA \/ ES \/ EN \/ FR<\/span><\/p>\n<p><strong>Visita bodega:<\/strong><br \/>\n<img src=\"http:\/\/enoguia.cat\/img\/icon_hora.png\" \/>\u00a0 Concertar visita<br \/>\n<img style=\"color: inherit; font-family: inherit; font-size: inherit;\" src=\"http:\/\/enoguia.cat\/img\/icon-euro.png\" \/><span style=\"color: inherit; font-family: inherit; font-size: inherit;\">\u00a0 9\u20ac \/ 1h<br \/>\n<\/span><img style=\"color: inherit; font-family: inherit; font-size: inherit;\" src=\"http:\/\/enoguia.cat\/img\/icon_wine.png\" \/><span style=\"color: inherit; font-family: inherit; font-size: inherit;\">\u00a0 \u00a0 3 Vinos<br \/>\n<\/span><img style=\"color: inherit; font-family: inherit; font-size: inherit;\" src=\"http:\/\/enoguia.cat\/img\/icon_people.png\" \/><span style=\"color: inherit; font-family: inherit; font-size: inherit;\">\u00a0 2 m\u00edn &#8211; 20 m\u00e1x<br \/>\n<strong style=\"color: inherit; font-family: inherit; font-size: inherit;\"><br \/>\nDesayuno Maridaje:<br \/>\n<\/strong><\/span><span style=\"color: inherit; font-family: inherit; font-size: inherit;\">\u2022 Concertar visita<br \/>\n\u2022 Lunes a domingo: 10 h<br \/>\n<\/span><img style=\"color: inherit; font-family: inherit; font-size: inherit;\" src=\"http:\/\/enoguia.cat\/img\/icon-euro.png\" \/><span style=\"color: inherit; font-family: inherit; font-size: inherit;\"> 15 \u20ac<br \/>\n<\/span><img style=\"color: inherit; font-family: inherit; font-size: inherit;\" src=\"http:\/\/enoguia.cat\/img\/icon_wine.png\" \/><span style=\"color: inherit; font-family: inherit; font-size: inherit;\">\u00a0 3 Vinos<br \/>\n<img style=\"color: inherit; font-family: inherit; font-size: inherit;\" src=\"http:\/\/enoguia.cat\/img\/icon_people.png\" \/>\u00a0 4 m\u00edn &#8211; 20 m\u00e1x<br \/>\n<\/span><\/p>\n<div id=\"produccio_titol\">\n<div id=\"informacio_celler\">\n<p><strong>Visita a vi\u00f1as y bodega <\/strong>(ruta con 4&#215;4)<strong>:<\/strong><br \/>\n<img src=\"http:\/\/enoguia.cat\/img\/icon_hora.png\" \/> \u00a0<span style=\"color: inherit; font-family: inherit; font-size: inherit;\">Concertar visita<\/span><br \/>\n<img src=\"http:\/\/enoguia.cat\/img\/icon-euro.png\" \/>\u00a0 25 \u20ac<br \/>\n<img src=\"http:\/\/enoguia.cat\/img\/icon_wine.png\" \/>\u00a0 \u00a0 4 Vinos<br \/>\n<span style=\"color: inherit; font-family: inherit; font-size: inherit;\"><img style=\"color: inherit; font-family: inherit; font-size: inherit;\" src=\"http:\/\/enoguia.cat\/img\/icon_people.png\" \/>\u00a0 2 m\u00edn &#8211; 20 m\u00e1x<\/span><\/p>\n<\/div>\n<\/div>\n<h2><strong style=\"color: inherit; font-family: inherit; font-size: inherit;\">Vinos de la bodega Celler Vidbertus<\/strong><\/h2>\n<p><span style=\"color: inherit; font-family: inherit; font-size: inherit;\">\u2022 Ud2<br \/>\n<\/span><span style=\"color: inherit; font-family: inherit; font-size: inherit;\">\u2022 996<br \/>\n<\/span><span style=\"color: inherit; font-family: inherit; font-size: inherit;\">\u2022 T de Trepat<br \/>\n<\/span><span style=\"color: inherit; font-family: inherit; font-size: inherit;\">\u2022 Cup3<br \/>\n<\/span><span style=\"color: inherit; font-family: inherit; font-size: inherit;\">\u2022 Negra Nit<br \/>\n<\/span><span style=\"color: inherit; font-family: inherit; font-size: inherit;\">\u2022 Trepat Bota<br \/>\n<\/span><span style=\"color: inherit; font-family: inherit; font-size: inherit;\">\u2022 Vidbertus Gana<br \/>\n<\/span><span style=\"color: inherit; font-family: inherit; font-size: inherit;\">\u2022 Menut<\/span><\/p>\n<div id=\"produccio_titol\">\n<div id=\"informacio_celler\">\n<p>&gt;&gt; Visita tambi\u00e9n <a href=\"http:\/\/enoguia.cat\/es\/listings\/turismo-de-vino-vins-de-pedra\/\" target=\"_blank\" rel=\"noopener noreferrer\"><strong>Vins de Pedra<\/strong><\/a><br \/>\n&gt;&gt; Conoce la <a href=\"https:\/\/enoguia.cat\/es\/visitar-bodegas-conca-barbera\/\" target=\"_blank\" rel=\"noopener noreferrer\"><strong>DO Conca de Barber\u00e0<\/strong><\/a><\/p>\n<\/div>\n<\/div>\n","protected":false},"featured_media":15939,"comment_status":"open","ping_status":"closed","template":"","meta":{"_company_tagline":"DO Conca de Barber\u00e0","_job_location":"Anselm Clav\u00e9, 13 43440 L'Espluga de Francol\u00ed","_company_website":"","_company_twitter":"","_filled":0,"_featured":0,"_joinchat":{"telephone":"+34619482121","message_text":"*\u00a1Hola! soy \u00d3scar...*\n\u00bfQuieres reservar en {TITLE}?\nDime para que d\u00eda."}},"job-categories":[273],"yoast_head":"<!-- This site is optimized with the Yoast SEO plugin v19.7.1 - https:\/\/yoast.com\/wordpress\/plugins\/seo\/ -->\n<title>Escapada enol\u00f3gica Conca de Barber\u00e0 \u2022 Celler Vidbertus<\/title>\n<meta name=\"description\" content=\"Realiza una escapada enol\u00f3gica Conca de Barber\u00e0 visitando el Celler Vidbertus y descubre sus packs de visitas enotur\u00edsticas. \u00a1Reserva ahora!\" \/>\n<meta name=\"robots\" content=\"index, follow, max-snippet:-1, max-image-preview:large, max-video-preview:-1\" \/>\n<link rel=\"canonical\" href=\"https:\/\/enoguia.cat\/es\/listings\/escapada-enologica-conca-de-barbera-celler-vidbertus\/\" \/>\n<meta property=\"og:locale\" content=\"es_ES\" \/>\n<meta property=\"og:type\" content=\"article\" \/>\n<meta property=\"og:title\" content=\"Escapada enol\u00f3gica Conca de Barber\u00e0 \u2022 Celler Vidbertus\" \/>\n<meta property=\"og:description\" content=\"Realiza una escapada enol\u00f3gica Conca de Barber\u00e0 visitando el Celler Vidbertus y descubre sus packs de visitas enotur\u00edsticas. \u00a1Reserva ahora!\" \/>\n<meta property=\"og:url\" content=\"https:\/\/enoguia.cat\/es\/listings\/escapada-enologica-conca-de-barbera-celler-vidbertus\/\" \/>\n<meta property=\"og:site_name\" content=\"Descubre las bodegas que te rodean. Enoturismo y catas.\" \/>\n<meta property=\"article:publisher\" content=\"https:\/\/www.facebook.com\/enoguia\" \/>\n<meta property=\"article:modified_time\" content=\"2023-09-26T07:28:47+00:00\" \/>\n<meta property=\"og:image\" content=\"https:\/\/enoguia.cat\/wp-content\/uploads\/2018\/04\/DO-Conca-de-Barbera-Vidbertus-Espluga-Francoli-01.jpg\" \/>\n\t<meta property=\"og:image:width\" content=\"1000\" \/>\n\t<meta property=\"og:image:height\" content=\"500\" \/>\n\t<meta property=\"og:image:type\" content=\"image\/jpeg\" \/>\n<meta name=\"twitter:card\" content=\"summary_large_image\" \/>\n<meta name=\"twitter:label1\" content=\"Tiempo de lectura\" \/>\n\t<meta name=\"twitter:data1\" content=\"4 minutos\" \/>\n<script type=\"application\/ld+json\" class=\"yoast-schema-graph\">{\"@context\":\"https:\/\/schema.org\",\"@graph\":[{\"@type\":\"WebPage\",\"@id\":\"https:\/\/enoguia.cat\/es\/listings\/escapada-enologica-conca-de-barbera-celler-vidbertus\/\",\"url\":\"https:\/\/enoguia.cat\/es\/listings\/escapada-enologica-conca-de-barbera-celler-vidbertus\/\",\"name\":\"Escapada enol\u00f3gica Conca de Barber\u00e0 \u2022 Celler Vidbertus\",\"isPartOf\":{\"@id\":\"https:\/\/enoguia.cat\/es\/#website\"},\"datePublished\":\"2018-06-02T21:12:33+00:00\",\"dateModified\":\"2023-09-26T07:28:47+00:00\",\"description\":\"Realiza una escapada enol\u00f3gica Conca de Barber\u00e0 visitando el Celler Vidbertus y descubre sus packs de visitas enotur\u00edsticas. \u00a1Reserva ahora!\",\"breadcrumb\":{\"@id\":\"https:\/\/enoguia.cat\/es\/listings\/escapada-enologica-conca-de-barbera-celler-vidbertus\/#breadcrumb\"},\"inLanguage\":\"es\",\"potentialAction\":[{\"@type\":\"ReadAction\",\"target\":[\"https:\/\/enoguia.cat\/es\/listings\/escapada-enologica-conca-de-barbera-celler-vidbertus\/\"]}]},{\"@type\":\"BreadcrumbList\",\"@id\":\"https:\/\/enoguia.cat\/es\/listings\/escapada-enologica-conca-de-barbera-celler-vidbertus\/#breadcrumb\",\"itemListElement\":[{\"@type\":\"ListItem\",\"position\":1,\"name\":\"Inici\",\"item\":\"https:\/\/enoguia.cat\/es\/donde-conseguir-la-guia-en-papel\/descubre-las-bodegas-que-te-rodean\/\"},{\"@type\":\"ListItem\",\"position\":2,\"name\":\"Bodegas\",\"item\":\"https:\/\/enoguia.cat\/es\/jobs\/\"},{\"@type\":\"ListItem\",\"position\":3,\"name\":\"Bodega Celler Vidbertus\"}]},{\"@type\":\"WebSite\",\"@id\":\"https:\/\/enoguia.cat\/es\/#website\",\"url\":\"https:\/\/enoguia.cat\/es\/\",\"name\":\"Descubre las bodegas que te rodean. Enoturismo y catas.\",\"description\":\"Enoturismo y visita a bodegas con cata de vinos\",\"publisher\":{\"@id\":\"https:\/\/enoguia.cat\/es\/#organization\"},\"potentialAction\":[{\"@type\":\"SearchAction\",\"target\":{\"@type\":\"EntryPoint\",\"urlTemplate\":\"https:\/\/enoguia.cat\/es\/?s={search_term_string}\"},\"query-input\":\"required name=search_term_string\"}],\"inLanguage\":\"es\"},{\"@type\":\"Organization\",\"@id\":\"https:\/\/enoguia.cat\/es\/#organization\",\"name\":\"Enoguia\",\"url\":\"https:\/\/enoguia.cat\/es\/\",\"sameAs\":[\"https:\/\/www.instagram.com\/enoguia_wine_tourism\/\",\"https:\/\/www.youtube.com\/channel\/UCf2tcJLd4dF_O4oxWZ_-kmg\",\"https:\/\/www.facebook.com\/enoguia\"],\"logo\":{\"@type\":\"ImageObject\",\"inLanguage\":\"es\",\"@id\":\"https:\/\/enoguia.cat\/es\/#\/schema\/logo\/image\/\",\"url\":\"http:\/\/enoguia.cat\/wp-content\/uploads\/2017\/05\/logo-enoguia.png\",\"contentUrl\":\"http:\/\/enoguia.cat\/wp-content\/uploads\/2017\/05\/logo-enoguia.png\",\"width\":298,\"height\":103,\"caption\":\"Enoguia\"},\"image\":{\"@id\":\"https:\/\/enoguia.cat\/es\/#\/schema\/logo\/image\/\"}}]}<\/script>\n<!-- \/ Yoast SEO plugin. -->","yoast_head_json":{"title":"Escapada enol\u00f3gica Conca de Barber\u00e0 \u2022 Celler Vidbertus","description":"Realiza una escapada enol\u00f3gica Conca de Barber\u00e0 visitando el Celler Vidbertus y descubre sus packs de visitas enotur\u00edsticas. \u00a1Reserva ahora!","robots":{"index":"index","follow":"follow","max-snippet":"max-snippet:-1","max-image-preview":"max-image-preview:large","max-video-preview":"max-video-preview:-1"},"canonical":"https:\/\/enoguia.cat\/es\/listings\/escapada-enologica-conca-de-barbera-celler-vidbertus\/","og_locale":"es_ES","og_type":"article","og_title":"Escapada enol\u00f3gica Conca de Barber\u00e0 \u2022 Celler Vidbertus","og_description":"Realiza una escapada enol\u00f3gica Conca de Barber\u00e0 visitando el Celler Vidbertus y descubre sus packs de visitas enotur\u00edsticas. \u00a1Reserva ahora!","og_url":"https:\/\/enoguia.cat\/es\/listings\/escapada-enologica-conca-de-barbera-celler-vidbertus\/","og_site_name":"Descubre las bodegas que te rodean. Enoturismo y catas.","article_publisher":"https:\/\/www.facebook.com\/enoguia","article_modified_time":"2023-09-26T07:28:47+00:00","og_image":[{"width":1000,"height":500,"url":"https:\/\/enoguia.cat\/wp-content\/uploads\/2018\/04\/DO-Conca-de-Barbera-Vidbertus-Espluga-Francoli-01.jpg","type":"image\/jpeg"}],"twitter_card":"summary_large_image","twitter_misc":{"Tiempo de lectura":"4 minutos"},"schema":{"@context":"https:\/\/schema.org","@graph":[{"@type":"WebPage","@id":"https:\/\/enoguia.cat\/es\/listings\/escapada-enologica-conca-de-barbera-celler-vidbertus\/","url":"https:\/\/enoguia.cat\/es\/listings\/escapada-enologica-conca-de-barbera-celler-vidbertus\/","name":"Escapada enol\u00f3gica Conca de Barber\u00e0 \u2022 Celler Vidbertus","isPartOf":{"@id":"https:\/\/enoguia.cat\/es\/#website"},"datePublished":"2018-06-02T21:12:33+00:00","dateModified":"2023-09-26T07:28:47+00:00","description":"Realiza una escapada enol\u00f3gica Conca de Barber\u00e0 visitando el Celler Vidbertus y descubre sus packs de visitas enotur\u00edsticas. \u00a1Reserva ahora!","breadcrumb":{"@id":"https:\/\/enoguia.cat\/es\/listings\/escapada-enologica-conca-de-barbera-celler-vidbertus\/#breadcrumb"},"inLanguage":"es","potentialAction":[{"@type":"ReadAction","target":["https:\/\/enoguia.cat\/es\/listings\/escapada-enologica-conca-de-barbera-celler-vidbertus\/"]}]},{"@type":"BreadcrumbList","@id":"https:\/\/enoguia.cat\/es\/listings\/escapada-enologica-conca-de-barbera-celler-vidbertus\/#breadcrumb","itemListElement":[{"@type":"ListItem","position":1,"name":"Inici","item":"https:\/\/enoguia.cat\/es\/donde-conseguir-la-guia-en-papel\/descubre-las-bodegas-que-te-rodean\/"},{"@type":"ListItem","position":2,"name":"Bodegas","item":"https:\/\/enoguia.cat\/es\/jobs\/"},{"@type":"ListItem","position":3,"name":"Bodega Celler Vidbertus"}]},{"@type":"WebSite","@id":"https:\/\/enoguia.cat\/es\/#website","url":"https:\/\/enoguia.cat\/es\/","name":"Descubre las bodegas que te rodean. Enoturismo y catas.","description":"Enoturismo y visita a bodegas con cata de vinos","publisher":{"@id":"https:\/\/enoguia.cat\/es\/#organization"},"potentialAction":[{"@type":"SearchAction","target":{"@type":"EntryPoint","urlTemplate":"https:\/\/enoguia.cat\/es\/?s={search_term_string}"},"query-input":"required name=search_term_string"}],"inLanguage":"es"},{"@type":"Organization","@id":"https:\/\/enoguia.cat\/es\/#organization","name":"Enoguia","url":"https:\/\/enoguia.cat\/es\/","sameAs":["https:\/\/www.instagram.com\/enoguia_wine_tourism\/","https:\/\/www.youtube.com\/channel\/UCf2tcJLd4dF_O4oxWZ_-kmg","https:\/\/www.facebook.com\/enoguia"],"logo":{"@type":"ImageObject","inLanguage":"es","@id":"https:\/\/enoguia.cat\/es\/#\/schema\/logo\/image\/","url":"http:\/\/enoguia.cat\/wp-content\/uploads\/2017\/05\/logo-enoguia.png","contentUrl":"http:\/\/enoguia.cat\/wp-content\/uploads\/2017\/05\/logo-enoguia.png","width":298,"height":103,"caption":"Enoguia"},"image":{"@id":"https:\/\/enoguia.cat\/es\/#\/schema\/logo\/image\/"}}]}},"_links":{"self":[{"href":"https:\/\/enoguia.cat\/es\/wp-json\/wp\/v2\/job-listings\/16428"}],"collection":[{"href":"https:\/\/enoguia.cat\/es\/wp-json\/wp\/v2\/job-listings"}],"about":[{"href":"https:\/\/enoguia.cat\/es\/wp-json\/wp\/v2\/types\/job_listing"}],"replies":[{"embeddable":true,"href":"https:\/\/enoguia.cat\/es\/wp-json\/wp\/v2\/comments?post=16428"}],"version-history":[{"count":4,"href":"https:\/\/enoguia.cat\/es\/wp-json\/wp\/v2\/job-listings\/16428\/revisions"}],"predecessor-version":[{"id":32277,"href":"https:\/\/enoguia.cat\/es\/wp-json\/wp\/v2\/job-listings\/16428\/revisions\/32277"}],"wp:featuredmedia":[{"embeddable":true,"href":"https:\/\/enoguia.cat\/es\/wp-json\/wp\/v2\/media\/15939"}],"wp:attachment":[{"href":"https:\/\/enoguia.cat\/es\/wp-json\/wp\/v2\/media?parent=16428"}],"wp:term":[{"taxonomy":"job_listing_category","embeddable":true,"href":"https:\/\/enoguia.cat\/es\/wp-json\/wp\/v2\/job-categories?post=16428"}],"curies":[{"name":"wp","href":"https:\/\/api.w.org\/{rel}","templated":true}]}}