{"id":16487,"date":"2018-09-11T17:05:06","date_gmt":"2018-09-11T15:05:06","guid":{"rendered":"http:\/\/enoguia.cat\/es\/?post_type=job_listing&#038;p=16487"},"modified":"2021-07-28T13:24:13","modified_gmt":"2021-07-28T11:24:13","slug":"enoturismo-en-el-priorat","status":"publish","type":"job_listing","link":"https:\/\/enoguia.cat\/es\/listings\/enoturismo-en-el-priorat\/","title":{"rendered":"Enoturismo en el valle de La Fou"},"content":{"rendered":"<p class=\"fila-ficha-ruta\"><strong class=\"subtitulo1\"><img src=\"http:\/\/enoguia.cat\/img\/tiempo.png\" \/>\u00a0Tiempo:<\/strong><span class=\"subtitulo2\">\u00a04:30h + 2:00h (visita y cata)<br \/>\n<\/span><strong class=\"subtitulo1\" style=\"color: inherit; font-family: inherit; font-size: inherit;\"><img src=\"http:\/\/enoguia.cat\/img\/distancia.png\" \/>\u00a0<\/strong><strong style=\"color: inherit; font-family: inherit; font-size: inherit;\">Distancia:<\/strong><span class=\"subtitulo2\" style=\"color: inherit; font-family: inherit; font-size: inherit;\">\u00a019,5 km (ruta circular)<br \/>\n<\/span><strong class=\"subtitulo1\"><img src=\"http:\/\/enoguia.cat\/img\/facil.png\" \/>\u00a0<\/strong><strong>Dificultad: <\/strong>Media<span class=\"subtitulo2\"><br \/>\n<\/span><strong class=\"subtitulo1\" style=\"color: inherit; font-family: inherit; font-size: inherit;\"><img src=\"http:\/\/enoguia.cat\/img\/desnivell.png\" \/>\u00a0<\/strong><strong style=\"color: inherit; font-family: inherit; font-size: inherit;\">Desnivel: <\/strong>615<span class=\"subtitulo2\" style=\"color: inherit; font-family: inherit; font-size: inherit;\">\u00a0m<\/span><\/p>\n<div class=\"fila-ficha-ruta\">\n<p><span style=\"color: inherit; font-family: inherit; font-size: inherit;\"><span class=\"alignnone\"><img loading=\"lazy\" class=\"alignnone size-full wp-image-15745\" src=\"http:\/\/enoguia.cat\/wp-content\/uploads\/2018\/03\/Plano-enoguia-e1520866788632.png\" alt=\"\" width=\"65\" height=\"54\" \/><\/span><a style=\"font-family: inherit; font-size: inherit;\" href=\"https:\/\/es.wikiloc.com\/rutas-senderismo\/marca-capcanes-la-fou-marca-6996260\" target=\"_blank\" rel=\"noopener noreferrer\" class=\"broken_link\"><strong>Ver ruta y track GPS<\/strong><\/a><\/span><\/p>\n<p><em style=\"color: #808080; font-family: inherit; font-size: inherit;\"><span class=\"cuerpo-resumen\"><span style=\"color: #333333;\"><i class=\"fa fa-arrow-circle-right fa- \" ><\/i><\/span>\u00a0Mar\u00e7\u00e0\u00a0<\/span><\/em><i style=\"color: #808080; font-family: inherit; font-size: inherit;\"><em><span class=\"cuerpo-resumen\"><span style=\"color: #333333;\"><i class=\"fa fa-arrow-circle-right fa- \" ><\/i><\/span><\/span><\/em> Cap\u00e7anes\u00a0<em><span class=\"cuerpo-resumen\"><span style=\"color: #333333;\"><i class=\"fa fa-arrow-circle-right fa- \" ><\/i><\/span><\/span><\/em> Vinyes Dom\u00e8nech\u00a0<em><span class=\"cuerpo-resumen\"><span style=\"color: #333333;\"><i class=\"fa fa-arrow-circle-right fa- \" ><\/i><\/span><\/span><\/em>\u00a0La Fou\u00a0<em><span class=\"cuerpo-resumen\"><span style=\"color: #333333;\"><i class=\"fa fa-arrow-circle-right fa- \" ><\/i><\/span><\/span><\/em>\u00a0Mar\u00e7\u00e0<\/i><\/p>\n<div class=\"fila-ficha-ruta\">\n<p><strong><br \/>\nRuta<\/strong><\/p>\n<\/div>\n<p>Nuestra ruta se inicia en la peque\u00f1a localidad de <strong>Mar\u00e7\u00e0<\/strong>. C\u00f3modamente llegaremos a <strong>Cap\u00e7anes<\/strong> donde tomaremos el camino del valle para llegar a la bodega\u00a0<a style=\"font-family: inherit; font-size: inherit;\" href=\"http:\/\/enoguia.cat\/es\/listings\/bodega-ecologica-vinyes-domenech\/\" target=\"_blank\" rel=\"noopener noreferrer\"><strong>Vinyes Dom\u00e8nech<\/strong><\/a><span style=\"color: inherit; font-family: inherit; font-size: inherit;\">. La bodega se encuentra en una zona natural protegida donde elaboran sus vinos de forma ecol\u00f3gica y siguiendo los preceptos biodin\u00e1micos. Practicaremos enoturismo a la vez que conoceremos como se elaboran unos vinos de excelente factura dentro de la <strong>DO Montsant<\/strong>.<\/span><\/p>\n<p>Despu\u00e9s de la visita seguiremos avanzando hasta llegar a <strong>La Fou<\/strong>, desde donde iniciaremos el regreso hasta nuestro punto de partida, Mar\u00e7\u00e0, siguiendo el <strong>Camino del Ricorb<\/strong>.<\/p>\n<\/div>\n<div class=\"fila-ficha-ruta\">\n<div class=\"jetpack-video-wrapper\"><iframe loading=\"lazy\" title=\"Enoturismo DO Montsant. Bodega Vinyes Domenech. Cap\u00e7anes\" width=\"1050\" height=\"591\" src=\"https:\/\/www.youtube.com\/embed\/lip-zG1BuMs?start=4&#038;feature=oembed\" frameborder=\"0\" allow=\"accelerometer; autoplay; clipboard-write; encrypted-media; gyroscope; picture-in-picture\" allowfullscreen><\/iframe><\/div>\n<p><strong>00:00 h.<\/strong>\u00a0Iniciamos la salida del &#8216;<strong>Vinos y Caminos<\/strong>&#8216; desde <strong>Mar\u00e7\u00e0<\/strong>. Hemos dejado los coches aparcados en las afueras del pueblo, delante de las instalaciones de la cooperativa y avanzamos por la <strong>calle Baixada de la Font<\/strong>. Giramos a la derecha en la <strong>calle Mayor<\/strong> y seguimos por la <strong>calle de la Bassa<\/strong> abandonando el pueblo por el <strong>PR de la Miloquera<\/strong>.<\/p>\n<p><strong>00:15 h. <\/strong>El sendero llega a la riera de Mar\u00e7\u00e0. La cruzamos por una pasarela y ahora avanzamos paralelos a <strong>Els Estrets<\/strong>.<\/p>\n<p><strong>00:50 h. <\/strong>Tras un tramo de sendero que hemos realizado por el cauce seco del r\u00edo, llegamos al antiguo acueducto. Foto de rigor y seguimos por el sendero.<\/p>\n<p><strong>01:15 h. <\/strong>Llegada al pueblo de <strong>Cap\u00e7anes<\/strong>. Entramos por la <strong>calle de les Eres<\/strong> hasta la iglesia del pueblo para seguir por la calle del Sol y abandonar el pueblo.<\/p>\n<p><strong>01:20 h. <\/strong>Tomamos ahora el sendero <strong>PR-C 92 Cam\u00ed de la Vall\u00a0<\/strong>(marcas amarillas y blancas) que avanza c\u00f3modamente entre campos de cultivo.<\/p>\n<p><strong>02:00 h.<\/strong>\u00a0Llegamos a las Ollas<strong> de la Sendal\u00a0<\/strong>(Tollets de la Sendal).\u00a0Milagrosamente tienen agua. Realizamos una parada para desayunar y ba\u00f1arnos en las pozas. Ahora seguiremos las marcas del\u00a0<strong>GR-7<\/strong>.<\/p>\n<p><strong>02:20 h. <\/strong>Dejamos moment\u00e1neamente el GR-7 para entrar en la vi\u00f1as de bodega\u00a0<a href=\"http:\/\/enoguia.cat\/es\/listings\/bodega-ecologica-vinyes-domenech\/\" target=\"_blank\" rel=\"noopener noreferrer\"><strong>Vinyes Dom\u00e8nech<\/strong><\/a>, donde nos espera su due\u00f1o para realizar la visita por su fant\u00e1stico <em>&#8216;terroir&#8217;<\/em>\u00a0y para seguidamente catar sus vinos, adem\u00e1s de conocer la historia de una bodega emblem\u00e1tica de la Denominaci\u00f3n de Origen Montsant.<\/p>\n<p><strong>02:30 h. <\/strong>Tras la visita nos ponemos en marcha de nuevo volviendo al sendero y pasando al lado del malogrado hotel de Mas Collet (ahora abandonado) en\u00a0direcci\u00f3n hacia el fondo del valle y paralelos al <strong>barranco de la Vall<\/strong>.<\/p>\n<p><strong>02:50 h. <\/strong>Tras cruzar una cadena, seguimos avanzando ahora por pista asfaltada hasta llegar a la zona conocida como\u00a0<strong>La Fou<\/strong>. Aqu\u00ed una presa canaliza y capta el agua para el pueblo de Cap\u00e7anes. Es la zona perfecta para comer.<\/p>\n<p><strong>02:55 h.\u00a0<\/strong>Seguimos avanzando por el camino dejando atr\u00e1s La Fou para pasar al lado del\u00a0<strong>Mas de la Vall<\/strong>. Ahora el camino cada vez va adquiriendo m\u00e1s y m\u00e1s pendiente.<\/p>\n<p><strong>03:45 h. Mas de l&#8217;Olla<\/strong> y a los pocos metros en el cruce de caminos, seguimos a la derecha, hacia el <strong>Mas del Cal\u00e0s<\/strong> y su amplia zona de vi\u00f1as situadas a m\u00e1s de 500 metros de altitud. Este es nuestro punto m\u00e1s alto de toda la excursi\u00f3n.<\/p>\n<p><strong>03:50 h.\u00a0<\/strong>Palo indicador. Dejamos la pista para tomar un <strong>Sendero Local<\/strong> (marcas verdes y blancas). Es el\u00a0<strong>Cam\u00ed de Ricorb<\/strong>. El sendero baja fuerte y es algo pedregoso.<\/p>\n<p><strong>04:10 h. <\/strong>El sendero se ha vuelto ahora pista forestal. Avanzaremos unos 800 metros para dejarlo y tomar de nuevo un sendero a la izquierda.<\/p>\n<p><strong>04:20 h. <\/strong>Llegamos al\u00a0<strong>Toll de la Pallissa<\/strong>\u00a0y su puente de piedra. El espacio posee una piscina natural ideal para darse un ba\u00f1o y volverse a refrescar. Tambi\u00e9n existe una zona de pic-nic.<\/p>\n<p><strong>04:30 h. <\/strong>Continuamos paralelos a la riera de Mar\u00e7\u00e0 para tomar una pista a la derecha y llegar al pueblo, pasando antes por un tramo de carretera asfaltada y entrando por la calle de Reus.<\/p>\n<p><em><strong>Nota:<\/strong>\u00a0los tiempos siempre son aproximados y no tienen en cuenta la parada de 2 horas en la bodega.<br \/>\n<\/em><em>Realizar la salida solo o en grupo puede alterar mucho los tiempos parciales y totales.<\/em><\/p>\n<\/div>\n<p><strong><br \/>\nPrecios:<\/strong><br \/>\n&#8211; Visita y cata comentada: 15 \u20ac.<br \/>\n&#8211; Desayuno y comida: libre.<\/p>\n<div class=\"contenido-ruta\">\n<div class=\"contenido-ruta\">\n<hr \/>\n<p style=\"text-align: center;\"><img loading=\"lazy\" class=\"wp-image-15723\" src=\"http:\/\/enoguia.cat\/wp-content\/uploads\/2018\/03\/Vins-i-camins-enoguia.png\" alt=\"Vins-i-camins-enoguia\" width=\"260\" height=\"135\" srcset=\"https:\/\/enoguia.cat\/wp-content\/uploads\/2018\/03\/Vins-i-camins-enoguia.png 381w, https:\/\/enoguia.cat\/wp-content\/uploads\/2018\/03\/Vins-i-camins-enoguia-300x156.png 300w\" sizes=\"(max-width: 260px) 100vw, 260px\" \/><span style=\"color: inherit; font-family: inherit; font-size: inherit;\"><br \/>\n<\/span><\/p>\n<div class=\"contenido-ruta\">\n<p style=\"text-align: center;\"><span style=\"color: inherit; font-family: inherit; font-size: inherit;\">Si quieres\u00a0<strong>disfrutar <\/strong>de la\u00a0<strong>naturaleza<\/strong> y conocer nuestras\u00a0<strong>bodegas<\/strong><\/span><span style=\"color: inherit; font-family: inherit; font-size: inherit;\">&#8230;<br \/>\n<\/span><strong style=\"color: inherit; font-family: inherit; font-size: inherit;\">\u00a1Este es el camino!<\/strong><\/p>\n<\/div>\n<p style=\"text-align: center;\"><i class=\"fa fa-envelope fa- \" ><\/i>\u00a0<a href=\"https:\/\/vins-i-camins.enoguia.cat\/vins_i_camins_apuntat.php\" target=\"_blank\" rel=\"noopener noreferrer\" class=\"broken_link\"><strong>Ap\u00fantate al pr\u00f3ximo Vinos y Caminos<\/strong><\/a><\/p>\n<\/div>\n<\/div>\n","protected":false},"featured_media":16491,"comment_status":"open","ping_status":"closed","template":"","meta":{"_company_tagline":"... y las pozas de la Sendal","_job_location":"Mar\u00e7\u00e0","_company_website":"","_company_twitter":"","_filled":1,"_featured":0,"_joinchat":[]},"job-categories":[296,314,424],"yoast_head":"<!-- This site is optimized with the Yoast SEO plugin v19.7.1 - https:\/\/yoast.com\/wordpress\/plugins\/seo\/ -->\n<title>\u25b7 Enoturismo Priorat \u2022 Vinyes Dom\u00e8nech \u2022 Cap\u00e7anes \u2022 DO Montsant<\/title>\n<meta name=\"description\" content=\"\u2705 C\u00f3moda ruta por un paraje natural increible por la comarca del Priorat. \u2665\ufe0f Descubrimos el valle escondido de La Fou.\" \/>\n<meta name=\"robots\" content=\"index, follow, max-snippet:-1, max-image-preview:large, max-video-preview:-1\" \/>\n<link rel=\"canonical\" href=\"https:\/\/enoguia.cat\/es\/listings\/enoturismo-en-el-priorat\/\" \/>\n<meta property=\"og:locale\" content=\"es_ES\" \/>\n<meta property=\"og:type\" content=\"article\" \/>\n<meta property=\"og:title\" content=\"\u25b7 Enoturismo Priorat \u2022 Vinyes Dom\u00e8nech \u2022 Cap\u00e7anes \u2022 DO Montsant\" \/>\n<meta property=\"og:description\" content=\"\u2705 C\u00f3moda ruta por un paraje natural increible por la comarca del Priorat. \u2665\ufe0f Descubrimos el valle escondido de La Fou.\" \/>\n<meta property=\"og:url\" content=\"https:\/\/enoguia.cat\/es\/listings\/enoturismo-en-el-priorat\/\" \/>\n<meta property=\"og:site_name\" content=\"Descubre las bodegas que te rodean. Enoturismo y catas.\" \/>\n<meta property=\"article:publisher\" content=\"https:\/\/www.facebook.com\/enoguia\" \/>\n<meta property=\"article:modified_time\" content=\"2021-07-28T11:24:13+00:00\" \/>\n<meta property=\"og:image\" content=\"https:\/\/enoguia.cat\/wp-content\/uploads\/2018\/09\/Bodega-celler-vinyes-domenech-do-montsant-enoguia-enoturismo-03.jpg\" \/>\n\t<meta property=\"og:image:width\" content=\"1000\" \/>\n\t<meta property=\"og:image:height\" content=\"500\" \/>\n\t<meta property=\"og:image:type\" content=\"image\/jpeg\" \/>\n<meta name=\"twitter:card\" content=\"summary_large_image\" \/>\n<meta name=\"twitter:label1\" content=\"Tiempo de lectura\" \/>\n\t<meta name=\"twitter:data1\" content=\"5 minutos\" \/>\n<script type=\"application\/ld+json\" class=\"yoast-schema-graph\">{\"@context\":\"https:\/\/schema.org\",\"@graph\":[{\"@type\":\"WebPage\",\"@id\":\"https:\/\/enoguia.cat\/es\/listings\/enoturismo-en-el-priorat\/\",\"url\":\"https:\/\/enoguia.cat\/es\/listings\/enoturismo-en-el-priorat\/\",\"name\":\"\u25b7 Enoturismo Priorat \u2022 Vinyes Dom\u00e8nech \u2022 Cap\u00e7anes \u2022 DO Montsant\",\"isPartOf\":{\"@id\":\"https:\/\/enoguia.cat\/es\/#website\"},\"datePublished\":\"2018-09-11T15:05:06+00:00\",\"dateModified\":\"2021-07-28T11:24:13+00:00\",\"description\":\"\u2705 C\u00f3moda ruta por un paraje natural increible por la comarca del Priorat. \u2665\ufe0f Descubrimos el valle escondido de La Fou.\",\"breadcrumb\":{\"@id\":\"https:\/\/enoguia.cat\/es\/listings\/enoturismo-en-el-priorat\/#breadcrumb\"},\"inLanguage\":\"es\",\"potentialAction\":[{\"@type\":\"ReadAction\",\"target\":[\"https:\/\/enoguia.cat\/es\/listings\/enoturismo-en-el-priorat\/\"]}]},{\"@type\":\"BreadcrumbList\",\"@id\":\"https:\/\/enoguia.cat\/es\/listings\/enoturismo-en-el-priorat\/#breadcrumb\",\"itemListElement\":[{\"@type\":\"ListItem\",\"position\":1,\"name\":\"Inici\",\"item\":\"https:\/\/enoguia.cat\/es\/donde-conseguir-la-guia-en-papel\/descubre-las-bodegas-que-te-rodean\/\"},{\"@type\":\"ListItem\",\"position\":2,\"name\":\"Bodegas\",\"item\":\"https:\/\/enoguia.cat\/es\/jobs\/\"},{\"@type\":\"ListItem\",\"position\":3,\"name\":\"Enoturismo en el valle de La Fou\"}]},{\"@type\":\"WebSite\",\"@id\":\"https:\/\/enoguia.cat\/es\/#website\",\"url\":\"https:\/\/enoguia.cat\/es\/\",\"name\":\"Descubre las bodegas que te rodean. Enoturismo y catas.\",\"description\":\"Enoturismo y visita a bodegas con cata de vinos\",\"publisher\":{\"@id\":\"https:\/\/enoguia.cat\/es\/#organization\"},\"potentialAction\":[{\"@type\":\"SearchAction\",\"target\":{\"@type\":\"EntryPoint\",\"urlTemplate\":\"https:\/\/enoguia.cat\/es\/?s={search_term_string}\"},\"query-input\":\"required name=search_term_string\"}],\"inLanguage\":\"es\"},{\"@type\":\"Organization\",\"@id\":\"https:\/\/enoguia.cat\/es\/#organization\",\"name\":\"Enoguia\",\"url\":\"https:\/\/enoguia.cat\/es\/\",\"sameAs\":[\"https:\/\/www.instagram.com\/enoguia_wine_tourism\/\",\"https:\/\/www.youtube.com\/channel\/UCf2tcJLd4dF_O4oxWZ_-kmg\",\"https:\/\/www.facebook.com\/enoguia\"],\"logo\":{\"@type\":\"ImageObject\",\"inLanguage\":\"es\",\"@id\":\"https:\/\/enoguia.cat\/es\/#\/schema\/logo\/image\/\",\"url\":\"http:\/\/enoguia.cat\/wp-content\/uploads\/2017\/05\/logo-enoguia.png\",\"contentUrl\":\"http:\/\/enoguia.cat\/wp-content\/uploads\/2017\/05\/logo-enoguia.png\",\"width\":298,\"height\":103,\"caption\":\"Enoguia\"},\"image\":{\"@id\":\"https:\/\/enoguia.cat\/es\/#\/schema\/logo\/image\/\"}}]}<\/script>\n<!-- \/ Yoast SEO plugin. -->","yoast_head_json":{"title":"\u25b7 Enoturismo Priorat \u2022 Vinyes Dom\u00e8nech \u2022 Cap\u00e7anes \u2022 DO Montsant","description":"\u2705 C\u00f3moda ruta por un paraje natural increible por la comarca del Priorat. \u2665\ufe0f Descubrimos el valle escondido de La Fou.","robots":{"index":"index","follow":"follow","max-snippet":"max-snippet:-1","max-image-preview":"max-image-preview:large","max-video-preview":"max-video-preview:-1"},"canonical":"https:\/\/enoguia.cat\/es\/listings\/enoturismo-en-el-priorat\/","og_locale":"es_ES","og_type":"article","og_title":"\u25b7 Enoturismo Priorat \u2022 Vinyes Dom\u00e8nech \u2022 Cap\u00e7anes \u2022 DO Montsant","og_description":"\u2705 C\u00f3moda ruta por un paraje natural increible por la comarca del Priorat. \u2665\ufe0f Descubrimos el valle escondido de La Fou.","og_url":"https:\/\/enoguia.cat\/es\/listings\/enoturismo-en-el-priorat\/","og_site_name":"Descubre las bodegas que te rodean. Enoturismo y catas.","article_publisher":"https:\/\/www.facebook.com\/enoguia","article_modified_time":"2021-07-28T11:24:13+00:00","og_image":[{"width":1000,"height":500,"url":"https:\/\/enoguia.cat\/wp-content\/uploads\/2018\/09\/Bodega-celler-vinyes-domenech-do-montsant-enoguia-enoturismo-03.jpg","type":"image\/jpeg"}],"twitter_card":"summary_large_image","twitter_misc":{"Tiempo de lectura":"5 minutos"},"schema":{"@context":"https:\/\/schema.org","@graph":[{"@type":"WebPage","@id":"https:\/\/enoguia.cat\/es\/listings\/enoturismo-en-el-priorat\/","url":"https:\/\/enoguia.cat\/es\/listings\/enoturismo-en-el-priorat\/","name":"\u25b7 Enoturismo Priorat \u2022 Vinyes Dom\u00e8nech \u2022 Cap\u00e7anes \u2022 DO Montsant","isPartOf":{"@id":"https:\/\/enoguia.cat\/es\/#website"},"datePublished":"2018-09-11T15:05:06+00:00","dateModified":"2021-07-28T11:24:13+00:00","description":"\u2705 C\u00f3moda ruta por un paraje natural increible por la comarca del Priorat. \u2665\ufe0f Descubrimos el valle escondido de La Fou.","breadcrumb":{"@id":"https:\/\/enoguia.cat\/es\/listings\/enoturismo-en-el-priorat\/#breadcrumb"},"inLanguage":"es","potentialAction":[{"@type":"ReadAction","target":["https:\/\/enoguia.cat\/es\/listings\/enoturismo-en-el-priorat\/"]}]},{"@type":"BreadcrumbList","@id":"https:\/\/enoguia.cat\/es\/listings\/enoturismo-en-el-priorat\/#breadcrumb","itemListElement":[{"@type":"ListItem","position":1,"name":"Inici","item":"https:\/\/enoguia.cat\/es\/donde-conseguir-la-guia-en-papel\/descubre-las-bodegas-que-te-rodean\/"},{"@type":"ListItem","position":2,"name":"Bodegas","item":"https:\/\/enoguia.cat\/es\/jobs\/"},{"@type":"ListItem","position":3,"name":"Enoturismo en el valle de La Fou"}]},{"@type":"WebSite","@id":"https:\/\/enoguia.cat\/es\/#website","url":"https:\/\/enoguia.cat\/es\/","name":"Descubre las bodegas que te rodean. Enoturismo y catas.","description":"Enoturismo y visita a bodegas con cata de vinos","publisher":{"@id":"https:\/\/enoguia.cat\/es\/#organization"},"potentialAction":[{"@type":"SearchAction","target":{"@type":"EntryPoint","urlTemplate":"https:\/\/enoguia.cat\/es\/?s={search_term_string}"},"query-input":"required name=search_term_string"}],"inLanguage":"es"},{"@type":"Organization","@id":"https:\/\/enoguia.cat\/es\/#organization","name":"Enoguia","url":"https:\/\/enoguia.cat\/es\/","sameAs":["https:\/\/www.instagram.com\/enoguia_wine_tourism\/","https:\/\/www.youtube.com\/channel\/UCf2tcJLd4dF_O4oxWZ_-kmg","https:\/\/www.facebook.com\/enoguia"],"logo":{"@type":"ImageObject","inLanguage":"es","@id":"https:\/\/enoguia.cat\/es\/#\/schema\/logo\/image\/","url":"http:\/\/enoguia.cat\/wp-content\/uploads\/2017\/05\/logo-enoguia.png","contentUrl":"http:\/\/enoguia.cat\/wp-content\/uploads\/2017\/05\/logo-enoguia.png","width":298,"height":103,"caption":"Enoguia"},"image":{"@id":"https:\/\/enoguia.cat\/es\/#\/schema\/logo\/image\/"}}]}},"_links":{"self":[{"href":"https:\/\/enoguia.cat\/es\/wp-json\/wp\/v2\/job-listings\/16487"}],"collection":[{"href":"https:\/\/enoguia.cat\/es\/wp-json\/wp\/v2\/job-listings"}],"about":[{"href":"https:\/\/enoguia.cat\/es\/wp-json\/wp\/v2\/types\/job_listing"}],"replies":[{"embeddable":true,"href":"https:\/\/enoguia.cat\/es\/wp-json\/wp\/v2\/comments?post=16487"}],"version-history":[{"count":3,"href":"https:\/\/enoguia.cat\/es\/wp-json\/wp\/v2\/job-listings\/16487\/revisions"}],"predecessor-version":[{"id":24922,"href":"https:\/\/enoguia.cat\/es\/wp-json\/wp\/v2\/job-listings\/16487\/revisions\/24922"}],"wp:featuredmedia":[{"embeddable":true,"href":"https:\/\/enoguia.cat\/es\/wp-json\/wp\/v2\/media\/16491"}],"wp:attachment":[{"href":"https:\/\/enoguia.cat\/es\/wp-json\/wp\/v2\/media?parent=16487"}],"wp:term":[{"taxonomy":"job_listing_category","embeddable":true,"href":"https:\/\/enoguia.cat\/es\/wp-json\/wp\/v2\/job-categories?post=16487"}],"curies":[{"name":"wp","href":"https:\/\/api.w.org\/{rel}","templated":true}]}}