{"id":18171,"date":"2019-11-05T13:53:06","date_gmt":"2019-11-05T11:53:06","guid":{"rendered":"http:\/\/enoguia.cat\/es\/listings\/jane-santacana-finca-baldus\/"},"modified":"2023-09-22T11:53:34","modified_gmt":"2023-09-22T09:53:34","slug":"visita-bodega-jane-santacana-finca-baldus","status":"publish","type":"job_listing","link":"https:\/\/enoguia.cat\/es\/listings\/visita-bodega-jane-santacana-finca-baldus\/","title":{"rendered":"Bodega Jan\u00e9 Santacana &#8211; Finca Bald\u00fas"},"content":{"rendered":"<div class=\"page\" title=\"Page 1\">\n<div class=\"section\">\n<div class=\"layoutArea\">\n<div class=\"column\">\n<div class=\"page\" title=\"Page 1\">\n<div class=\"section\">\n<div class=\"layoutArea\">\n<div class=\"column\">\n<div class=\"page\" title=\"Page 1\">\n<div class=\"section\">\n<div class=\"layoutArea\">\n<div class=\"column\">\n<div class=\"page\" title=\"Page 1\">\n<div class=\"section\">\n<div class=\"layoutArea\">\n<div class=\"column\">\n<div class=\"page\" title=\"Page 1\">\n<div class=\"section\">\n<div class=\"layoutArea\">\n<div class=\"column\">\n<div class=\"page\" title=\"Page 1\">\n<div class=\"section\">\n<div class=\"layoutArea\">\n<div class=\"column\">\n<div class=\"page\" title=\"Page 1\">\n<div class=\"section\">\n<div class=\"layoutArea\">\n<div class=\"column\">\n<div class=\"page\" title=\"Page 1\">\n<div class=\"section\">\n<div class=\"layoutArea\">\n<div class=\"column\">\n<div class=\"page\" title=\"Page 1\">\n<div class=\"section\">\n<div class=\"layoutArea\">\n<div class=\"column\">\n<div class=\"page\" title=\"Page 1\">\n<div class=\"section\">\n<div class=\"layoutArea\">\n<div class=\"column\">\n<p class=\"p1\">Descubre el proceso de elaboraci\u00f3n del cava que se ha ido transmitiendo de padres a hijos durante a\u00f1os. Visita una bodega familiar situada en el coraz\u00f3n del Pened\u00e8s, pasea por las vi\u00f1as de la propiedad y visita la casa solariega del siglo XVII donde te explicar\u00e1n todos los secretos de elaboraci\u00f3n de sus cavas y vinos.<\/p>\n<p><img id=\"this_one\" src=\"http:\/\/enoguia.cat\/img\/icon_bottle.png\" \/>\u00a0 120.000\u00a0 \u00a0<img id=\"this_two\" src=\"http:\/\/enoguia.cat\/img\/icon_hect.png\" \/>\u00a0 45 ha<\/p>\n<h2><strong style=\"color: inherit; font-family: inherit; font-size: inherit;\">Visitas y enoturismo en bodega Jan\u00e9 Santacana &#8211; Finca Bald\u00fas<\/strong><\/h2>\n<p><img src=\"http:\/\/enoguia.cat\/img\/icon_hora.png\" \/><br \/>\n<span style=\"color: inherit; font-family: inherit; font-size: inherit;\">\u2022 <\/span>Concertar Visita<br \/>\n<span style=\"color: inherit; font-family: inherit; font-size: inherit;\">\u2022 Domingos y festivos: 10h<\/span><br \/>\n<img src=\"http:\/\/enoguia.cat\/img\/icon-euro.png\" \/><br \/>\n<span style=\"color: inherit; font-family: inherit; font-size: inherit;\">\u2022 Visita + 2 degustaciones: <\/span>15 \u20ac \/ 1:30h.<br \/>\n<span style=\"color: inherit; font-family: inherit; font-size: inherit;\">\u2022 Grupos m\u00e1s 6 personas: 5\u20ac.<br \/>\n\u2022 12 a 17 a\u00f1os: 5\u20ac.<br \/>\n<\/span><span style=\"color: inherit; font-family: inherit; font-size: inherit;\">\u2022 Menores 11 a\u00f1os: gratis.<\/span><br \/>\n<img src=\"http:\/\/enoguia.cat\/img\/icon_message.png\" \/>\u00a0 CA \/ ES \/ EN<br \/>\n<img src=\"http:\/\/enoguia.cat\/img\/icon_wine.png\" \/>\u00a0 \u00a02 &#8211; 3 Vinos<br \/>\n<img src=\"http:\/\/enoguia.cat\/img\/icon_people.png\" \/>\u00a0 3 m\u00edn &#8211; 40 m\u00e1x<br \/>\n<img src=\"http:\/\/enoguia.cat\/img\/icon-vinyes.png\" \/> \u00a0Visita vi\u00f1as<\/p>\n<\/div>\n<\/div>\n<\/div>\n<\/div>\n<\/div>\n<\/div>\n<\/div>\n<\/div>\n<\/div>\n<\/div>\n<\/div>\n<\/div>\n<\/div>\n<\/div>\n<\/div>\n<\/div>\n<\/div>\n<\/div>\n<\/div>\n<\/div>\n<\/div>\n<\/div>\n<\/div>\n<\/div>\n<\/div>\n<\/div>\n<\/div>\n<\/div>\n<\/div>\n<\/div>\n<\/div>\n<\/div>\n<\/div>\n<\/div>\n<\/div>\n<\/div>\n<\/div>\n<\/div>\n<\/div>\n<\/div>\n<h2><strong style=\"color: inherit; font-family: inherit; font-size: inherit;\">Vinos y cavas de la bodega Jan\u00e9 Santacana &#8211; Finca Bald\u00fas<\/strong><span style=\"color: inherit; font-family: inherit; font-size: inherit;\"><br \/>\n<\/span><\/h2>\n<p><span style=\"color: inherit; font-family: inherit; font-size: inherit;\">\u2022 Reserva Brut Nature Etiqueta Blanca<br \/>\n\u2022 Reserva Brut Nature Etiqueta Oro<br \/>\n\u2022 Reserva Brut Nature Etiqueta Cobre<br \/>\n\u2022 Reserva Brut Nature Etiqueta Rosa<br \/>\n\u2022 Reserva Brut Nature Etiqueta Negra<br \/>\n\u2022 Brut Nature Magnum<br \/>\n\u2022 Vi Blanc de Vald\u00fas<br \/>\n\u2022 Vi Negre de Vald\u00fas<br \/>\n<\/span><\/p>\n<p>&gt;&gt; Visita tambi\u00e9n <strong><a href=\"http:\/\/enoguia.cat\/es\/listings\/enoturismo-cavas-giro-ribot\/\" target=\"_blank\" rel=\"noopener noreferrer\">Cavas Gir\u00f3 Ribot<\/a><\/strong><br \/>\n&gt;&gt; Conoce la <strong><a href=\"https:\/\/enoguia.cat\/es\/visitar-bodegas-cava\/\" target=\"_blank\" rel=\"noopener noreferrer\">DO Cava<\/a><\/strong><\/p>\n<p>&nbsp;<\/p>\n","protected":false},"featured_media":18163,"comment_status":"open","ping_status":"closed","template":"","meta":{"_company_tagline":"DO Cava","_job_location":"Masia Baldu\u0301s, 9 (Plac\u0327a de les Alzines), 08792 Santa Fe del Penede\u0300s","_company_website":"","_company_twitter":"","_filled":0,"_featured":0,"_joinchat":{"telephone":"+34619482121","message_text":"*\u00a1Hola! soy \u00d3scar...*\n\u00bfQuieres reservar en {TITLE}?\nDime para que d\u00eda."}},"job-categories":[447],"yoast_head":"<!-- This site is optimized with the Yoast SEO plugin v19.7.1 - https:\/\/yoast.com\/wordpress\/plugins\/seo\/ -->\n<title>Visita bodega Jan\u00e9 Santacana \u2022 Jan\u00e9 Santacana - Finca Bald\u00fas<\/title>\n<meta name=\"description\" content=\"Visita bodega Jan\u00e9 Santacana - Finca Bald\u00fas. Descubre el proceso de elaboracio\u0301n del cava que se ha ido transmitiendo. \u00a1Reserva ahora!\" \/>\n<meta name=\"robots\" content=\"index, follow, max-snippet:-1, max-image-preview:large, max-video-preview:-1\" \/>\n<link rel=\"canonical\" href=\"https:\/\/enoguia.cat\/es\/listings\/visita-bodega-jane-santacana-finca-baldus\/\" \/>\n<meta property=\"og:locale\" content=\"es_ES\" \/>\n<meta property=\"og:type\" content=\"article\" \/>\n<meta property=\"og:title\" content=\"Visita bodega Jan\u00e9 Santacana \u2022 Jan\u00e9 Santacana - Finca Bald\u00fas\" \/>\n<meta property=\"og:description\" content=\"Visita bodega Jan\u00e9 Santacana - Finca Bald\u00fas. Descubre el proceso de elaboracio\u0301n del cava que se ha ido transmitiendo. \u00a1Reserva ahora!\" \/>\n<meta property=\"og:url\" content=\"https:\/\/enoguia.cat\/es\/listings\/visita-bodega-jane-santacana-finca-baldus\/\" \/>\n<meta property=\"og:site_name\" content=\"Descubre las bodegas que te rodean. Enoturismo y catas.\" \/>\n<meta property=\"article:publisher\" content=\"https:\/\/www.facebook.com\/enoguia\" \/>\n<meta property=\"article:modified_time\" content=\"2023-09-22T09:53:34+00:00\" \/>\n<meta property=\"og:image\" content=\"https:\/\/enoguia.cat\/wp-content\/uploads\/2019\/11\/jane-santacana-visita-enoturisme-01.jpg\" \/>\n\t<meta property=\"og:image:width\" content=\"1000\" \/>\n\t<meta property=\"og:image:height\" content=\"511\" \/>\n\t<meta property=\"og:image:type\" content=\"image\/jpeg\" \/>\n<meta name=\"twitter:card\" content=\"summary_large_image\" \/>\n<meta name=\"twitter:image\" content=\"https:\/\/enoguia.cat\/wp-content\/uploads\/2019\/11\/jane-santacana-visita-enoturisme-01.jpg\" \/>\n<meta name=\"twitter:label1\" content=\"Tiempo de lectura\" \/>\n\t<meta name=\"twitter:data1\" content=\"3 minutos\" \/>\n<script type=\"application\/ld+json\" class=\"yoast-schema-graph\">{\"@context\":\"https:\/\/schema.org\",\"@graph\":[{\"@type\":\"WebPage\",\"@id\":\"https:\/\/enoguia.cat\/es\/listings\/visita-bodega-jane-santacana-finca-baldus\/\",\"url\":\"https:\/\/enoguia.cat\/es\/listings\/visita-bodega-jane-santacana-finca-baldus\/\",\"name\":\"Visita bodega Jan\u00e9 Santacana \u2022 Jan\u00e9 Santacana - Finca Bald\u00fas\",\"isPartOf\":{\"@id\":\"https:\/\/enoguia.cat\/es\/#website\"},\"datePublished\":\"2019-11-05T11:53:06+00:00\",\"dateModified\":\"2023-09-22T09:53:34+00:00\",\"description\":\"Visita bodega Jan\u00e9 Santacana - Finca Bald\u00fas. Descubre el proceso de elaboracio\u0301n del cava que se ha ido transmitiendo. \u00a1Reserva ahora!\",\"breadcrumb\":{\"@id\":\"https:\/\/enoguia.cat\/es\/listings\/visita-bodega-jane-santacana-finca-baldus\/#breadcrumb\"},\"inLanguage\":\"es\",\"potentialAction\":[{\"@type\":\"ReadAction\",\"target\":[\"https:\/\/enoguia.cat\/es\/listings\/visita-bodega-jane-santacana-finca-baldus\/\"]}]},{\"@type\":\"BreadcrumbList\",\"@id\":\"https:\/\/enoguia.cat\/es\/listings\/visita-bodega-jane-santacana-finca-baldus\/#breadcrumb\",\"itemListElement\":[{\"@type\":\"ListItem\",\"position\":1,\"name\":\"Inici\",\"item\":\"https:\/\/enoguia.cat\/es\/donde-conseguir-la-guia-en-papel\/descubre-las-bodegas-que-te-rodean\/\"},{\"@type\":\"ListItem\",\"position\":2,\"name\":\"Bodegas\",\"item\":\"https:\/\/enoguia.cat\/es\/jobs\/\"},{\"@type\":\"ListItem\",\"position\":3,\"name\":\"Bodega Jan\u00e9 Santacana &#8211; Finca Bald\u00fas\"}]},{\"@type\":\"WebSite\",\"@id\":\"https:\/\/enoguia.cat\/es\/#website\",\"url\":\"https:\/\/enoguia.cat\/es\/\",\"name\":\"Descubre las bodegas que te rodean. Enoturismo y catas.\",\"description\":\"Enoturismo y visita a bodegas con cata de vinos\",\"publisher\":{\"@id\":\"https:\/\/enoguia.cat\/es\/#organization\"},\"potentialAction\":[{\"@type\":\"SearchAction\",\"target\":{\"@type\":\"EntryPoint\",\"urlTemplate\":\"https:\/\/enoguia.cat\/es\/?s={search_term_string}\"},\"query-input\":\"required name=search_term_string\"}],\"inLanguage\":\"es\"},{\"@type\":\"Organization\",\"@id\":\"https:\/\/enoguia.cat\/es\/#organization\",\"name\":\"Enoguia\",\"url\":\"https:\/\/enoguia.cat\/es\/\",\"sameAs\":[\"https:\/\/www.instagram.com\/enoguia_wine_tourism\/\",\"https:\/\/www.youtube.com\/channel\/UCf2tcJLd4dF_O4oxWZ_-kmg\",\"https:\/\/www.facebook.com\/enoguia\"],\"logo\":{\"@type\":\"ImageObject\",\"inLanguage\":\"es\",\"@id\":\"https:\/\/enoguia.cat\/es\/#\/schema\/logo\/image\/\",\"url\":\"http:\/\/enoguia.cat\/wp-content\/uploads\/2017\/05\/logo-enoguia.png\",\"contentUrl\":\"http:\/\/enoguia.cat\/wp-content\/uploads\/2017\/05\/logo-enoguia.png\",\"width\":298,\"height\":103,\"caption\":\"Enoguia\"},\"image\":{\"@id\":\"https:\/\/enoguia.cat\/es\/#\/schema\/logo\/image\/\"}}]}<\/script>\n<!-- \/ Yoast SEO plugin. -->","yoast_head_json":{"title":"Visita bodega Jan\u00e9 Santacana \u2022 Jan\u00e9 Santacana - Finca Bald\u00fas","description":"Visita bodega Jan\u00e9 Santacana - Finca Bald\u00fas. Descubre el proceso de elaboracio\u0301n del cava que se ha ido transmitiendo. \u00a1Reserva ahora!","robots":{"index":"index","follow":"follow","max-snippet":"max-snippet:-1","max-image-preview":"max-image-preview:large","max-video-preview":"max-video-preview:-1"},"canonical":"https:\/\/enoguia.cat\/es\/listings\/visita-bodega-jane-santacana-finca-baldus\/","og_locale":"es_ES","og_type":"article","og_title":"Visita bodega Jan\u00e9 Santacana \u2022 Jan\u00e9 Santacana - Finca Bald\u00fas","og_description":"Visita bodega Jan\u00e9 Santacana - Finca Bald\u00fas. Descubre el proceso de elaboracio\u0301n del cava que se ha ido transmitiendo. \u00a1Reserva ahora!","og_url":"https:\/\/enoguia.cat\/es\/listings\/visita-bodega-jane-santacana-finca-baldus\/","og_site_name":"Descubre las bodegas que te rodean. Enoturismo y catas.","article_publisher":"https:\/\/www.facebook.com\/enoguia","article_modified_time":"2023-09-22T09:53:34+00:00","og_image":[{"width":1000,"height":511,"url":"https:\/\/enoguia.cat\/wp-content\/uploads\/2019\/11\/jane-santacana-visita-enoturisme-01.jpg","type":"image\/jpeg"}],"twitter_card":"summary_large_image","twitter_image":"https:\/\/enoguia.cat\/wp-content\/uploads\/2019\/11\/jane-santacana-visita-enoturisme-01.jpg","twitter_misc":{"Tiempo de lectura":"3 minutos"},"schema":{"@context":"https:\/\/schema.org","@graph":[{"@type":"WebPage","@id":"https:\/\/enoguia.cat\/es\/listings\/visita-bodega-jane-santacana-finca-baldus\/","url":"https:\/\/enoguia.cat\/es\/listings\/visita-bodega-jane-santacana-finca-baldus\/","name":"Visita bodega Jan\u00e9 Santacana \u2022 Jan\u00e9 Santacana - Finca Bald\u00fas","isPartOf":{"@id":"https:\/\/enoguia.cat\/es\/#website"},"datePublished":"2019-11-05T11:53:06+00:00","dateModified":"2023-09-22T09:53:34+00:00","description":"Visita bodega Jan\u00e9 Santacana - Finca Bald\u00fas. Descubre el proceso de elaboracio\u0301n del cava que se ha ido transmitiendo. \u00a1Reserva ahora!","breadcrumb":{"@id":"https:\/\/enoguia.cat\/es\/listings\/visita-bodega-jane-santacana-finca-baldus\/#breadcrumb"},"inLanguage":"es","potentialAction":[{"@type":"ReadAction","target":["https:\/\/enoguia.cat\/es\/listings\/visita-bodega-jane-santacana-finca-baldus\/"]}]},{"@type":"BreadcrumbList","@id":"https:\/\/enoguia.cat\/es\/listings\/visita-bodega-jane-santacana-finca-baldus\/#breadcrumb","itemListElement":[{"@type":"ListItem","position":1,"name":"Inici","item":"https:\/\/enoguia.cat\/es\/donde-conseguir-la-guia-en-papel\/descubre-las-bodegas-que-te-rodean\/"},{"@type":"ListItem","position":2,"name":"Bodegas","item":"https:\/\/enoguia.cat\/es\/jobs\/"},{"@type":"ListItem","position":3,"name":"Bodega Jan\u00e9 Santacana &#8211; Finca Bald\u00fas"}]},{"@type":"WebSite","@id":"https:\/\/enoguia.cat\/es\/#website","url":"https:\/\/enoguia.cat\/es\/","name":"Descubre las bodegas que te rodean. Enoturismo y catas.","description":"Enoturismo y visita a bodegas con cata de vinos","publisher":{"@id":"https:\/\/enoguia.cat\/es\/#organization"},"potentialAction":[{"@type":"SearchAction","target":{"@type":"EntryPoint","urlTemplate":"https:\/\/enoguia.cat\/es\/?s={search_term_string}"},"query-input":"required name=search_term_string"}],"inLanguage":"es"},{"@type":"Organization","@id":"https:\/\/enoguia.cat\/es\/#organization","name":"Enoguia","url":"https:\/\/enoguia.cat\/es\/","sameAs":["https:\/\/www.instagram.com\/enoguia_wine_tourism\/","https:\/\/www.youtube.com\/channel\/UCf2tcJLd4dF_O4oxWZ_-kmg","https:\/\/www.facebook.com\/enoguia"],"logo":{"@type":"ImageObject","inLanguage":"es","@id":"https:\/\/enoguia.cat\/es\/#\/schema\/logo\/image\/","url":"http:\/\/enoguia.cat\/wp-content\/uploads\/2017\/05\/logo-enoguia.png","contentUrl":"http:\/\/enoguia.cat\/wp-content\/uploads\/2017\/05\/logo-enoguia.png","width":298,"height":103,"caption":"Enoguia"},"image":{"@id":"https:\/\/enoguia.cat\/es\/#\/schema\/logo\/image\/"}}]}},"_links":{"self":[{"href":"https:\/\/enoguia.cat\/es\/wp-json\/wp\/v2\/job-listings\/18171"}],"collection":[{"href":"https:\/\/enoguia.cat\/es\/wp-json\/wp\/v2\/job-listings"}],"about":[{"href":"https:\/\/enoguia.cat\/es\/wp-json\/wp\/v2\/types\/job_listing"}],"replies":[{"embeddable":true,"href":"https:\/\/enoguia.cat\/es\/wp-json\/wp\/v2\/comments?post=18171"}],"version-history":[{"count":4,"href":"https:\/\/enoguia.cat\/es\/wp-json\/wp\/v2\/job-listings\/18171\/revisions"}],"predecessor-version":[{"id":32180,"href":"https:\/\/enoguia.cat\/es\/wp-json\/wp\/v2\/job-listings\/18171\/revisions\/32180"}],"wp:featuredmedia":[{"embeddable":true,"href":"https:\/\/enoguia.cat\/es\/wp-json\/wp\/v2\/media\/18163"}],"wp:attachment":[{"href":"https:\/\/enoguia.cat\/es\/wp-json\/wp\/v2\/media?parent=18171"}],"wp:term":[{"taxonomy":"job_listing_category","embeddable":true,"href":"https:\/\/enoguia.cat\/es\/wp-json\/wp\/v2\/job-categories?post=18171"}],"curies":[{"name":"wp","href":"https:\/\/api.w.org\/{rel}","templated":true}]}}