{"id":18186,"date":"2019-11-06T10:24:56","date_gmt":"2019-11-06T08:24:56","guid":{"rendered":"http:\/\/enoguia.cat\/es\/listings\/colet\/"},"modified":"2024-01-10T16:12:52","modified_gmt":"2024-01-10T14:12:52","slug":"vinos-ecologicos-colet","status":"publish","type":"job_listing","link":"https:\/\/enoguia.cat\/es\/listings\/vinos-ecologicos-colet\/","title":{"rendered":"Bodega Colet"},"content":{"rendered":"<div class=\"page\" title=\"Page 1\">\n<div class=\"section\">\n<div class=\"layoutArea\">\n<div class=\"column\">\n<div class=\"page\" title=\"Page 1\">\n<div class=\"section\">\n<div class=\"layoutArea\">\n<div class=\"column\">\n<div class=\"page\" title=\"Page 1\">\n<div class=\"section\">\n<div class=\"layoutArea\">\n<div class=\"column\">\n<div class=\"page\" title=\"Page 1\">\n<div class=\"section\">\n<div class=\"layoutArea\">\n<div class=\"column\">\n<div class=\"page\" title=\"Page 1\">\n<div class=\"section\">\n<div class=\"layoutArea\">\n<div class=\"column\">\n<div class=\"page\" title=\"Page 1\">\n<div class=\"section\">\n<div class=\"layoutArea\">\n<div class=\"column\">\n<div class=\"page\" title=\"Page 1\">\n<div class=\"section\">\n<div class=\"layoutArea\">\n<div class=\"column\">\n<div class=\"page\" title=\"Page 1\">\n<div class=\"section\">\n<div class=\"layoutArea\">\n<div class=\"column\">\n<div class=\"page\" title=\"Page 1\">\n<div class=\"section\">\n<div class=\"layoutArea\">\n<div class=\"column\">\n<div class=\"page\" title=\"Page 1\">\n<div class=\"section\">\n<div class=\"layoutArea\">\n<div class=\"column\">\n<div class=\"page\" title=\"Page 1\">\n<div class=\"section\">\n<div class=\"layoutArea\">\n<div class=\"column\">\n<p>Bodega familiar\u00a0<strong>Colet<\/strong>, que trabaja la vi\u00f1a de forma ecol\u00f3gica, especialistas en espumosos de calidad. Realizamos visitas personalizadas seg\u00fan sus inquietudes y curiosidades: visitas a vi\u00f1as, catas con Cl\u00e0ssic Pened\u00e8s, rutas con bicicleta, proyecto ENOSALUD (Txi Kung, Yoga&#8230;).<\/p>\n<p><span style=\"color: inherit; font-family: inherit; font-size: inherit;\">Cuentan con el espacio\u00a0<\/span><strong style=\"color: inherit; font-family: inherit; font-size: inherit;\">Hisenda Roman\u00ed<\/strong><span style=\"color: inherit; font-family: inherit; font-size: inherit;\">, un wine bar entre vi\u00f1as donde disfrutar tranquilamente de un espacio de catas y descubrir nuestros espumosos, mostos y vinos tranquilos de bodegas amigas como la bodega Viladellops o Mas Bertran. Todos los productos son ecol\u00f3gicos y de proximidad.<\/span><\/p>\n<p><img id=\"this_one\" src=\"http:\/\/enoguia.cat\/img\/icon_bottle.png\" \/>\u00a0 70.000\u00a0 \u00a0<img id=\"this_two\" src=\"http:\/\/enoguia.cat\/img\/icon_hect.png\" \/>\u00a0 20 ha<\/p>\n<h2><strong style=\"color: inherit; font-family: inherit; font-size: inherit;\">Visitas y enoturismo en bodega Colet<\/strong><\/h2>\n<\/div>\n<div class=\"column\">\n<p><img src=\"http:\/\/enoguia.cat\/img\/icon_hora.png\" \/>\u00a0 Concertar Visita<br \/>\n<img src=\"http:\/\/enoguia.cat\/img\/icon-euro.png\" \/>\u00a0 20 \u20ac \/ 1:30h &#8211; 2:00h<br \/>\n<img src=\"http:\/\/enoguia.cat\/img\/icon_message.png\" \/>\u00a0 CA \/ ES \/ EN<br \/>\n<img src=\"http:\/\/enoguia.cat\/img\/icon_wine.png\" \/>\u00a0 \u00a03 Vinos<br \/>\n<img src=\"http:\/\/enoguia.cat\/img\/icon_people.png\" \/>\u00a0 2 m\u00edn &#8211; 20 m\u00e1x<br \/>\n<img src=\"http:\/\/enoguia.cat\/img\/icon-vinyes.png\" \/> \u00a0Visita vi\u00f1as<\/p>\n<p><strong>Wine Bar Hisenda Roman\u00ed<br \/>\n<\/strong>\u2022\u00a0S\u00e1bados y domingos: 11 a 16h<br \/>\n\u2022 Recomendable reserva: 937 431 049 &#8211; 629 613 836<br \/>\n\u2022 Direcci\u00f3n: Barrio de Roman\u00ed, Sant Mart\u00ed Sarroca<\/p>\n<h2><strong style=\"color: inherit; font-family: inherit; font-size: inherit;\">Vinos y espumosos de la bodega Colet<\/strong><\/h2>\n<p><span style=\"color: inherit; font-family: inherit; font-size: inherit;\">\u2022 Colet Tradicional<br \/>\n<\/span><span style=\"color: inherit; font-family: inherit; font-size: inherit;\">\u2022 Vatua!<br \/>\n<\/span><span style=\"color: inherit; font-family: inherit; font-size: inherit;\">\u2022 Vatua! Ros\u00e9 per Fredi T<br \/>\n<\/span><span style=\"color: inherit; font-family: inherit; font-size: inherit;\">\u2022 A Priori<br \/>\n<\/span><span style=\"color: inherit; font-family: inherit; font-size: inherit;\">\u2022 Gran Cuv\u00e9e<br \/>\n<\/span><span style=\"color: inherit; font-family: inherit; font-size: inherit;\">\u2022 Assemblage<br \/>\n<\/span><span style=\"color: inherit; font-family: inherit; font-size: inherit;\">\u2022 Colet Navazos Reserva<br \/>\n<\/span><span style=\"color: inherit; font-family: inherit; font-size: inherit;\">\u2022 M\u00e0gic<\/span><\/p>\n<p><span style=\"color: inherit; font-family: inherit; font-size: inherit;\">&gt;&gt; Visita tambi\u00e9n <\/span><strong style=\"color: inherit; font-family: inherit; font-size: inherit;\"><a href=\"http:\/\/enoguia.cat\/es\/listings\/visita-bodega-jane-santacana-finca-baldus\/\" target=\"_blank\" rel=\"noopener noreferrer\">Jan\u00e9 Santacana &#8211; Finca Bald\u00fas<\/a><br \/>\n<\/strong><span style=\"color: inherit; font-family: inherit; font-size: inherit;\">&gt;&gt; Conoce la <\/span><strong style=\"color: inherit; font-family: inherit; font-size: inherit;\"><a href=\"http:\/\/www.dopenedes.cat\/\" target=\"_blank\" rel=\"noopener noreferrer\">DO Pened\u00e8s<\/a><\/strong><\/p>\n<\/div>\n<\/div>\n<\/div>\n<\/div>\n<\/div>\n<\/div>\n<\/div>\n<\/div>\n<\/div>\n<\/div>\n<\/div>\n<\/div>\n<\/div>\n<\/div>\n<\/div>\n<\/div>\n<\/div>\n<\/div>\n<\/div>\n<\/div>\n<\/div>\n<\/div>\n<\/div>\n<\/div>\n<\/div>\n<\/div>\n<\/div>\n<\/div>\n<\/div>\n<\/div>\n<\/div>\n<\/div>\n<\/div>\n<\/div>\n<\/div>\n<\/div>\n<\/div>\n<\/div>\n<\/div>\n<\/div>\n<\/div>\n<\/div>\n<\/div>\n<\/div>\n<p>&nbsp;<\/p>\n","protected":false},"featured_media":18180,"comment_status":"open","ping_status":"closed","template":"","meta":{"_company_tagline":"DO Pened\u00e8s","_job_location":"Cam\u00ed del Salinar s\/n, 08796 Pacs del Pened\u00e8s","_company_website":"","_company_twitter":"","_filled":0,"_featured":0,"_joinchat":{"telephone":"+34619482121","message_text":"*\u00a1Hola! soy \u00d3scar...*\n\u00bfQuieres reservar en {TITLE}?\nDime para que d\u00eda."}},"job-categories":[297],"yoast_head":"<!-- This site is optimized with the Yoast SEO plugin v19.7.1 - https:\/\/yoast.com\/wordpress\/plugins\/seo\/ -->\n<title>\u25b6 Vinos ecol\u00f3gicos Colet \u2022 DO Pened\u00e8s \u2022 Vilafranca del Pened\u00e8s<\/title>\n<meta name=\"description\" content=\"\u2b50 Vinos ecol\u00f3gicos Colet. Descubre una bodega familiar que produce de forma ecol\u00f3gica vinos y espumosos de calidad. \u2705 !Reserva ahora!\" \/>\n<meta name=\"robots\" content=\"index, follow, max-snippet:-1, max-image-preview:large, max-video-preview:-1\" \/>\n<link rel=\"canonical\" href=\"https:\/\/enoguia.cat\/es\/listings\/vinos-ecologicos-colet\/\" \/>\n<meta property=\"og:locale\" content=\"es_ES\" \/>\n<meta property=\"og:type\" content=\"article\" \/>\n<meta property=\"og:title\" content=\"\u25b6 Vinos ecol\u00f3gicos Colet \u2022 DO Pened\u00e8s \u2022 Vilafranca del Pened\u00e8s\" \/>\n<meta property=\"og:description\" content=\"\u2b50 Vinos ecol\u00f3gicos Colet. Descubre una bodega familiar que produce de forma ecol\u00f3gica vinos y espumosos de calidad. \u2705 !Reserva ahora!\" \/>\n<meta property=\"og:url\" content=\"https:\/\/enoguia.cat\/es\/listings\/vinos-ecologicos-colet\/\" \/>\n<meta property=\"og:site_name\" content=\"Descubre las bodegas que te rodean. Enoturismo y catas.\" \/>\n<meta property=\"article:publisher\" content=\"https:\/\/www.facebook.com\/enoguia\" \/>\n<meta property=\"article:modified_time\" content=\"2024-01-10T14:12:52+00:00\" \/>\n<meta property=\"og:image\" content=\"https:\/\/enoguia.cat\/wp-content\/uploads\/2019\/11\/colet-visita-enoturisme-01.jpg\" \/>\n\t<meta property=\"og:image:width\" content=\"1000\" \/>\n\t<meta property=\"og:image:height\" content=\"511\" \/>\n\t<meta property=\"og:image:type\" content=\"image\/jpeg\" \/>\n<meta name=\"twitter:card\" content=\"summary_large_image\" \/>\n<meta name=\"twitter:image\" content=\"https:\/\/enoguia.cat\/wp-content\/uploads\/2019\/11\/colet-visita-enoturisme-01.jpg\" \/>\n<meta name=\"twitter:label1\" content=\"Tiempo de lectura\" \/>\n\t<meta name=\"twitter:data1\" content=\"3 minutos\" \/>\n<script type=\"application\/ld+json\" class=\"yoast-schema-graph\">{\"@context\":\"https:\/\/schema.org\",\"@graph\":[{\"@type\":\"WebPage\",\"@id\":\"https:\/\/enoguia.cat\/es\/listings\/vinos-ecologicos-colet\/\",\"url\":\"https:\/\/enoguia.cat\/es\/listings\/vinos-ecologicos-colet\/\",\"name\":\"\u25b6 Vinos ecol\u00f3gicos Colet \u2022 DO Pened\u00e8s \u2022 Vilafranca del Pened\u00e8s\",\"isPartOf\":{\"@id\":\"https:\/\/enoguia.cat\/es\/#website\"},\"datePublished\":\"2019-11-06T08:24:56+00:00\",\"dateModified\":\"2024-01-10T14:12:52+00:00\",\"description\":\"\u2b50 Vinos ecol\u00f3gicos Colet. Descubre una bodega familiar que produce de forma ecol\u00f3gica vinos y espumosos de calidad. \u2705 !Reserva ahora!\",\"breadcrumb\":{\"@id\":\"https:\/\/enoguia.cat\/es\/listings\/vinos-ecologicos-colet\/#breadcrumb\"},\"inLanguage\":\"es\",\"potentialAction\":[{\"@type\":\"ReadAction\",\"target\":[\"https:\/\/enoguia.cat\/es\/listings\/vinos-ecologicos-colet\/\"]}]},{\"@type\":\"BreadcrumbList\",\"@id\":\"https:\/\/enoguia.cat\/es\/listings\/vinos-ecologicos-colet\/#breadcrumb\",\"itemListElement\":[{\"@type\":\"ListItem\",\"position\":1,\"name\":\"Inici\",\"item\":\"https:\/\/enoguia.cat\/es\/donde-conseguir-la-guia-en-papel\/descubre-las-bodegas-que-te-rodean\/\"},{\"@type\":\"ListItem\",\"position\":2,\"name\":\"Bodegas\",\"item\":\"https:\/\/enoguia.cat\/es\/jobs\/\"},{\"@type\":\"ListItem\",\"position\":3,\"name\":\"Bodega Colet\"}]},{\"@type\":\"WebSite\",\"@id\":\"https:\/\/enoguia.cat\/es\/#website\",\"url\":\"https:\/\/enoguia.cat\/es\/\",\"name\":\"Descubre las bodegas que te rodean. Enoturismo y catas.\",\"description\":\"Enoturismo y visita a bodegas con cata de vinos\",\"publisher\":{\"@id\":\"https:\/\/enoguia.cat\/es\/#organization\"},\"potentialAction\":[{\"@type\":\"SearchAction\",\"target\":{\"@type\":\"EntryPoint\",\"urlTemplate\":\"https:\/\/enoguia.cat\/es\/?s={search_term_string}\"},\"query-input\":\"required name=search_term_string\"}],\"inLanguage\":\"es\"},{\"@type\":\"Organization\",\"@id\":\"https:\/\/enoguia.cat\/es\/#organization\",\"name\":\"Enoguia\",\"url\":\"https:\/\/enoguia.cat\/es\/\",\"sameAs\":[\"https:\/\/www.instagram.com\/enoguia_wine_tourism\/\",\"https:\/\/www.youtube.com\/channel\/UCf2tcJLd4dF_O4oxWZ_-kmg\",\"https:\/\/www.facebook.com\/enoguia\"],\"logo\":{\"@type\":\"ImageObject\",\"inLanguage\":\"es\",\"@id\":\"https:\/\/enoguia.cat\/es\/#\/schema\/logo\/image\/\",\"url\":\"http:\/\/enoguia.cat\/wp-content\/uploads\/2017\/05\/logo-enoguia.png\",\"contentUrl\":\"http:\/\/enoguia.cat\/wp-content\/uploads\/2017\/05\/logo-enoguia.png\",\"width\":298,\"height\":103,\"caption\":\"Enoguia\"},\"image\":{\"@id\":\"https:\/\/enoguia.cat\/es\/#\/schema\/logo\/image\/\"}}]}<\/script>\n<!-- \/ Yoast SEO plugin. -->","yoast_head_json":{"title":"\u25b6 Vinos ecol\u00f3gicos Colet \u2022 DO Pened\u00e8s \u2022 Vilafranca del Pened\u00e8s","description":"\u2b50 Vinos ecol\u00f3gicos Colet. Descubre una bodega familiar que produce de forma ecol\u00f3gica vinos y espumosos de calidad. \u2705 !Reserva ahora!","robots":{"index":"index","follow":"follow","max-snippet":"max-snippet:-1","max-image-preview":"max-image-preview:large","max-video-preview":"max-video-preview:-1"},"canonical":"https:\/\/enoguia.cat\/es\/listings\/vinos-ecologicos-colet\/","og_locale":"es_ES","og_type":"article","og_title":"\u25b6 Vinos ecol\u00f3gicos Colet \u2022 DO Pened\u00e8s \u2022 Vilafranca del Pened\u00e8s","og_description":"\u2b50 Vinos ecol\u00f3gicos Colet. Descubre una bodega familiar que produce de forma ecol\u00f3gica vinos y espumosos de calidad. \u2705 !Reserva ahora!","og_url":"https:\/\/enoguia.cat\/es\/listings\/vinos-ecologicos-colet\/","og_site_name":"Descubre las bodegas que te rodean. Enoturismo y catas.","article_publisher":"https:\/\/www.facebook.com\/enoguia","article_modified_time":"2024-01-10T14:12:52+00:00","og_image":[{"width":1000,"height":511,"url":"https:\/\/enoguia.cat\/wp-content\/uploads\/2019\/11\/colet-visita-enoturisme-01.jpg","type":"image\/jpeg"}],"twitter_card":"summary_large_image","twitter_image":"https:\/\/enoguia.cat\/wp-content\/uploads\/2019\/11\/colet-visita-enoturisme-01.jpg","twitter_misc":{"Tiempo de lectura":"3 minutos"},"schema":{"@context":"https:\/\/schema.org","@graph":[{"@type":"WebPage","@id":"https:\/\/enoguia.cat\/es\/listings\/vinos-ecologicos-colet\/","url":"https:\/\/enoguia.cat\/es\/listings\/vinos-ecologicos-colet\/","name":"\u25b6 Vinos ecol\u00f3gicos Colet \u2022 DO Pened\u00e8s \u2022 Vilafranca del Pened\u00e8s","isPartOf":{"@id":"https:\/\/enoguia.cat\/es\/#website"},"datePublished":"2019-11-06T08:24:56+00:00","dateModified":"2024-01-10T14:12:52+00:00","description":"\u2b50 Vinos ecol\u00f3gicos Colet. Descubre una bodega familiar que produce de forma ecol\u00f3gica vinos y espumosos de calidad. \u2705 !Reserva ahora!","breadcrumb":{"@id":"https:\/\/enoguia.cat\/es\/listings\/vinos-ecologicos-colet\/#breadcrumb"},"inLanguage":"es","potentialAction":[{"@type":"ReadAction","target":["https:\/\/enoguia.cat\/es\/listings\/vinos-ecologicos-colet\/"]}]},{"@type":"BreadcrumbList","@id":"https:\/\/enoguia.cat\/es\/listings\/vinos-ecologicos-colet\/#breadcrumb","itemListElement":[{"@type":"ListItem","position":1,"name":"Inici","item":"https:\/\/enoguia.cat\/es\/donde-conseguir-la-guia-en-papel\/descubre-las-bodegas-que-te-rodean\/"},{"@type":"ListItem","position":2,"name":"Bodegas","item":"https:\/\/enoguia.cat\/es\/jobs\/"},{"@type":"ListItem","position":3,"name":"Bodega Colet"}]},{"@type":"WebSite","@id":"https:\/\/enoguia.cat\/es\/#website","url":"https:\/\/enoguia.cat\/es\/","name":"Descubre las bodegas que te rodean. Enoturismo y catas.","description":"Enoturismo y visita a bodegas con cata de vinos","publisher":{"@id":"https:\/\/enoguia.cat\/es\/#organization"},"potentialAction":[{"@type":"SearchAction","target":{"@type":"EntryPoint","urlTemplate":"https:\/\/enoguia.cat\/es\/?s={search_term_string}"},"query-input":"required name=search_term_string"}],"inLanguage":"es"},{"@type":"Organization","@id":"https:\/\/enoguia.cat\/es\/#organization","name":"Enoguia","url":"https:\/\/enoguia.cat\/es\/","sameAs":["https:\/\/www.instagram.com\/enoguia_wine_tourism\/","https:\/\/www.youtube.com\/channel\/UCf2tcJLd4dF_O4oxWZ_-kmg","https:\/\/www.facebook.com\/enoguia"],"logo":{"@type":"ImageObject","inLanguage":"es","@id":"https:\/\/enoguia.cat\/es\/#\/schema\/logo\/image\/","url":"http:\/\/enoguia.cat\/wp-content\/uploads\/2017\/05\/logo-enoguia.png","contentUrl":"http:\/\/enoguia.cat\/wp-content\/uploads\/2017\/05\/logo-enoguia.png","width":298,"height":103,"caption":"Enoguia"},"image":{"@id":"https:\/\/enoguia.cat\/es\/#\/schema\/logo\/image\/"}}]}},"_links":{"self":[{"href":"https:\/\/enoguia.cat\/es\/wp-json\/wp\/v2\/job-listings\/18186"}],"collection":[{"href":"https:\/\/enoguia.cat\/es\/wp-json\/wp\/v2\/job-listings"}],"about":[{"href":"https:\/\/enoguia.cat\/es\/wp-json\/wp\/v2\/types\/job_listing"}],"replies":[{"embeddable":true,"href":"https:\/\/enoguia.cat\/es\/wp-json\/wp\/v2\/comments?post=18186"}],"version-history":[{"count":3,"href":"https:\/\/enoguia.cat\/es\/wp-json\/wp\/v2\/job-listings\/18186\/revisions"}],"predecessor-version":[{"id":32929,"href":"https:\/\/enoguia.cat\/es\/wp-json\/wp\/v2\/job-listings\/18186\/revisions\/32929"}],"wp:featuredmedia":[{"embeddable":true,"href":"https:\/\/enoguia.cat\/es\/wp-json\/wp\/v2\/media\/18180"}],"wp:attachment":[{"href":"https:\/\/enoguia.cat\/es\/wp-json\/wp\/v2\/media?parent=18186"}],"wp:term":[{"taxonomy":"job_listing_category","embeddable":true,"href":"https:\/\/enoguia.cat\/es\/wp-json\/wp\/v2\/job-categories?post=18186"}],"curies":[{"name":"wp","href":"https:\/\/api.w.org\/{rel}","templated":true}]}}