{"id":18342,"date":"2019-11-25T10:15:48","date_gmt":"2019-11-25T08:15:48","guid":{"rendered":"http:\/\/enoguia.cat\/es\/listings\/padro-i-familia-vermouth-padro-co\/"},"modified":"2025-08-05T19:12:12","modified_gmt":"2025-08-05T17:12:12","slug":"la-casa-del-vermut-padro-brafim","status":"publish","type":"job_listing","link":"https:\/\/enoguia.cat\/es\/listings\/la-casa-del-vermut-padro-brafim\/","title":{"rendered":"Casa Vermouth Padr\u00f3"},"content":{"rendered":"<p><strong>Padr\u00f3 &amp; Co<\/strong> es tradici\u00f3n vin\u00edcola que se remonta a 1886 cuando la familia Padr\u00f3 ya vendia vinos, mistelas y aguardientes en carro por toda la provincia de Tarragona. Hoy, m\u00e1s de 130 a\u00f1os despu\u00e9s, la familia continua vinificando y te abre las puertas de la <strong>Casa Vermouth Padr\u00f3<\/strong>\u00a0para deleitarte con una visita que enriquecer\u00e1 tus sentidos, donde podr\u00e1s ver, tocar, oler y catar.<\/p>\n<p>Conocer\u00e1s un lugar cargado de historia y vivir\u00e1s una experiencia sensorial \u00fanica de primera mano, conociendo como se elabora un vermut de calidad: buen vino, mezclas de bot\u00e1nicos y c\u00edtricos, barricas a sol y serena, crianza, reposo&#8230; y el resultado lo podr\u00e1s comprobar tu mismo, degustando los vermuts de <strong>Padr\u00f3 &amp; Co<\/strong>.<\/p>\n<p>Y si necesitas un restaurante reserva en el <a href=\"https:\/\/gastrobotanic.com\/\"><strong>Gastro Bot\u00e0nic &amp; Co<\/strong><\/a>, el restaurante de Casa Padr\u00f3 situado a 300 metros llamando al 877 401 548.<\/p>\n<div class=\"page\" title=\"Page 1\">\n<div class=\"section\">\n<div class=\"layoutArea\">\n<div class=\"column\">\n<div class=\"page\" title=\"Page 1\">\n<div class=\"section\">\n<div class=\"layoutArea\">\n<div class=\"column\">\n<div class=\"page\" title=\"Page 1\">\n<div class=\"section\">\n<div class=\"layoutArea\">\n<div class=\"column\">\n<div class=\"page\" title=\"Page 1\">\n<div class=\"section\">\n<div class=\"layoutArea\">\n<div class=\"column\">\n<div class=\"page\" title=\"Page 1\">\n<div class=\"section\">\n<div class=\"layoutArea\">\n<div class=\"column\">\n<div class=\"page\" title=\"Page 1\">\n<div class=\"section\">\n<div class=\"layoutArea\">\n<div class=\"column\">\n<div class=\"page\" title=\"Page 1\">\n<div class=\"section\">\n<div class=\"layoutArea\">\n<div class=\"column\">\n<div class=\"page\" title=\"Page 1\">\n<div class=\"section\">\n<div class=\"layoutArea\">\n<div class=\"column\">\n<div class=\"page\" title=\"Page 1\">\n<div class=\"section\">\n<div class=\"layoutArea\">\n<div class=\"column\">\n<div class=\"page\" title=\"Page 1\">\n<div class=\"section\">\n<div class=\"layoutArea\">\n<div class=\"column\">\n<div class=\"page\" title=\"Page 1\">\n<div class=\"section\">\n<div class=\"layoutArea\">\n<div class=\"column\">\n<h2><strong style=\"color: inherit; font-family: inherit; font-size: inherit;\">Visitas y enoturismo en bodega Casa Vermouth Padr\u00f3<br \/>\n<\/strong><\/h2>\n<p><img style=\"color: inherit; font-family: inherit; font-size: inherit;\" src=\"http:\/\/enoguia.cat\/img\/icon_hora.png\" \/><\/p>\n<p><strong><a class=\"boton-ficha\" href=\"https:\/\/vermouthpadro.com\/es\/visita-casa-vermouth-padro-brafim\/\" target=\"_blank\" rel=\"noopener noreferrer\">&gt; Reservar<\/a><\/strong><\/p>\n<p>\u2022 Concertar Visita<br \/>\n<span style=\"color: inherit; font-family: inherit; font-size: inherit;\">\u2022 Lunes a domingo<br \/>\n\u2022 10:00 a 12:00 h.<br \/>\n\u2022 12:30 a 14:30 h.<br \/>\n<\/span><\/p>\n<p><span style=\"color: inherit; font-family: inherit; font-size: inherit;\"><img style=\"color: inherit; font-family: inherit; font-size: inherit;\" src=\"http:\/\/enoguia.cat\/img\/icon_message.png\" \/> CA \/ ES \/ EN \/ FR<br \/>\n<img style=\"color: inherit; font-family: inherit; font-size: inherit;\" src=\"http:\/\/enoguia.cat\/img\/icon_people.png\" \/> 2 m\u00edn &#8211; 20 m\u00e1x<\/span><\/p>\n<p><span style=\"color: inherit; font-family: inherit; font-size: inherit;\"><strong>Visita + cata 8 vermuts:<\/strong><\/span><\/p>\n<p data-start=\"83\" data-end=\"223\">\u2022 Tarifa est\u00e1ndar: 26 \u20ac<br data-start=\"106\" data-end=\"109\" \/>\u2022 Grupo +10 personas: 24 \u20ac<br data-start=\"135\" data-end=\"138\" \/>\u2022 Mayores de 65 a\u00f1os: 24 \u20ac<br data-start=\"164\" data-end=\"167\" \/>\u2022 Sin cata de vermuts: 20 \u20ac<br data-start=\"188\" data-end=\"191\" \/>\u2022 Menores (de 12 a 17 a\u00f1os): 10 \u20ac<\/p>\n<p data-start=\"225\" data-end=\"234\"><strong data-start=\"225\" data-end=\"234\">Notas<\/strong><\/p>\n<p data-start=\"236\" data-end=\"373\">\u2022 No se permite la entrada a menores de 12 a\u00f1os.<br data-start=\"284\" data-end=\"287\" \/>\u2022 No se permite el acceso con mascotas, excepto perros gu\u00eda debidamente identificados.<\/p>\n<h2><span style=\"color: inherit; font-family: inherit; font-size: inherit;\"><strong style=\"color: inherit; font-family: inherit; font-size: inherit;\">Vermuts de la bodega Casa Vermouth Padr\u00f3<br \/>\n<\/strong><\/span><\/h2>\n<ul>\n<li>Padr\u00f3 &amp; Co. Blanco Reserva<\/li>\n<li>Padr\u00f3 &amp; Co. Rojo Cl\u00e1sico<\/li>\n<li>Padr\u00f3 &amp; Co. Reserva Especial<\/li>\n<li>Padr\u00f3 &amp; Co. Dorado Amargo Suave<\/li>\n<li>Padr\u00f3 &amp; Co. Rojo Amargo<\/li>\n<li>Myrrha Blanco<\/li>\n<li>Myrrha Rojo<\/li>\n<li>Myrrha Rojo Reserva<\/li>\n<\/ul>\n<p><span style=\"color: inherit; font-family: inherit; font-size: inherit;\">&gt;&gt; Visita tambi\u00e9n <\/span><strong style=\"color: inherit; font-family: inherit; font-size: inherit;\"><a href=\"http:\/\/enoguia.cat\/es\/listings\/visita-bodega-cal-garriga-brafim\/\" target=\"_blank\" rel=\"noopener noreferrer\">Cal Garriga<\/a><br \/>\n<\/strong><span style=\"color: inherit; font-family: inherit; font-size: inherit;\">&gt;&gt; Conoce la <\/span><strong style=\"color: inherit; font-family: inherit; font-size: inherit;\"><a href=\"https:\/\/www.dotarragona.cat\/\" target=\"_blank\" rel=\"noopener noreferrer\">DO Tarragona<\/a><\/strong><\/p>\n<\/div>\n<\/div>\n<\/div>\n<\/div>\n<\/div>\n<\/div>\n<\/div>\n<\/div>\n<\/div>\n<\/div>\n<\/div>\n<\/div>\n<\/div>\n<\/div>\n<\/div>\n<\/div>\n<\/div>\n<\/div>\n<\/div>\n<\/div>\n<\/div>\n<\/div>\n<\/div>\n<\/div>\n<\/div>\n<\/div>\n<\/div>\n<\/div>\n<\/div>\n<\/div>\n<\/div>\n<\/div>\n<\/div>\n<\/div>\n<\/div>\n<\/div>\n<\/div>\n<\/div>\n<\/div>\n<\/div>\n<\/div>\n<\/div>\n<\/div>\n<\/div>\n","protected":false},"featured_media":18336,"comment_status":"open","ping_status":"closed","template":"","meta":{"_company_tagline":"","_job_location":"C. d'Avall, 17, 43812 Br\u00e0fim","_company_website":"http:\/\/www.vermouthpadro.com","_company_twitter":"","_filled":0,"_featured":0,"_joinchat":{"telephone":"+34619482121","message_text":"*\u00a1Hola! soy \u00d3scar...*\n\u00bfQuieres reservar en {TITLE}?\nDime para que d\u00eda."}},"job-categories":[298,648],"yoast_head":"<!-- This site is optimized with the Yoast SEO plugin v19.7.1 - https:\/\/yoast.com\/wordpress\/plugins\/seo\/ -->\n<title>Visita Bodega Padr\u00f3 i Familia \u2022 Padr\u00f3 i Familia - Vermouth Padr\u00f3 &amp; Co.<\/title>\n<meta name=\"description\" content=\"Visita Bodega Padr\u00f3 i Familia - Vermouth Padr\u00f3 &amp; Co. Conocer\u00e1s un lugar cargado de historia y vivir\u00e1s una experiencia \u00fanica. \u00a1Reserva ahora!\" \/>\n<meta name=\"robots\" content=\"index, follow, max-snippet:-1, max-image-preview:large, max-video-preview:-1\" \/>\n<link rel=\"canonical\" href=\"https:\/\/enoguia.cat\/es\/listings\/la-casa-del-vermut-padro-brafim\/\" \/>\n<meta property=\"og:locale\" content=\"es_ES\" \/>\n<meta property=\"og:type\" content=\"article\" \/>\n<meta property=\"og:title\" content=\"Visita Bodega Padr\u00f3 i Familia \u2022 Padr\u00f3 i Familia - Vermouth Padr\u00f3 &amp; Co.\" \/>\n<meta property=\"og:description\" content=\"Visita Bodega Padr\u00f3 i Familia - Vermouth Padr\u00f3 &amp; Co. Conocer\u00e1s un lugar cargado de historia y vivir\u00e1s una experiencia \u00fanica. \u00a1Reserva ahora!\" \/>\n<meta property=\"og:url\" content=\"https:\/\/enoguia.cat\/es\/listings\/la-casa-del-vermut-padro-brafim\/\" \/>\n<meta property=\"og:site_name\" content=\"Descubre las bodegas que te rodean. Enoturismo y catas.\" \/>\n<meta property=\"article:publisher\" content=\"https:\/\/www.facebook.com\/enoguia\" \/>\n<meta property=\"article:modified_time\" content=\"2025-08-05T17:12:12+00:00\" \/>\n<meta property=\"og:image\" content=\"https:\/\/enoguia.cat\/wp-content\/uploads\/2019\/11\/visita-casa-vins-i-padro-enoturisme-01.jpg\" \/>\n\t<meta property=\"og:image:width\" content=\"1000\" \/>\n\t<meta property=\"og:image:height\" content=\"511\" \/>\n\t<meta property=\"og:image:type\" content=\"image\/jpeg\" \/>\n<meta name=\"twitter:card\" content=\"summary_large_image\" \/>\n<meta name=\"twitter:image\" content=\"https:\/\/enoguia.cat\/wp-content\/uploads\/2019\/11\/visita-casa-vins-i-padro-enoturisme-01.jpg\" \/>\n<meta name=\"twitter:label1\" content=\"Tiempo de lectura\" \/>\n\t<meta name=\"twitter:data1\" content=\"3 minutos\" \/>\n<script type=\"application\/ld+json\" class=\"yoast-schema-graph\">{\"@context\":\"https:\/\/schema.org\",\"@graph\":[{\"@type\":\"WebPage\",\"@id\":\"https:\/\/enoguia.cat\/es\/listings\/la-casa-del-vermut-padro-brafim\/\",\"url\":\"https:\/\/enoguia.cat\/es\/listings\/la-casa-del-vermut-padro-brafim\/\",\"name\":\"Visita Bodega Padr\u00f3 i Familia \u2022 Padr\u00f3 i Familia - Vermouth Padr\u00f3 & Co.\",\"isPartOf\":{\"@id\":\"https:\/\/enoguia.cat\/es\/#website\"},\"datePublished\":\"2019-11-25T08:15:48+00:00\",\"dateModified\":\"2025-08-05T17:12:12+00:00\",\"description\":\"Visita Bodega Padr\u00f3 i Familia - Vermouth Padr\u00f3 & Co. Conocer\u00e1s un lugar cargado de historia y vivir\u00e1s una experiencia \u00fanica. \u00a1Reserva ahora!\",\"breadcrumb\":{\"@id\":\"https:\/\/enoguia.cat\/es\/listings\/la-casa-del-vermut-padro-brafim\/#breadcrumb\"},\"inLanguage\":\"es\",\"potentialAction\":[{\"@type\":\"ReadAction\",\"target\":[\"https:\/\/enoguia.cat\/es\/listings\/la-casa-del-vermut-padro-brafim\/\"]}]},{\"@type\":\"BreadcrumbList\",\"@id\":\"https:\/\/enoguia.cat\/es\/listings\/la-casa-del-vermut-padro-brafim\/#breadcrumb\",\"itemListElement\":[{\"@type\":\"ListItem\",\"position\":1,\"name\":\"Inici\",\"item\":\"https:\/\/enoguia.cat\/es\/donde-conseguir-la-guia-en-papel\/descubre-las-bodegas-que-te-rodean\/\"},{\"@type\":\"ListItem\",\"position\":2,\"name\":\"Bodegas\",\"item\":\"https:\/\/enoguia.cat\/es\/jobs\/\"},{\"@type\":\"ListItem\",\"position\":3,\"name\":\"Casa Vermouth Padr\u00f3\"}]},{\"@type\":\"WebSite\",\"@id\":\"https:\/\/enoguia.cat\/es\/#website\",\"url\":\"https:\/\/enoguia.cat\/es\/\",\"name\":\"Descubre las bodegas que te rodean. Enoturismo y catas.\",\"description\":\"Enoturismo y visita a bodegas con cata de vinos\",\"publisher\":{\"@id\":\"https:\/\/enoguia.cat\/es\/#organization\"},\"potentialAction\":[{\"@type\":\"SearchAction\",\"target\":{\"@type\":\"EntryPoint\",\"urlTemplate\":\"https:\/\/enoguia.cat\/es\/?s={search_term_string}\"},\"query-input\":\"required name=search_term_string\"}],\"inLanguage\":\"es\"},{\"@type\":\"Organization\",\"@id\":\"https:\/\/enoguia.cat\/es\/#organization\",\"name\":\"Enoguia\",\"url\":\"https:\/\/enoguia.cat\/es\/\",\"sameAs\":[\"https:\/\/www.instagram.com\/enoguia_wine_tourism\/\",\"https:\/\/www.youtube.com\/channel\/UCf2tcJLd4dF_O4oxWZ_-kmg\",\"https:\/\/www.facebook.com\/enoguia\"],\"logo\":{\"@type\":\"ImageObject\",\"inLanguage\":\"es\",\"@id\":\"https:\/\/enoguia.cat\/es\/#\/schema\/logo\/image\/\",\"url\":\"http:\/\/enoguia.cat\/wp-content\/uploads\/2017\/05\/logo-enoguia.png\",\"contentUrl\":\"http:\/\/enoguia.cat\/wp-content\/uploads\/2017\/05\/logo-enoguia.png\",\"width\":298,\"height\":103,\"caption\":\"Enoguia\"},\"image\":{\"@id\":\"https:\/\/enoguia.cat\/es\/#\/schema\/logo\/image\/\"}}]}<\/script>\n<!-- \/ Yoast SEO plugin. -->","yoast_head_json":{"title":"Visita Bodega Padr\u00f3 i Familia \u2022 Padr\u00f3 i Familia - Vermouth Padr\u00f3 & Co.","description":"Visita Bodega Padr\u00f3 i Familia - Vermouth Padr\u00f3 & Co. Conocer\u00e1s un lugar cargado de historia y vivir\u00e1s una experiencia \u00fanica. \u00a1Reserva ahora!","robots":{"index":"index","follow":"follow","max-snippet":"max-snippet:-1","max-image-preview":"max-image-preview:large","max-video-preview":"max-video-preview:-1"},"canonical":"https:\/\/enoguia.cat\/es\/listings\/la-casa-del-vermut-padro-brafim\/","og_locale":"es_ES","og_type":"article","og_title":"Visita Bodega Padr\u00f3 i Familia \u2022 Padr\u00f3 i Familia - Vermouth Padr\u00f3 & Co.","og_description":"Visita Bodega Padr\u00f3 i Familia - Vermouth Padr\u00f3 & Co. Conocer\u00e1s un lugar cargado de historia y vivir\u00e1s una experiencia \u00fanica. \u00a1Reserva ahora!","og_url":"https:\/\/enoguia.cat\/es\/listings\/la-casa-del-vermut-padro-brafim\/","og_site_name":"Descubre las bodegas que te rodean. Enoturismo y catas.","article_publisher":"https:\/\/www.facebook.com\/enoguia","article_modified_time":"2025-08-05T17:12:12+00:00","og_image":[{"width":1000,"height":511,"url":"https:\/\/enoguia.cat\/wp-content\/uploads\/2019\/11\/visita-casa-vins-i-padro-enoturisme-01.jpg","type":"image\/jpeg"}],"twitter_card":"summary_large_image","twitter_image":"https:\/\/enoguia.cat\/wp-content\/uploads\/2019\/11\/visita-casa-vins-i-padro-enoturisme-01.jpg","twitter_misc":{"Tiempo de lectura":"3 minutos"},"schema":{"@context":"https:\/\/schema.org","@graph":[{"@type":"WebPage","@id":"https:\/\/enoguia.cat\/es\/listings\/la-casa-del-vermut-padro-brafim\/","url":"https:\/\/enoguia.cat\/es\/listings\/la-casa-del-vermut-padro-brafim\/","name":"Visita Bodega Padr\u00f3 i Familia \u2022 Padr\u00f3 i Familia - Vermouth Padr\u00f3 & Co.","isPartOf":{"@id":"https:\/\/enoguia.cat\/es\/#website"},"datePublished":"2019-11-25T08:15:48+00:00","dateModified":"2025-08-05T17:12:12+00:00","description":"Visita Bodega Padr\u00f3 i Familia - Vermouth Padr\u00f3 & Co. Conocer\u00e1s un lugar cargado de historia y vivir\u00e1s una experiencia \u00fanica. \u00a1Reserva ahora!","breadcrumb":{"@id":"https:\/\/enoguia.cat\/es\/listings\/la-casa-del-vermut-padro-brafim\/#breadcrumb"},"inLanguage":"es","potentialAction":[{"@type":"ReadAction","target":["https:\/\/enoguia.cat\/es\/listings\/la-casa-del-vermut-padro-brafim\/"]}]},{"@type":"BreadcrumbList","@id":"https:\/\/enoguia.cat\/es\/listings\/la-casa-del-vermut-padro-brafim\/#breadcrumb","itemListElement":[{"@type":"ListItem","position":1,"name":"Inici","item":"https:\/\/enoguia.cat\/es\/donde-conseguir-la-guia-en-papel\/descubre-las-bodegas-que-te-rodean\/"},{"@type":"ListItem","position":2,"name":"Bodegas","item":"https:\/\/enoguia.cat\/es\/jobs\/"},{"@type":"ListItem","position":3,"name":"Casa Vermouth Padr\u00f3"}]},{"@type":"WebSite","@id":"https:\/\/enoguia.cat\/es\/#website","url":"https:\/\/enoguia.cat\/es\/","name":"Descubre las bodegas que te rodean. Enoturismo y catas.","description":"Enoturismo y visita a bodegas con cata de vinos","publisher":{"@id":"https:\/\/enoguia.cat\/es\/#organization"},"potentialAction":[{"@type":"SearchAction","target":{"@type":"EntryPoint","urlTemplate":"https:\/\/enoguia.cat\/es\/?s={search_term_string}"},"query-input":"required name=search_term_string"}],"inLanguage":"es"},{"@type":"Organization","@id":"https:\/\/enoguia.cat\/es\/#organization","name":"Enoguia","url":"https:\/\/enoguia.cat\/es\/","sameAs":["https:\/\/www.instagram.com\/enoguia_wine_tourism\/","https:\/\/www.youtube.com\/channel\/UCf2tcJLd4dF_O4oxWZ_-kmg","https:\/\/www.facebook.com\/enoguia"],"logo":{"@type":"ImageObject","inLanguage":"es","@id":"https:\/\/enoguia.cat\/es\/#\/schema\/logo\/image\/","url":"http:\/\/enoguia.cat\/wp-content\/uploads\/2017\/05\/logo-enoguia.png","contentUrl":"http:\/\/enoguia.cat\/wp-content\/uploads\/2017\/05\/logo-enoguia.png","width":298,"height":103,"caption":"Enoguia"},"image":{"@id":"https:\/\/enoguia.cat\/es\/#\/schema\/logo\/image\/"}}]}},"_links":{"self":[{"href":"https:\/\/enoguia.cat\/es\/wp-json\/wp\/v2\/job-listings\/18342"}],"collection":[{"href":"https:\/\/enoguia.cat\/es\/wp-json\/wp\/v2\/job-listings"}],"about":[{"href":"https:\/\/enoguia.cat\/es\/wp-json\/wp\/v2\/types\/job_listing"}],"replies":[{"embeddable":true,"href":"https:\/\/enoguia.cat\/es\/wp-json\/wp\/v2\/comments?post=18342"}],"version-history":[{"count":7,"href":"https:\/\/enoguia.cat\/es\/wp-json\/wp\/v2\/job-listings\/18342\/revisions"}],"predecessor-version":[{"id":407957,"href":"https:\/\/enoguia.cat\/es\/wp-json\/wp\/v2\/job-listings\/18342\/revisions\/407957"}],"wp:featuredmedia":[{"embeddable":true,"href":"https:\/\/enoguia.cat\/es\/wp-json\/wp\/v2\/media\/18336"}],"wp:attachment":[{"href":"https:\/\/enoguia.cat\/es\/wp-json\/wp\/v2\/media?parent=18342"}],"wp:term":[{"taxonomy":"job_listing_category","embeddable":true,"href":"https:\/\/enoguia.cat\/es\/wp-json\/wp\/v2\/job-categories?post=18342"}],"curies":[{"name":"wp","href":"https:\/\/api.w.org\/{rel}","templated":true}]}}