{"id":19813,"date":"2020-03-08T09:47:45","date_gmt":"2020-03-08T07:47:45","guid":{"rendered":"http:\/\/enoguia.cat\/?post_type=job_listing&#038;p=19813"},"modified":"2021-10-20T10:38:18","modified_gmt":"2021-10-20T08:38:18","slug":"ruta-de-la-piedra-seca-de-masroig-montsant-priorat-enoturismo","status":"publish","type":"job_listing","link":"https:\/\/enoguia.cat\/es\/listings\/ruta-de-la-piedra-seca-de-masroig-montsant-priorat-enoturismo\/","title":{"rendered":"Ruta de la Piedra Seca de Masroig"},"content":{"rendered":"<div class=\"ficha-ruta\">\n<div class=\"fila-ficha-ruta\"><strong class=\"subtitulo1\"><img src=\"http:\/\/enoguia.cat\/img\/tiempo.png\" \/>\u00a0Tiempo:<\/strong><span class=\"subtitulo2\">\u00a02:00h + 1:30h (visita y cata)<br \/>\n<\/span><\/div>\n<div class=\"fila-ficha-ruta\"><strong class=\"subtitulo1\"><img src=\"http:\/\/enoguia.cat\/img\/distancia.png\" \/>\u00a0<\/strong><strong>Distancia:<\/strong><span class=\"subtitulo2\">\u00a06 km (ida y vuelta)<\/span><\/div>\n<div class=\"fila-ficha-ruta\"><strong class=\"subtitulo1\"><img src=\"http:\/\/enoguia.cat\/img\/facil.png\" \/>\u00a0<\/strong><strong>Dificultad:\u00a0<\/strong><span class=\"subtitulo2\">Baja<\/span><\/div>\n<div class=\"fila-ficha-ruta\"><strong class=\"subtitulo1\"><img src=\"http:\/\/enoguia.cat\/img\/desnivell.png\" \/>\u00a0<\/strong><strong>Desnivel:\u00a0<\/strong><span class=\"subtitulo2\">130 m<\/span><\/div>\n<\/div>\n<p><!-- .ficha-ruta --><br \/>\n<span class=\"alignnone\"><img loading=\"lazy\" class=\"alignnone size-full wp-image-15745\" src=\"http:\/\/enoguia.cat\/wp-content\/uploads\/2018\/03\/Plano-enoguia-e1520866788632.png\" alt=\"Plano-enoguia\" width=\"65\" height=\"54\" \/><\/span> \u00a0<a href=\"https:\/\/es.wikiloc.com\/rutas-a-pie\/ruta-de-les-barraques-de-el-masroig-47540180\" target=\"_blank\" rel=\"noopener noreferrer\" class=\"broken_link\"><strong><span class=\"subtitulo2\"> Ver ruta y track GPS<\/span><\/strong><\/a><\/p>\n<p><span style=\"color: #808080;\"><em><span class=\"cuerpo-resumen\"><span style=\"color: #333333;\"><i class=\"fa fa-arrow-circle-right fa- \" ><\/i><\/span> Masroig\u00a0<span style=\"color: #333333;\"><i class=\"fa fa-arrow-circle-right fa- \" ><\/i><\/span> Visita Bodega Masroig <span style=\"color: #333333;\"><i class=\"fa fa-arrow-circle-right fa- \" ><\/i><\/span> Ruta de la Pedra Seca <span style=\"color: #333333;\"><i class=\"fa fa-arrow-circle-right fa- \" ><\/i><\/span> Comida <span style=\"color: #333333;\"><i class=\"fa fa-arrow-circle-right fa- \" ><\/i><\/span> Masroig<\/span><\/em><\/span><\/p>\n<p>La ruta de la piedra seca de Masroig nos permitir\u00e1 descubrir una serie de barracas (chozos) que antiguamente los payeses de la zona utilizaban para refugiarse de las tormentas, del fr\u00edo del invierno y del calor del verano.<\/p>\n<p>Pasearemos c\u00f3modamente entre m\u00e1rgenes de piedra seca perfectamente alineados y observaremos como las barracas se aguantan sin necesidad de usar ning\u00fan tipo de argamasa ni cemento, solo el perfecto equilibrio de fuerzas y unas manos expertas las mantienen en pie.<\/p>\n<div class=\"jetpack-video-wrapper\"><iframe loading=\"lazy\" title=\"Ruta Piedra Seca Masroig - DO Montsant - Enoturismo - Celler Masroig\" width=\"1050\" height=\"591\" src=\"https:\/\/www.youtube.com\/embed\/OVCyJ5baEmo?feature=oembed\" frameborder=\"0\" allow=\"accelerometer; autoplay; clipboard-write; encrypted-media; gyroscope; picture-in-picture\" allowfullscreen><\/iframe><\/div>\n<p>Nuestra ruta coincide con el <strong>Cam\u00ed Ral del Masroig a Falset\u00a0<\/strong>por el collado de la Falsetana, un antiguo camino usado por los habitantes de la comarca para desplazarse entre ambos pueblos.<\/p>\n<p>Antes o despu\u00e9s de la ruta, podemos visitar\u00a0<a href=\"http:\/\/enoguia.cat\/es\/listings\/escapada-enologica-masroig-celler-masroig\/\" target=\"_blank\" rel=\"noopener noreferrer\"><strong>Celler Masroig<\/strong><\/a> y conocer la filosof\u00eda de una bodega fundada el a\u00f1o 1917. Un plan perfecto para descubrir el paisaje y los vinos del Montsant.<\/p>\n<h2><strong style=\"color: inherit; font-family: inherit; font-size: inherit;\">Ruta de la Pedra Seca de Masroig<\/strong><\/h2>\n<p><span style=\"color: #ff6600;\"><strong style=\"font-family: inherit; font-size: inherit;\">00&#8242;.<\/strong><\/span><span style=\"color: inherit; font-family: inherit; font-size: inherit;\">\u00a0Empezamos la Ruta de la Piedra Seca caminando desde el edificio de la bodega, atravesando el parking para autocaravanas donde podemos tomar agua para nuestra ruta. Cruzamos la <strong>carretera T-734<\/strong> y en pocos metros giramos a la derecha.\u00a0<\/span><\/p>\n<div class=\"contenido-ruta\">\n<p><strong style=\"color: inherit; font-family: inherit; font-size: inherit;\"><span style=\"color: #ff6600;\">5&#8242;.<\/span>\u00a0<\/strong><span style=\"color: inherit; font-family: inherit; font-size: inherit;\">\u00a0Primer palo indicador.\u00a0Desde este punto seguiremos durante toda nuestra ruta las marcas amarillas que indican el sendero, direcci\u00f3n el <strong>Coll de la Falsetana<\/strong>, dejando a nuestra izquierda el camino que lleva hacia la Ermita de les Pinyeres.<\/span><\/p>\n<p><span style=\"color: #ff6600;\"><strong>30&#8242;. <\/strong><\/span><strong style=\"color: inherit; font-family: inherit; font-size: inherit;\">Barraca del Cal Josep\u00f3<\/strong><span style=\"color: inherit; font-family: inherit; font-size: inherit;\">. La primera de las construcciones que encontraremos. Con forma circular y en perfecto estado de conservaci\u00f3n.<\/span><\/p>\n<p><span style=\"color: #ff6600;\"><strong>35&#8242;. <\/strong><\/span><span style=\"color: inherit; font-family: inherit; font-size: inherit;\">Continuamos por la pista y en s\u00f3lo 500 metros nos desviamos del camino hacia la derecha para ver la <\/span><strong style=\"color: inherit; font-family: inherit; font-size: inherit;\">Barraca del Jaume &#8216;el Xalet&#8217;<\/strong><span style=\"color: inherit; font-family: inherit; font-size: inherit;\">. Como curiosidad, esta construcci\u00f3n consta de paravientos en la puerta de acceso para evitar los vientos m\u00e1s habituales en la zona: el poniente y el levante. Tambi\u00e9n podemos ver los restos de lo que podr\u00eda ser un peque\u00f1o corral o similar.<\/span><\/p>\n<p><span style=\"color: #ff6600;\"><strong>45&#8242;. <\/strong><\/span><span style=\"color: inherit; font-family: inherit; font-size: inherit;\">Volvemos al camino y en aproximadamente 600 metros llegaremos a un cruce. Nos desviamos hacia la izquierda, al fondo vemos ya las construcciones del<\/span><strong style=\"color: inherit; font-family: inherit; font-size: inherit;\">\u00a0Joan de Cal Quimet<\/strong><span style=\"color: inherit; font-family: inherit; font-size: inherit;\">. El chozo grande posee una puerta con un arco apuntado y es de gruesas paredes para protegerse m\u00e1s efectivamente del fr\u00edo o del calor. El otro chozo, es m\u00e1s peque\u00f1o y serv\u00eda como almac\u00e9n, por eso su puerta es m\u00e1s ancha. Decidimos comer aqu\u00ed.<\/span><\/p>\n<p><strong style=\"color: #ff6600; font-family: inherit; font-size: inherit;\">1h. <\/strong><span style=\"color: #000000;\">Una vez en el camino principal, seguiremos avanzando para llegar a una bifurcaci\u00f3n donde seguiremos por la izquierda, dejando la pista principal. El camino se vuelve sendero y en ascenso llegaremos al <strong>Collado de la Falsetana<\/strong>, donde a la derecha, entre un bosque de pinos, encontraremos el \u00faltimo chozo construido en piedra seca: la <strong>barraca del Coll de la Falsetana<\/strong>.\u00a0<\/span><\/p>\n<p><span style=\"color: inherit; font-family: inherit; font-size: inherit;\">Si seguimos unos metros m\u00e1s llegamos al collado que nos ofrece unas buenas vistas sobre Falset y toda la comarca. El Cam\u00ed Ral ahora inicia el descenso y nosotros volveremos a Masroig por el mismo camino.<\/span><\/p>\n<p><em style=\"color: inherit; font-family: inherit; font-size: inherit;\"><strong>Nota:<\/strong> los tiempos siempre son aproximados. Realizar la salida solo o con un grupo puede alterar mucho los tiempos parciales y el total final.<\/em><\/p>\n<\/div>\n<div class=\"contenido-ruta\">\n<hr \/>\n<p style=\"text-align: center;\"><img loading=\"lazy\" class=\"wp-image-15723\" src=\"http:\/\/enoguia.cat\/wp-content\/uploads\/2018\/03\/Vins-i-camins-enoguia.png\" alt=\"Vins-i-camins-enoguia\" width=\"260\" height=\"135\" srcset=\"https:\/\/enoguia.cat\/wp-content\/uploads\/2018\/03\/Vins-i-camins-enoguia.png 381w, https:\/\/enoguia.cat\/wp-content\/uploads\/2018\/03\/Vins-i-camins-enoguia-300x156.png 300w\" sizes=\"(max-width: 260px) 100vw, 260px\" \/><span style=\"color: inherit; font-family: inherit; font-size: inherit;\"><br \/>\nSi quieres\u00a0<strong>disfrutar <\/strong>de la\u00a0<strong>naturaleza<\/strong> y conocer nuestras\u00a0<strong>bodegas<\/strong><\/span><span style=\"color: inherit; font-family: inherit; font-size: inherit;\">&#8230;<br \/>\n<\/span><strong style=\"color: inherit; font-family: inherit; font-size: inherit;\">\u00a1Este es el camino!<\/strong><\/p>\n<\/div>\n<p style=\"text-align: center;\"><i class=\"fa fa-envelope fa- \" ><\/i>\u00a0<a href=\"https:\/\/vins-i-camins.enoguia.cat\/vins_i_camins_apuntat.php\" class=\"broken_link\"><strong>Ap\u00fantate al pr\u00f3ximo Vinos y Caminos<\/strong><\/a><\/p>\n<p style=\"text-align: center;\">\n","protected":false},"featured_media":19827,"comment_status":"open","ping_status":"closed","template":"","meta":{"_company_tagline":"Por el Cam\u00ed Ral del Masroig a Falset","_job_location":"El Masroig","_company_website":"","_company_twitter":"","_filled":0,"_featured":0,"_joinchat":[]},"job-categories":[296,314,424],"yoast_head":"<!-- This site is optimized with the Yoast SEO plugin v19.7.1 - https:\/\/yoast.com\/wordpress\/plugins\/seo\/ -->\n<title>\u25b7 Ruta de la piedra seca \u2022 El Masroig \u2022 DO Montsant<\/title>\n<meta name=\"description\" content=\"\u2705 La ruta de la piedra seca de Masroig, f\u00e1cil e ideal para realizar con ni\u00f1os. \u2665\ufe0f Descubre las barracas (chozos). Visita celler Masroig.\" \/>\n<meta name=\"robots\" content=\"index, follow, max-snippet:-1, max-image-preview:large, max-video-preview:-1\" \/>\n<link rel=\"canonical\" href=\"https:\/\/enoguia.cat\/es\/listings\/ruta-de-la-piedra-seca-de-masroig-montsant-priorat-enoturismo\/\" \/>\n<meta property=\"og:locale\" content=\"es_ES\" \/>\n<meta property=\"og:type\" content=\"article\" \/>\n<meta property=\"og:title\" content=\"\u25b7 Ruta de la piedra seca \u2022 El Masroig \u2022 DO Montsant\" \/>\n<meta property=\"og:description\" content=\"\u2705 La ruta de la piedra seca de Masroig, f\u00e1cil e ideal para realizar con ni\u00f1os. \u2665\ufe0f Descubre las barracas (chozos). Visita celler Masroig.\" \/>\n<meta property=\"og:url\" content=\"https:\/\/enoguia.cat\/es\/listings\/ruta-de-la-piedra-seca-de-masroig-montsant-priorat-enoturismo\/\" \/>\n<meta property=\"og:site_name\" content=\"Descubre las bodegas que te rodean. Enoturismo y catas.\" \/>\n<meta property=\"article:publisher\" content=\"https:\/\/www.facebook.com\/enoguia\" \/>\n<meta property=\"article:modified_time\" content=\"2021-10-20T08:38:18+00:00\" \/>\n<meta property=\"og:image\" content=\"https:\/\/enoguia.cat\/wp-content\/uploads\/2020\/03\/DO-Montsant-Celler-Masroig-ruta-pedra-seca-02-1.jpg\" \/>\n\t<meta property=\"og:image:width\" content=\"1000\" \/>\n\t<meta property=\"og:image:height\" content=\"511\" \/>\n\t<meta property=\"og:image:type\" content=\"image\/jpeg\" \/>\n<meta name=\"twitter:card\" content=\"summary_large_image\" \/>\n<meta name=\"twitter:label1\" content=\"Tiempo de lectura\" \/>\n\t<meta name=\"twitter:data1\" content=\"4 minutos\" \/>\n<script type=\"application\/ld+json\" class=\"yoast-schema-graph\">{\"@context\":\"https:\/\/schema.org\",\"@graph\":[{\"@type\":\"WebPage\",\"@id\":\"https:\/\/enoguia.cat\/es\/listings\/ruta-de-la-piedra-seca-de-masroig-montsant-priorat-enoturismo\/\",\"url\":\"https:\/\/enoguia.cat\/es\/listings\/ruta-de-la-piedra-seca-de-masroig-montsant-priorat-enoturismo\/\",\"name\":\"\u25b7 Ruta de la piedra seca \u2022 El Masroig \u2022 DO Montsant\",\"isPartOf\":{\"@id\":\"https:\/\/enoguia.cat\/es\/#website\"},\"datePublished\":\"2020-03-08T07:47:45+00:00\",\"dateModified\":\"2021-10-20T08:38:18+00:00\",\"description\":\"\u2705 La ruta de la piedra seca de Masroig, f\u00e1cil e ideal para realizar con ni\u00f1os. \u2665\ufe0f Descubre las barracas (chozos). Visita celler Masroig.\",\"breadcrumb\":{\"@id\":\"https:\/\/enoguia.cat\/es\/listings\/ruta-de-la-piedra-seca-de-masroig-montsant-priorat-enoturismo\/#breadcrumb\"},\"inLanguage\":\"es\",\"potentialAction\":[{\"@type\":\"ReadAction\",\"target\":[\"https:\/\/enoguia.cat\/es\/listings\/ruta-de-la-piedra-seca-de-masroig-montsant-priorat-enoturismo\/\"]}]},{\"@type\":\"BreadcrumbList\",\"@id\":\"https:\/\/enoguia.cat\/es\/listings\/ruta-de-la-piedra-seca-de-masroig-montsant-priorat-enoturismo\/#breadcrumb\",\"itemListElement\":[{\"@type\":\"ListItem\",\"position\":1,\"name\":\"Inici\",\"item\":\"https:\/\/enoguia.cat\/es\/donde-conseguir-la-guia-en-papel\/descubre-las-bodegas-que-te-rodean\/\"},{\"@type\":\"ListItem\",\"position\":2,\"name\":\"Bodegas\",\"item\":\"https:\/\/enoguia.cat\/es\/jobs\/\"},{\"@type\":\"ListItem\",\"position\":3,\"name\":\"Ruta de la Piedra Seca de Masroig\"}]},{\"@type\":\"WebSite\",\"@id\":\"https:\/\/enoguia.cat\/es\/#website\",\"url\":\"https:\/\/enoguia.cat\/es\/\",\"name\":\"Descubre las bodegas que te rodean. Enoturismo y catas.\",\"description\":\"Enoturismo y visita a bodegas con cata de vinos\",\"publisher\":{\"@id\":\"https:\/\/enoguia.cat\/es\/#organization\"},\"potentialAction\":[{\"@type\":\"SearchAction\",\"target\":{\"@type\":\"EntryPoint\",\"urlTemplate\":\"https:\/\/enoguia.cat\/es\/?s={search_term_string}\"},\"query-input\":\"required name=search_term_string\"}],\"inLanguage\":\"es\"},{\"@type\":\"Organization\",\"@id\":\"https:\/\/enoguia.cat\/es\/#organization\",\"name\":\"Enoguia\",\"url\":\"https:\/\/enoguia.cat\/es\/\",\"sameAs\":[\"https:\/\/www.instagram.com\/enoguia_wine_tourism\/\",\"https:\/\/www.youtube.com\/channel\/UCf2tcJLd4dF_O4oxWZ_-kmg\",\"https:\/\/www.facebook.com\/enoguia\"],\"logo\":{\"@type\":\"ImageObject\",\"inLanguage\":\"es\",\"@id\":\"https:\/\/enoguia.cat\/es\/#\/schema\/logo\/image\/\",\"url\":\"http:\/\/enoguia.cat\/wp-content\/uploads\/2017\/05\/logo-enoguia.png\",\"contentUrl\":\"http:\/\/enoguia.cat\/wp-content\/uploads\/2017\/05\/logo-enoguia.png\",\"width\":298,\"height\":103,\"caption\":\"Enoguia\"},\"image\":{\"@id\":\"https:\/\/enoguia.cat\/es\/#\/schema\/logo\/image\/\"}}]}<\/script>\n<!-- \/ Yoast SEO plugin. -->","yoast_head_json":{"title":"\u25b7 Ruta de la piedra seca \u2022 El Masroig \u2022 DO Montsant","description":"\u2705 La ruta de la piedra seca de Masroig, f\u00e1cil e ideal para realizar con ni\u00f1os. \u2665\ufe0f Descubre las barracas (chozos). Visita celler Masroig.","robots":{"index":"index","follow":"follow","max-snippet":"max-snippet:-1","max-image-preview":"max-image-preview:large","max-video-preview":"max-video-preview:-1"},"canonical":"https:\/\/enoguia.cat\/es\/listings\/ruta-de-la-piedra-seca-de-masroig-montsant-priorat-enoturismo\/","og_locale":"es_ES","og_type":"article","og_title":"\u25b7 Ruta de la piedra seca \u2022 El Masroig \u2022 DO Montsant","og_description":"\u2705 La ruta de la piedra seca de Masroig, f\u00e1cil e ideal para realizar con ni\u00f1os. \u2665\ufe0f Descubre las barracas (chozos). Visita celler Masroig.","og_url":"https:\/\/enoguia.cat\/es\/listings\/ruta-de-la-piedra-seca-de-masroig-montsant-priorat-enoturismo\/","og_site_name":"Descubre las bodegas que te rodean. Enoturismo y catas.","article_publisher":"https:\/\/www.facebook.com\/enoguia","article_modified_time":"2021-10-20T08:38:18+00:00","og_image":[{"width":1000,"height":511,"url":"https:\/\/enoguia.cat\/wp-content\/uploads\/2020\/03\/DO-Montsant-Celler-Masroig-ruta-pedra-seca-02-1.jpg","type":"image\/jpeg"}],"twitter_card":"summary_large_image","twitter_misc":{"Tiempo de lectura":"4 minutos"},"schema":{"@context":"https:\/\/schema.org","@graph":[{"@type":"WebPage","@id":"https:\/\/enoguia.cat\/es\/listings\/ruta-de-la-piedra-seca-de-masroig-montsant-priorat-enoturismo\/","url":"https:\/\/enoguia.cat\/es\/listings\/ruta-de-la-piedra-seca-de-masroig-montsant-priorat-enoturismo\/","name":"\u25b7 Ruta de la piedra seca \u2022 El Masroig \u2022 DO Montsant","isPartOf":{"@id":"https:\/\/enoguia.cat\/es\/#website"},"datePublished":"2020-03-08T07:47:45+00:00","dateModified":"2021-10-20T08:38:18+00:00","description":"\u2705 La ruta de la piedra seca de Masroig, f\u00e1cil e ideal para realizar con ni\u00f1os. \u2665\ufe0f Descubre las barracas (chozos). Visita celler Masroig.","breadcrumb":{"@id":"https:\/\/enoguia.cat\/es\/listings\/ruta-de-la-piedra-seca-de-masroig-montsant-priorat-enoturismo\/#breadcrumb"},"inLanguage":"es","potentialAction":[{"@type":"ReadAction","target":["https:\/\/enoguia.cat\/es\/listings\/ruta-de-la-piedra-seca-de-masroig-montsant-priorat-enoturismo\/"]}]},{"@type":"BreadcrumbList","@id":"https:\/\/enoguia.cat\/es\/listings\/ruta-de-la-piedra-seca-de-masroig-montsant-priorat-enoturismo\/#breadcrumb","itemListElement":[{"@type":"ListItem","position":1,"name":"Inici","item":"https:\/\/enoguia.cat\/es\/donde-conseguir-la-guia-en-papel\/descubre-las-bodegas-que-te-rodean\/"},{"@type":"ListItem","position":2,"name":"Bodegas","item":"https:\/\/enoguia.cat\/es\/jobs\/"},{"@type":"ListItem","position":3,"name":"Ruta de la Piedra Seca de Masroig"}]},{"@type":"WebSite","@id":"https:\/\/enoguia.cat\/es\/#website","url":"https:\/\/enoguia.cat\/es\/","name":"Descubre las bodegas que te rodean. Enoturismo y catas.","description":"Enoturismo y visita a bodegas con cata de vinos","publisher":{"@id":"https:\/\/enoguia.cat\/es\/#organization"},"potentialAction":[{"@type":"SearchAction","target":{"@type":"EntryPoint","urlTemplate":"https:\/\/enoguia.cat\/es\/?s={search_term_string}"},"query-input":"required name=search_term_string"}],"inLanguage":"es"},{"@type":"Organization","@id":"https:\/\/enoguia.cat\/es\/#organization","name":"Enoguia","url":"https:\/\/enoguia.cat\/es\/","sameAs":["https:\/\/www.instagram.com\/enoguia_wine_tourism\/","https:\/\/www.youtube.com\/channel\/UCf2tcJLd4dF_O4oxWZ_-kmg","https:\/\/www.facebook.com\/enoguia"],"logo":{"@type":"ImageObject","inLanguage":"es","@id":"https:\/\/enoguia.cat\/es\/#\/schema\/logo\/image\/","url":"http:\/\/enoguia.cat\/wp-content\/uploads\/2017\/05\/logo-enoguia.png","contentUrl":"http:\/\/enoguia.cat\/wp-content\/uploads\/2017\/05\/logo-enoguia.png","width":298,"height":103,"caption":"Enoguia"},"image":{"@id":"https:\/\/enoguia.cat\/es\/#\/schema\/logo\/image\/"}}]}},"_links":{"self":[{"href":"https:\/\/enoguia.cat\/es\/wp-json\/wp\/v2\/job-listings\/19813"}],"collection":[{"href":"https:\/\/enoguia.cat\/es\/wp-json\/wp\/v2\/job-listings"}],"about":[{"href":"https:\/\/enoguia.cat\/es\/wp-json\/wp\/v2\/types\/job_listing"}],"replies":[{"embeddable":true,"href":"https:\/\/enoguia.cat\/es\/wp-json\/wp\/v2\/comments?post=19813"}],"version-history":[{"count":2,"href":"https:\/\/enoguia.cat\/es\/wp-json\/wp\/v2\/job-listings\/19813\/revisions"}],"predecessor-version":[{"id":25794,"href":"https:\/\/enoguia.cat\/es\/wp-json\/wp\/v2\/job-listings\/19813\/revisions\/25794"}],"wp:featuredmedia":[{"embeddable":true,"href":"https:\/\/enoguia.cat\/es\/wp-json\/wp\/v2\/media\/19827"}],"wp:attachment":[{"href":"https:\/\/enoguia.cat\/es\/wp-json\/wp\/v2\/media?parent=19813"}],"wp:term":[{"taxonomy":"job_listing_category","embeddable":true,"href":"https:\/\/enoguia.cat\/es\/wp-json\/wp\/v2\/job-categories?post=19813"}],"curies":[{"name":"wp","href":"https:\/\/api.w.org\/{rel}","templated":true}]}}